{"version":"1.0","provider_name":"Av. Deniz Can K\u0131z\u0131l","provider_url":"https:\/\/denizcankizil.tr\/uk","author_name":"Av. Deniz Can K\u0131z\u0131l","author_url":"https:\/\/denizcankizil.tr\/uk","title":"Akarca Kamu Ba\u015fdenet\u00e7isi oldu","type":"rich","width":600,"height":338,"html":"<blockquote class=\"wp-embedded-content\" data-secret=\"PpqDZtX72O\"><a href=\"https:\/\/denizcankizil.tr\/uk\/haberler\/gundem\/akarca-kamu-basdenetcisi-oldu\/\">Akarca Kamu Ba\u015fdenet\u00e7isi oldu<\/a><\/blockquote><iframe sandbox=\"allow-scripts\" security=\"restricted\" src=\"https:\/\/denizcankizil.tr\/uk\/haberler\/gundem\/akarca-kamu-basdenetcisi-oldu\/embed\/#?secret=PpqDZtX72O\" width=\"600\" height=\"338\" title=\"&#8220;Akarca Kamu Ba\u015fdenet\u00e7isi oldu&#8221; &#8212; Av. Deniz Can K\u0131z\u0131l\" data-secret=\"PpqDZtX72O\" frameborder=\"0\" marginwidth=\"0\" marginheight=\"0\" scrolling=\"no\" class=\"wp-embedded-content\"><\/iframe><script>\n\/*! This file is auto-generated *\/\n!function(d,l){\"use strict\";l.querySelector&&d.addEventListener&&\"undefined\"!=typeof URL&&(d.wp=d.wp||{},d.wp.receiveEmbedMessage||(d.wp.receiveEmbedMessage=function(e){var t=e.data;if((t||t.secret||t.message||t.value)&&!\/[^a-zA-Z0-9]\/.test(t.secret)){for(var s,r,n,a=l.querySelectorAll('iframe[data-secret=\"'+t.secret+'\"]'),o=l.querySelectorAll('blockquote[data-secret=\"'+t.secret+'\"]'),c=new RegExp(\"^https?:$\",\"i\"),i=0;i<o.length;i++)o[i].style.display=\"none\";for(i=0;i<a.length;i++)s=a[i],e.source===s.contentWindow&&(s.removeAttribute(\"style\"),\"height\"===t.message?(1e3<(r=parseInt(t.value,10))?r=1e3:~~r<200&&(r=200),s.height=r):\"link\"===t.message&&(r=new URL(s.getAttribute(\"src\")),n=new URL(t.value),c.test(n.protocol))&&n.host===r.host&&l.activeElement===s&&(d.top.location.href=t.value))}},d.addEventListener(\"message\",d.wp.receiveEmbedMessage,!1),l.addEventListener(\"DOMContentLoaded\",function(){for(var e,t,s=l.querySelectorAll(\"iframe.wp-embedded-content\"),r=0;r<s.length;r++)(t=(e=s[r]).getAttribute(\"data-secret\"))||(t=Math.random().toString(36).substring(2,12),e.src+=\"#?secret=\"+t,e.setAttribute(\"data-secret\",t)),e.contentWindow.postMessage({message:\"ready\",secret:t},\"*\")},!1)))}(window,document);\n\/\/# sourceURL=https:\/\/denizcankizil.tr\/wp-includes\/js\/wp-embed.min.js\n<\/script>","description":"TBMM Genel Kurulu&#8217;nda yap\u0131lan se\u00e7imlerde Kamu Ba\u015fdenet\u00e7ili\u011fine Mehmet Akarca se\u00e7ildi.ANKARA (\u0130GFA) &#8211; TBMM Genel Kurulu, karma komisyon taraf\u0131ndan Kamu Ba\u015fdenet\u00e7isi aday\u0131 olarak bildirilen Mehmet Akarca, Burhanettin Sa\u011fs\u00f6z ve \u015einasi Yurdakul aras\u0131nda se\u00e7im yapt\u0131. TBMM&#8217;nin resmi internet sitesinde aktar\u0131lan habere g\u00f6re adaylar, ilk 2 turda gerekli 3&#8217;te 2 \u00e7o\u011funluk olan 400 milletvekilinin oyunu alamad\u0131. \u00dc\u00e7\u00fcnc\u00fc oylamada da \u00fcye tamsay\u0131s\u0131n\u0131n salt \u00e7o\u011funlu\u011fu olan 301 oy sa\u011flanamad\u0131\u011f\u0131 i\u00e7in adaylardan en fazla oy alan Mehmet Akarca ile Burhanettin Sa\u011fs\u00f6z d\u00f6rd\u00fcnc\u00fc oylamaya kald\u0131. Toplam 276 oyun kullan\u0131ld\u0131\u011f\u0131 d\u00f6rd\u00fcnc\u00fc oylamada, 264 oy alan Mehmet Akarca, Kamu Ba\u015fdenet\u00e7isi oldu. Sa\u011fs\u00f6z ise oy alamad\u0131, 12 oy ise ge\u00e7ersiz say\u0131ld\u0131. \u0130lk turda yap\u0131lan oylaman\u0131n ard\u0131ndan yerinden s\u00f6z alan CHP Grup Ba\u015fkanvekili Murat Emir, Kamu Ba\u015fdenet\u00e7isi se\u00e7ilirken muhalefetin hi\u00e7bir \u015fekilde g\u00f6r\u00fc\u015f\u00fcn\u00fcn al\u0131nmad\u0131\u011f\u0131n\u0131 belirterek, &#8220;Kamu denet\u00e7ileri se\u00e7ilirken dahi bir ki\u015finin bir g\u00f6r\u00fc\u015f\u00fc al\u0131nmad\u0131, muhalefete yer verilmedi, oradaki denge aranmad\u0131. B\u00f6yle se\u00e7ilecek Kamu Ba\u015fdenet\u00e7isinin, aran\u0131lan kamunun denetim fonksiyonunu lay\u0131k\u0131yla yerine getirmesi m\u00fcmk\u00fcn de\u011fil. Bu nedenle biz, bu se\u00e7imi protesto ediyoruz; do\u011fru bulmuyoruz ve oylar\u0131m\u0131z\u0131 bo\u015f olarak kullan\u0131yoruz.&#8221; ifadelerini kulland\u0131. MEHMET AKARCA K\u0130MD\u0130R? Siirt&#8217;in \u015eirvan il\u00e7esinde 1963&#8217;te do\u011fan Akarca, Dokuz Eyl\u00fcl \u00dcniversitesi Hukuk Fak\u00fcltesinden mezun oldu. U\u015fak, Van, Ayd\u0131n&#8217;da hakimlik, Sivas A\u011f\u0131r Ceza Mahkemesi Ba\u015fkanl\u0131\u011f\u0131, K\u00fctahya A\u011f\u0131r Ceza Mahkemesi ve Komisyon Ba\u015fkanl\u0131\u011f\u0131 ile &hellip;"}