{"version":"1.0","provider_name":"Av. Deniz Can K\u0131z\u0131l","provider_url":"https:\/\/denizcankizil.tr\/uk","author_name":"Av. Deniz Can K\u0131z\u0131l","author_url":"https:\/\/denizcankizil.tr\/uk","title":"Ad\u0131yaman'da zincirleme kaza: 3 yaral\u0131","type":"rich","width":600,"height":338,"html":"<blockquote class=\"wp-embedded-content\" data-secret=\"Iii2ks6Eng\"><a href=\"https:\/\/denizcankizil.tr\/uk\/haberler\/gundem\/adiyamanda-zincirleme-kaza-3-yarali\/\">Ad\u0131yaman&#8217;da zincirleme kaza: 3 yaral\u0131<\/a><\/blockquote><iframe sandbox=\"allow-scripts\" security=\"restricted\" src=\"https:\/\/denizcankizil.tr\/uk\/haberler\/gundem\/adiyamanda-zincirleme-kaza-3-yarali\/embed\/#?secret=Iii2ks6Eng\" width=\"600\" height=\"338\" title=\"&#8220;Ad\u0131yaman&#8217;da zincirleme kaza: 3 yaral\u0131&#8221; &#8212; Av. Deniz Can K\u0131z\u0131l\" data-secret=\"Iii2ks6Eng\" frameborder=\"0\" marginwidth=\"0\" marginheight=\"0\" scrolling=\"no\" class=\"wp-embedded-content\"><\/iframe><script>\n\/*! This file is auto-generated *\/\n!function(d,l){\"use strict\";l.querySelector&&d.addEventListener&&\"undefined\"!=typeof URL&&(d.wp=d.wp||{},d.wp.receiveEmbedMessage||(d.wp.receiveEmbedMessage=function(e){var t=e.data;if((t||t.secret||t.message||t.value)&&!\/[^a-zA-Z0-9]\/.test(t.secret)){for(var s,r,n,a=l.querySelectorAll('iframe[data-secret=\"'+t.secret+'\"]'),o=l.querySelectorAll('blockquote[data-secret=\"'+t.secret+'\"]'),c=new RegExp(\"^https?:$\",\"i\"),i=0;i<o.length;i++)o[i].style.display=\"none\";for(i=0;i<a.length;i++)s=a[i],e.source===s.contentWindow&&(s.removeAttribute(\"style\"),\"height\"===t.message?(1e3<(r=parseInt(t.value,10))?r=1e3:~~r<200&&(r=200),s.height=r):\"link\"===t.message&&(r=new URL(s.getAttribute(\"src\")),n=new URL(t.value),c.test(n.protocol))&&n.host===r.host&&l.activeElement===s&&(d.top.location.href=t.value))}},d.addEventListener(\"message\",d.wp.receiveEmbedMessage,!1),l.addEventListener(\"DOMContentLoaded\",function(){for(var e,t,s=l.querySelectorAll(\"iframe.wp-embedded-content\"),r=0;r<s.length;r++)(t=(e=s[r]).getAttribute(\"data-secret\"))||(t=Math.random().toString(36).substring(2,12),e.src+=\"#?secret=\"+t,e.setAttribute(\"data-secret\",t)),e.contentWindow.postMessage({message:\"ready\",secret:t},\"*\")},!1)))}(window,document);\n\/\/# sourceURL=https:\/\/denizcankizil.tr\/wp-includes\/js\/wp-embed.min.js\n<\/script>","description":"Ad\u0131yaman&#8217;\u0131n Alt\u0131n\u015fehir mevkiinde, Egricay K\u00f6pr\u00fcs\u00fc \u00fczerinde meydana gelen zincirleme trafik kazas\u0131nda 3 ki\u015fi yaraland\u0131. Kazaya, 34 FJL 850, 60 ADU 200 ve 02 HU 691 plakal\u0131 \u00fc\u00e7 arac\u0131n kar\u0131\u015ft\u0131\u011f\u0131 bildirildi.ADIYAMAN (\u0130GFA) &#8211; Al\u0131nan bilgiye g\u00f6re kaza, sabah saatlerinde s\u00fcr\u00fcc\u00fcler aras\u0131ndaki dikkatsizlik nedeniyle ger\u00e7ekle\u015fti. Kaza sonras\u0131 olay yerine sa\u011fl\u0131k ve polis ekipleri sevk edildi. 60 ADU 200 plakal\u0131 ara\u00e7ta bulunan bir bayan yolcu, yaral\u0131 olarak hastaneye kald\u0131r\u0131ld\u0131. Yap\u0131lan ilk m\u00fcdahalede hayati tehlikesinin olmad\u0131\u011f\u0131 \u00f6\u011frenildi. Di\u011fer ara\u00e7lardaki s\u00fcr\u00fcc\u00fcler de kazay\u0131 hafif s\u0131yr\u0131klarla atlatt\u0131. Kazan\u0131n ard\u0131ndan yol bir s\u00fcre trafi\u011fe kapand\u0131. Olay yerine gelen ekipler, kazan\u0131n nedenini belirlemek \u00fczere soru\u015fturma ba\u015flatt\u0131. Egri\u00e7ay K\u00f6pr\u00fcs\u00fc\u2019nde ya\u015fanan bu \u00fcz\u00fcc\u00fc olay, s\u00fcr\u00fcc\u00fclerin dikkatli olmalar\u0131 gerekti\u011fini bir kez daha g\u00f6zler \u00f6n\u00fcne serdi. Kaza sonras\u0131 s\u00fcr\u00fcc\u00fclerden biri, &#8220;Ani bir fren yapt\u0131m, di\u011fer ara\u00e7lar pe\u015f pe\u015fe \u00e7arp\u0131\u015ft\u0131&#8221; dedi. S\u00fcr\u00fcc\u00fclerin birbirine destek olmas\u0131 dikkat \u00e7ekti. Bu t\u00fcr kazalar\u0131n \u00f6nlenmesi i\u00e7in trafik kurallar\u0131na uyulmas\u0131 ve s\u00fcr\u00fcc\u00fclerin dikkatli olmas\u0131 b\u00fcy\u00fck \u00f6nem ta\u015f\u0131yor. \u200bAd\u0131yaman&#8217;\u0131n Alt\u0131n\u015fehir mevkiinde, Egricay K\u00f6pr\u00fcs\u00fc \u00fczerinde meydana gelen zincirleme trafik kazas\u0131nda 3 ki\u015fi yaraland\u0131 Kazaya, 34 FJL 850, 60 ADU 200 ve 02 HU 691 plakal\u0131 \u00fc\u00e7 arac\u0131n kar\u0131\u015ft\u0131\u011f\u0131 bildirildi\u00a0 \u200bHaberin Al\u0131nt\u0131land\u0131\u011f\u0131 Kaynak: www.iskenderun.org"}