{"version":"1.0","provider_name":"Av. Deniz Can K\u0131z\u0131l","provider_url":"https:\/\/denizcankizil.tr\/uk","author_name":"Antalya K\u00f6rfez","author_url":"https:\/\/denizcankizil.tr\/uk\/author\/www-antalyakorfez-com\/","title":"93 ya\u015f\u0131ndaki Kore Gazisi son yolculu\u011funa u\u011furland\u0131!","type":"rich","width":600,"height":338,"html":"<blockquote class=\"wp-embedded-content\" data-secret=\"uYa1PLy8qa\"><a href=\"https:\/\/denizcankizil.tr\/uk\/haberler\/gundem\/93-yasindaki-kore-gazisi-son-yolculuguna-ugurlandi\/\">93 ya\u015f\u0131ndaki Kore Gazisi son yolculu\u011funa u\u011furland\u0131!<\/a><\/blockquote><iframe sandbox=\"allow-scripts\" security=\"restricted\" src=\"https:\/\/denizcankizil.tr\/uk\/haberler\/gundem\/93-yasindaki-kore-gazisi-son-yolculuguna-ugurlandi\/embed\/#?secret=uYa1PLy8qa\" width=\"600\" height=\"338\" title=\"&#8220;93 ya\u015f\u0131ndaki Kore Gazisi son yolculu\u011funa u\u011furland\u0131!&#8221; &#8212; Av. Deniz Can K\u0131z\u0131l\" data-secret=\"uYa1PLy8qa\" frameborder=\"0\" marginwidth=\"0\" marginheight=\"0\" scrolling=\"no\" class=\"wp-embedded-content\"><\/iframe><script>\n\/*! This file is auto-generated *\/\n!function(d,l){\"use strict\";l.querySelector&&d.addEventListener&&\"undefined\"!=typeof URL&&(d.wp=d.wp||{},d.wp.receiveEmbedMessage||(d.wp.receiveEmbedMessage=function(e){var t=e.data;if((t||t.secret||t.message||t.value)&&!\/[^a-zA-Z0-9]\/.test(t.secret)){for(var s,r,n,a=l.querySelectorAll('iframe[data-secret=\"'+t.secret+'\"]'),o=l.querySelectorAll('blockquote[data-secret=\"'+t.secret+'\"]'),c=new RegExp(\"^https?:$\",\"i\"),i=0;i<o.length;i++)o[i].style.display=\"none\";for(i=0;i<a.length;i++)s=a[i],e.source===s.contentWindow&&(s.removeAttribute(\"style\"),\"height\"===t.message?(1e3<(r=parseInt(t.value,10))?r=1e3:~~r<200&&(r=200),s.height=r):\"link\"===t.message&&(r=new URL(s.getAttribute(\"src\")),n=new URL(t.value),c.test(n.protocol))&&n.host===r.host&&l.activeElement===s&&(d.top.location.href=t.value))}},d.addEventListener(\"message\",d.wp.receiveEmbedMessage,!1),l.addEventListener(\"DOMContentLoaded\",function(){for(var e,t,s=l.querySelectorAll(\"iframe.wp-embedded-content\"),r=0;r<s.length;r++)(t=(e=s[r]).getAttribute(\"data-secret\"))||(t=Math.random().toString(36).substring(2,12),e.src+=\"#?secret=\"+t,e.setAttribute(\"data-secret\",t)),e.contentWindow.postMessage({message:\"ready\",secret:t},\"*\")},!1)))}(window,document);\n\/\/# sourceURL=https:\/\/denizcankizil.tr\/wp-includes\/js\/wp-embed.min.js\n<\/script>","description":"Isparta&#8217;n\u0131n Yalva\u00e7 il\u00e7esi Kumdanl\u0131 k\u00f6y\u00fcnde ya\u015fayan 93 ya\u015f\u0131ndaki Kore Gazisi Ramazan Topda\u015f, vefat etti. Topda\u015f&#8217;\u0131n cenazesi t\u00f6renle son yolculu\u011funa u\u011furland\u0131. GAZ\u0130N\u0130N CENAZES\u0130 TOPRA\u011eA VER\u0130LD\u0130 Gazinin T\u00fcrk bayra\u011f\u0131na sar\u0131l\u0131 naa\u015f\u0131, askeri t\u00f6ren mangas\u0131 taraf\u0131ndan omuzlarda ta\u015f\u0131narak Kumdanl\u0131 K\u00f6y\u00fc Merkez Camii&#8217;ne getirildi. Topda\u015f&#8217;\u0131n cenazesi, k\u0131l\u0131nan cenaze namaz\u0131n\u0131n ard\u0131ndan Kumdanl\u0131 K\u00f6y Mezarl\u0131\u011f\u0131&#8217;nda topra\u011fa verildi. CENAZEYE PROTOKOL \u00dcYELER\u0130 KATILDI Cenaze t\u00f6renine, Isparta Valisi Abdullah Erin, \u0130l Emniyet M\u00fcd\u00fcr\u00fc Erdem Bildirici, E\u011firdir Da\u011f Komando Okulu Tu\u011fgeneral Ahmet A\u015f\u0131k, \u015earkikaraa\u011fa\u00e7 Kaymakam\u0131 As\u0131m \u00d6zdemir, Yalva\u00e7 Jandarma Ba\u015f\u00e7avu\u015f Erkan Demir, Yalva\u00e7 \u0130l\u00e7e Emniyet M\u00fcd\u00fcr\u00fc E\u015fref Acar, K\u0131br\u0131s gazileri Ey\u00fcp G\u00f6l ve Halil Y\u00fccel, siyasi parti ve STK temsilcileri ile vatada\u015flar kat\u0131ld\u0131. \u200bIsparta&#8217;n\u0131n Yalva\u00e7 il\u00e7esinde hayat\u0131n\u0131 kaybeden Kore Gazisi Ramazan Topda\u015f, askeri t\u00f6renle Kumdal\u0131 k\u00f6y\u00fcnde topra\u011fa verildi.\u00a0 \u200bHaberin Al\u0131nt\u0131land\u0131\u011f\u0131 Kaynak: www.antalyakorfez.com"}