{"version":"1.0","provider_name":"Av. Deniz Can K\u0131z\u0131l","provider_url":"https:\/\/denizcankizil.tr\/uk","author_name":"admin","author_url":"https:\/\/denizcankizil.tr\/uk\/author\/admin\/","title":"27 ilde FET\u00d6 operasyonu: 73 g\u00f6zalt\u0131!","type":"rich","width":600,"height":338,"html":"<blockquote class=\"wp-embedded-content\" data-secret=\"yIxY8ojLzp\"><a href=\"https:\/\/denizcankizil.tr\/uk\/haberler\/gundem\/27-ilde-feto-operasyonu-73-gozalti\/\">27 ilde FET\u00d6 operasyonu: 73 g\u00f6zalt\u0131!<\/a><\/blockquote><iframe sandbox=\"allow-scripts\" security=\"restricted\" src=\"https:\/\/denizcankizil.tr\/uk\/haberler\/gundem\/27-ilde-feto-operasyonu-73-gozalti\/embed\/#?secret=yIxY8ojLzp\" width=\"600\" height=\"338\" title=\"&#8220;27 ilde FET\u00d6 operasyonu: 73 g\u00f6zalt\u0131!&#8221; &#8212; Av. Deniz Can K\u0131z\u0131l\" data-secret=\"yIxY8ojLzp\" frameborder=\"0\" marginwidth=\"0\" marginheight=\"0\" scrolling=\"no\" class=\"wp-embedded-content\"><\/iframe><script>\n\/*! This file is auto-generated *\/\n!function(d,l){\"use strict\";l.querySelector&&d.addEventListener&&\"undefined\"!=typeof URL&&(d.wp=d.wp||{},d.wp.receiveEmbedMessage||(d.wp.receiveEmbedMessage=function(e){var t=e.data;if((t||t.secret||t.message||t.value)&&!\/[^a-zA-Z0-9]\/.test(t.secret)){for(var s,r,n,a=l.querySelectorAll('iframe[data-secret=\"'+t.secret+'\"]'),o=l.querySelectorAll('blockquote[data-secret=\"'+t.secret+'\"]'),c=new RegExp(\"^https?:$\",\"i\"),i=0;i<o.length;i++)o[i].style.display=\"none\";for(i=0;i<a.length;i++)s=a[i],e.source===s.contentWindow&&(s.removeAttribute(\"style\"),\"height\"===t.message?(1e3<(r=parseInt(t.value,10))?r=1e3:~~r<200&&(r=200),s.height=r):\"link\"===t.message&&(r=new URL(s.getAttribute(\"src\")),n=new URL(t.value),c.test(n.protocol))&&n.host===r.host&&l.activeElement===s&&(d.top.location.href=t.value))}},d.addEventListener(\"message\",d.wp.receiveEmbedMessage,!1),l.addEventListener(\"DOMContentLoaded\",function(){for(var e,t,s=l.querySelectorAll(\"iframe.wp-embedded-content\"),r=0;r<s.length;r++)(t=(e=s[r]).getAttribute(\"data-secret\"))||(t=Math.random().toString(36).substring(2,12),e.src+=\"#?secret=\"+t,e.setAttribute(\"data-secret\",t)),e.contentWindow.postMessage({message:\"ready\",secret:t},\"*\")},!1)))}(window,document);\n\/\/# sourceURL=https:\/\/denizcankizil.tr\/wp-includes\/js\/wp-embed.min.js\n<\/script>","description":"27 ilde, 19-27 Mart 2025 tarihleri aras\u0131nda devam eden FET\u00d6&#8217;ye y\u00f6nelik operasyonlarda; 73 \u015f\u00fcpheli yakaland\u0131.ANKARA (\u0130GFA) &#8211; \u0130\u00e7i\u015fleri Bakan\u0131 ali Yerlikaya sosyal medya hesab\u0131ndan\u00a0yapt\u0131\u011f\u0131\u00a0a\u00e7\u0131klamada,\u00a0Cumhuriyet Ba\u015fsavc\u0131l\u0131klar\u0131 ile Jandarma Genel Komutanl\u0131\u011f\u0131 TEM Daire Ba\u015fkanl\u0131\u011f\u0131 ve Emniyet Genel M\u00fcd\u00fcrl\u00fc\u011f\u00fc TEM Daire Ba\u015fkanl\u0131\u011f\u0131, KOM ve \u0130stihbarat Ba\u015fkanl\u0131klar\u0131 koordinesinde; \u0130l Jandarma Komutanl\u0131klar\u0131 ve \u0130l Emniyet M\u00fcd\u00fcrl\u00fcklerince yap\u0131lan \u00e7al\u0131\u015fmalar sonucu, aralar\u0131nda Ankara, \u0130stanbul ve \u0130zmir&#8217;inde bulundu\u011fu 27 ilde d\u00fczenlenen operasyonlarda, 73 \u015f\u00fcphelinin yakaland\u0131\u011f\u0131n\u0131, bunlardan 48&#8217;i tutukland\u0131\u011f\u0131, 16&#8217;s\u0131 hakk\u0131nda adli kontrol karar\u0131 verildi\u011fini bildirdi.\u00a0 Operasyonlarda yakalanan \u015f\u00fcpheliler; ter\u00f6r \u00f6rg\u00fct\u00fcn\u00fcn &#8220;Askeri gizli yap\u0131lanmas\u0131 ve g\u00fcncel yap\u0131lanmas\u0131&#8221; i\u00e7erisinde faaliyet y\u00fcr\u00fctmek, ankes\u00f6rl\u00fc telefonlarla \u00f6rg\u00fct i\u00e7erisinde sorumlu \u015fah\u0131slar ile irtibatta bulunmak, \u00f6rg\u00fct\u00fcn kripto haberle\u015fme program\u0131 \u201cByLock\u201d kullan\u0131c\u0131s\u0131 olmak, ter\u00f6r \u00f6rg\u00fct\u00fcne finans sa\u011flamak ve sosyal medya hesaplar\u0131 \u00fczerinden FET\u00d6 propagandas\u0131 yapmak su\u00e7lar\u0131ndan aran\u0131yordu. Operasyonlarda ayr\u0131ca FET\u00d6 soru\u015fturmalar\u0131 kapsam\u0131nda ifade ve te\u015fhislerde adlar\u0131 ge\u00e7en, haklar\u0131nda kesinle\u015fmi\u015f hapis cezas\u0131 ve aranma kayd\u0131 olanlar\u0131n da yakaland\u0131\u011f\u0131n\u0131 belirten Yerlikaya, &#8220;FET\u00d6 eleba\u015f\u0131n\u0131n \u00f6l\u00fcm\u00fcnden sonra da; bu hain ter\u00f6r \u00f6rg\u00fct\u00fcne y\u00f6nelik y\u00fcr\u00fctt\u00fc\u011f\u00fcm\u00fcz m\u00fccadelede hi\u00e7bir gev\u015femeye yer yok. Milli irademize darbe yapmaya yeltenen bu hain yap\u0131y\u0131 temizleyene kadar m\u00fccadelemize devam edece\u011fiz.&#8221; Ifadelerini kulland\u0131.\u00a0 Bakan Yerlikaya, operasyonlar\u0131 koordine eden Cumhuriyet Ba\u015fsavc\u0131l\u0131klar\u0131n\u0131 ve operasyonlar\u0131 ger\u00e7ekle\u015ftiren jandarma ve polis ekiplerini tebrik etti. 19-27 Mart 2025 tarihleri aras\u0131nda; Jandarmam\u0131z ve Emniyetimiz taraf\u0131ndan 27 &hellip;"}