{"version":"1.0","provider_name":"Av. Deniz Can K\u0131z\u0131l","provider_url":"https:\/\/denizcankizil.tr\/uk","author_name":"Av. Deniz Can K\u0131z\u0131l","author_url":"https:\/\/denizcankizil.tr\/uk","title":"2 belediyeye daha kayyum atand\u0131","type":"rich","width":600,"height":338,"html":"<blockquote class=\"wp-embedded-content\" data-secret=\"1NSldlmLZt\"><a href=\"https:\/\/denizcankizil.tr\/uk\/haberler\/gundem\/2-belediyeye-daha-kayyum-atandi\/\">2 belediyeye daha kayyum atand\u0131<\/a><\/blockquote><iframe sandbox=\"allow-scripts\" security=\"restricted\" src=\"https:\/\/denizcankizil.tr\/uk\/haberler\/gundem\/2-belediyeye-daha-kayyum-atandi\/embed\/#?secret=1NSldlmLZt\" width=\"600\" height=\"338\" title=\"&#8220;2 belediyeye daha kayyum atand\u0131&#8221; &#8212; Av. Deniz Can K\u0131z\u0131l\" data-secret=\"1NSldlmLZt\" frameborder=\"0\" marginwidth=\"0\" marginheight=\"0\" scrolling=\"no\" class=\"wp-embedded-content\"><\/iframe><script>\n\/*! This file is auto-generated *\/\n!function(d,l){\"use strict\";l.querySelector&&d.addEventListener&&\"undefined\"!=typeof URL&&(d.wp=d.wp||{},d.wp.receiveEmbedMessage||(d.wp.receiveEmbedMessage=function(e){var t=e.data;if((t||t.secret||t.message||t.value)&&!\/[^a-zA-Z0-9]\/.test(t.secret)){for(var s,r,n,a=l.querySelectorAll('iframe[data-secret=\"'+t.secret+'\"]'),o=l.querySelectorAll('blockquote[data-secret=\"'+t.secret+'\"]'),c=new RegExp(\"^https?:$\",\"i\"),i=0;i<o.length;i++)o[i].style.display=\"none\";for(i=0;i<a.length;i++)s=a[i],e.source===s.contentWindow&&(s.removeAttribute(\"style\"),\"height\"===t.message?(1e3<(r=parseInt(t.value,10))?r=1e3:~~r<200&&(r=200),s.height=r):\"link\"===t.message&&(r=new URL(s.getAttribute(\"src\")),n=new URL(t.value),c.test(n.protocol))&&n.host===r.host&&l.activeElement===s&&(d.top.location.href=t.value))}},d.addEventListener(\"message\",d.wp.receiveEmbedMessage,!1),l.addEventListener(\"DOMContentLoaded\",function(){for(var e,t,s=l.querySelectorAll(\"iframe.wp-embedded-content\"),r=0;r<s.length;r++)(t=(e=s[r]).getAttribute(\"data-secret\"))||(t=Math.random().toString(36).substring(2,12),e.src+=\"#?secret=\"+t,e.setAttribute(\"data-secret\",t)),e.contentWindow.postMessage({message:\"ready\",secret:t},\"*\")},!1)))}(window,document);\n\/\/# sourceURL=https:\/\/denizcankizil.tr\/wp-includes\/js\/wp-embed.min.js\n<\/script>","description":"\u0130\u00e7i\u015fleri Bakanl\u0131\u011f\u0131&#8217;ndan yap\u0131lan a\u00e7\u0131klamaya g\u00f6re Tunceli Belediye Ba\u015fkan\u0131 Cevdet Konak ve Ovac\u0131k Belediye Ba\u015fkan\u0131 Mustafa Sar\u0131g\u00fcl g\u00f6revden uzakla\u015ft\u0131r\u0131ld\u0131. Vali B\u00fclent Tekb\u0131y\u0131ko\u011flu Tunceli Belediye Ba\u015fkan Vekili olarak g\u00f6revlendirildi. \u0130\u00c7\u0130\u015eLER\u0130 BAKANLI\u011eI\u2019NDA YAPILAN A\u00c7IKLAMA\u00a0 \u0130\u00e7i\u015fleri Bakanl\u0131\u011f\u0131n\u0131n, sosyal medya hesab\u0131ndan yap\u0131lan a\u00e7\u0131klamada, \u201cTunceli Belediye Ba\u015fkan\u0131 Cevdet Konak&#8217;\u0131n Tunceli 1. A\u011f\u0131r Ceza Mahkemesinin 2022\/99 esas say\u0131l\u0131 dosyas\u0131 kapsam\u0131nda &#8216;PKK\/KCK silahl\u0131 ter\u00f6r \u00f6rg\u00fct\u00fcne \u00fcye olmak&#8217; su\u00e7undan 6 y\u0131l 3 ay hapis cezas\u0131 almas\u0131 ve Tunceli Cumhuriyet Ba\u015fsavc\u0131l\u0131\u011f\u0131n\u0131n 2024\/1146 Say\u0131l\u0131 soru\u015fturma dosyas\u0131nda &#8216;PKK\/KCK ter\u00f6r \u00f6rg\u00fct\u00fc propagandas\u0131 yapmak&#8217; su\u00e7undan soru\u015fturmas\u0131n\u0131n devam etmesi nedeniyle; Cevdet Konak&#8217;\u0131n Anayasa&#8217;n\u0131n 127&#8217;inci maddesi ile 5393 say\u0131l\u0131 Belediye Kanunu&#8217;nun 47&#8217;inci maddesi gere\u011fince ge\u00e7ici bir tedbir olarak \u0130\u00e7i\u015fleri Bakanl\u0131\u011f\u0131&#8217;nca g\u00f6revden uzakla\u015ft\u0131r\u0131lm\u0131\u015ft\u0131r. 5393 say\u0131l\u0131 Belediye Kanunun 45 ve 46&#8217;\u0131nc\u0131 maddeleri uyar\u0131nca Tunceli Valisi B\u00fclent Tekb\u0131y\u0131ko\u011flu, Tunceli Belediye Ba\u015fkan Vekili olarak g\u00f6revlendirilmi\u015ftir\u201d denildi.\u00a0 OVACIK BELED\u0130YE BA\u015eKANI MUSTAFA SARIG\u00dcL G\u00d6REVDEN ALINDI A\u00e7\u0131klamada, \u201cOvac\u0131k Belediye Ba\u015fkan\u0131 Mustafa Sar\u0131g\u00fcl Tunceli 1. A\u011f\u0131r Ceza Mahkemesinin 2022\/99 esas say\u0131l\u0131 dosyas\u0131 kapsam\u0131nda &#8216;PKK\/KCK silahl\u0131 ter\u00f6r \u00f6rg\u00fct\u00fcne \u00fcye olmak&#8217; su\u00e7undan 6 y\u0131l 3 ay hapis cezas\u0131 almas\u0131 nedeniyle; \u00a0Mustafa Sar\u0131g\u00fcl&#8217;\u00fcn Anayasa&#8217;n\u0131n 127&#8217;inci maddesi ile 5393 say\u0131l\u0131 Belediye Kanunu&#8217;nun 47&#8217;inci maddesi gere\u011fince ge\u00e7ici bir tedbir olarak \u0130\u00e7i\u015fleri Bakanl\u0131\u011f\u0131&#8217;nca g\u00f6revden uzakla\u015ft\u0131r\u0131lm\u0131\u015ft\u0131r. 5393 say\u0131l\u0131 Belediye Kanunun 45 ve 46&#8217;\u0131nc\u0131 maddeleri uyar\u0131nca Ovac\u0131k Kaymakam\u0131 H\u00fcseyin \u015eamil S\u00f6zen, Tunceli &hellip;"}