{"version":"1.0","provider_name":"Av. Deniz Can K\u0131z\u0131l","provider_url":"https:\/\/denizcankizil.tr\/uk","author_name":"Av. Deniz Can K\u0131z\u0131l","author_url":"https:\/\/denizcankizil.tr\/uk","title":"Ulusal Radyoloji Kongresi, Antalya'da yap\u0131ld\u0131","type":"rich","width":600,"height":338,"html":"<blockquote class=\"wp-embedded-content\" data-secret=\"m5IX2oCVAa\"><a href=\"https:\/\/denizcankizil.tr\/uk\/haberler\/antalya\/ulusal-radyoloji-kongresi-antalyada-yapildi\/\">Ulusal Radyoloji Kongresi, Antalya&#8217;da yap\u0131ld\u0131<\/a><\/blockquote><iframe sandbox=\"allow-scripts\" security=\"restricted\" src=\"https:\/\/denizcankizil.tr\/uk\/haberler\/antalya\/ulusal-radyoloji-kongresi-antalyada-yapildi\/embed\/#?secret=m5IX2oCVAa\" width=\"600\" height=\"338\" title=\"&#8220;Ulusal Radyoloji Kongresi, Antalya&#8217;da yap\u0131ld\u0131&#8221; &#8212; Av. Deniz Can K\u0131z\u0131l\" data-secret=\"m5IX2oCVAa\" frameborder=\"0\" marginwidth=\"0\" marginheight=\"0\" scrolling=\"no\" class=\"wp-embedded-content\"><\/iframe><script>\n\/*! This file is auto-generated *\/\n!function(d,l){\"use strict\";l.querySelector&&d.addEventListener&&\"undefined\"!=typeof URL&&(d.wp=d.wp||{},d.wp.receiveEmbedMessage||(d.wp.receiveEmbedMessage=function(e){var t=e.data;if((t||t.secret||t.message||t.value)&&!\/[^a-zA-Z0-9]\/.test(t.secret)){for(var s,r,n,a=l.querySelectorAll('iframe[data-secret=\"'+t.secret+'\"]'),o=l.querySelectorAll('blockquote[data-secret=\"'+t.secret+'\"]'),c=new RegExp(\"^https?:$\",\"i\"),i=0;i<o.length;i++)o[i].style.display=\"none\";for(i=0;i<a.length;i++)s=a[i],e.source===s.contentWindow&&(s.removeAttribute(\"style\"),\"height\"===t.message?(1e3<(r=parseInt(t.value,10))?r=1e3:~~r<200&&(r=200),s.height=r):\"link\"===t.message&&(r=new URL(s.getAttribute(\"src\")),n=new URL(t.value),c.test(n.protocol))&&n.host===r.host&&l.activeElement===s&&(d.top.location.href=t.value))}},d.addEventListener(\"message\",d.wp.receiveEmbedMessage,!1),l.addEventListener(\"DOMContentLoaded\",function(){for(var e,t,s=l.querySelectorAll(\"iframe.wp-embedded-content\"),r=0;r<s.length;r++)(t=(e=s[r]).getAttribute(\"data-secret\"))||(t=Math.random().toString(36).substring(2,12),e.src+=\"#?secret=\"+t,e.setAttribute(\"data-secret\",t)),e.contentWindow.postMessage({message:\"ready\",secret:t},\"*\")},!1)))}(window,document);\n\/\/# sourceURL=https:\/\/denizcankizil.tr\/wp-includes\/js\/wp-embed.min.js\n<\/script>","thumbnail_url":"https:\/\/denizcankizil.tr\/wp-content\/uploads\/2024\/11\/3117-01-Ur20AG.jpeg","thumbnail_width":1280,"thumbnail_height":720,"description":"Kongre kapsam\u0131nda ger\u00e7ekle\u015ftirilen bas\u0131n toplant\u0131s\u0131nda konu\u015fan T\u00fcrk Radyoloji Derne\u011fi Ba\u015fkan\u0131 Prof. Dr. Can \u00c7evikol, T\u00fcrkiye&#8217;de d\u00fcnya ortalamas\u0131n\u0131n alt\u0131nda radyoloji uzman\u0131n\u0131n bulundu\u011funa dikkat \u00e7ekerek, \u201cSon d\u00f6nemlerde bir\u00e7ok \u015fehir hastanesinde ve \u00fcniversite hastanesinde randevu s\u00fcreleri k\u0131salm\u0131\u015f ve radyoloji hizmetleri d\u00fczg\u00fcn veriliyor gibi g\u00f6r\u00fclse de \u00f6zellikle tetkik kalitesinin d\u00fc\u015f\u00fcr\u00fclmesi ve bir\u00e7ok hastanede talebi kar\u015f\u0131layamayan uzmanlar nedeni ile uzmanl\u0131k \u00f6\u011frencileri taraf\u0131ndan bu hizmetlerin verilmeye \u00e7al\u0131\u015f\u0131lmas\u0131, \u00f6zellikle deneyim gerektiren baz\u0131 durumlarda hastalara do\u011fru tan\u0131 konmas\u0131n\u0131 engellemesinin yan\u0131 s\u0131ra gereksiz ileri incelemelerin yolunu a\u00e7abilmekte ve hatta gereksiz giri\u015fim ve ameliyatlara neden olabilmektedir\u201d dedi. T\u00fcrk Radyoloji Derne\u011fi Y\u00f6netim Kurulu \u00dcyesi Prof. Dr. Nermin Tun\u00e7bilek ise akci\u011fer kanserinin erken tan\u0131s\u0131nda ve tedavi y\u00f6netiminde radyolojik g\u00f6r\u00fcnt\u00fcleme y\u00f6ntemlerinin, hasta y\u00f6netiminde \u00f6nemli bir rol oynad\u0131\u011f\u0131n\u0131 belirtti. Tun\u00e7bilek, \u201cAkci\u011fer kanserinde erken te\u015fhis, y\u00fczde 77 oran\u0131nda hayat kurtar\u0131r. 55-74 ya\u015f aras\u0131nda 30 y\u0131ld\u0131r g\u00fcnde 1 paket sigara i\u00e7en, halen aktif i\u00e7ici veya 15 y\u0131ldan daha k\u0131sa s\u00fcre \u00f6nce b\u0131rakm\u0131\u015f olan ki\u015filerde her y\u0131l d\u00fc\u015f\u00fck doz akci\u011fer tomografisi \u00e7ekilmesi \u00f6nerilmektedir\u201d ifadelerini kulland\u0131. Kurulu\u015funun 100. y\u0131l\u0131n\u0131 kutlayan T\u00fcrk Radyoloji Derne\u011fi, 12-16 Kas\u0131m 2024 tarihlerinde 45. Ulusal Radyoloji Kongresi&#8217;nde \u00e7ok say\u0131da radyoloji uzman\u0131n\u0131 bir araya getirdi. Kongrede, 142 tanesi s\u00f6zl\u00fc sunum olmak \u00fczere klinik ara\u015ft\u0131rma, resimlerle bir konu ve olgu sunumlar\u0131n\u0131 i\u00e7eren toplam 657 bildiri yer &hellip;"}