{"version":"1.0","provider_name":"Av. Deniz Can K\u0131z\u0131l","provider_url":"https:\/\/denizcankizil.tr\/uk","author_name":"Av. Deniz Can K\u0131z\u0131l","author_url":"https:\/\/denizcankizil.tr\/uk\/author\/denizcankizil\/","title":"Tur minib\u00fcs\u00fc ref\u00fcje \u00e7arpt\u0131: 2 yaral\u0131","type":"rich","width":600,"height":338,"html":"<blockquote class=\"wp-embedded-content\" data-secret=\"ptuDOBKYRn\"><a href=\"https:\/\/denizcankizil.tr\/uk\/haberler\/antalya\/tur-minibusu-refuje-carpti-2-yarali\/\">Tur minib\u00fcs\u00fc ref\u00fcje \u00e7arpt\u0131: 2 yaral\u0131<\/a><\/blockquote><iframe sandbox=\"allow-scripts\" security=\"restricted\" src=\"https:\/\/denizcankizil.tr\/uk\/haberler\/antalya\/tur-minibusu-refuje-carpti-2-yarali\/embed\/#?secret=ptuDOBKYRn\" width=\"600\" height=\"338\" title=\"&#8220;Tur minib\u00fcs\u00fc ref\u00fcje \u00e7arpt\u0131: 2 yaral\u0131&#8221; &#8212; Av. Deniz Can K\u0131z\u0131l\" data-secret=\"ptuDOBKYRn\" frameborder=\"0\" marginwidth=\"0\" marginheight=\"0\" scrolling=\"no\" class=\"wp-embedded-content\"><\/iframe><script>\n\/*! This file is auto-generated *\/\n!function(d,l){\"use strict\";l.querySelector&&d.addEventListener&&\"undefined\"!=typeof URL&&(d.wp=d.wp||{},d.wp.receiveEmbedMessage||(d.wp.receiveEmbedMessage=function(e){var t=e.data;if((t||t.secret||t.message||t.value)&&!\/[^a-zA-Z0-9]\/.test(t.secret)){for(var s,r,n,a=l.querySelectorAll('iframe[data-secret=\"'+t.secret+'\"]'),o=l.querySelectorAll('blockquote[data-secret=\"'+t.secret+'\"]'),c=new RegExp(\"^https?:$\",\"i\"),i=0;i<o.length;i++)o[i].style.display=\"none\";for(i=0;i<a.length;i++)s=a[i],e.source===s.contentWindow&&(s.removeAttribute(\"style\"),\"height\"===t.message?(1e3<(r=parseInt(t.value,10))?r=1e3:~~r<200&&(r=200),s.height=r):\"link\"===t.message&&(r=new URL(s.getAttribute(\"src\")),n=new URL(t.value),c.test(n.protocol))&&n.host===r.host&&l.activeElement===s&&(d.top.location.href=t.value))}},d.addEventListener(\"message\",d.wp.receiveEmbedMessage,!1),l.addEventListener(\"DOMContentLoaded\",function(){for(var e,t,s=l.querySelectorAll(\"iframe.wp-embedded-content\"),r=0;r<s.length;r++)(t=(e=s[r]).getAttribute(\"data-secret\"))||(t=Math.random().toString(36).substring(2,12),e.src+=\"#?secret=\"+t,e.setAttribute(\"data-secret\",t)),e.contentWindow.postMessage({message:\"ready\",secret:t},\"*\")},!1)))}(window,document);\n\/\/# sourceURL=https:\/\/denizcankizil.tr\/wp-includes\/js\/wp-embed.min.js\n<\/script>","thumbnail_url":"https:\/\/denizcankizil.tr\/wp-content\/uploads\/2025\/02\/5006-01-RGUDhU.jpeg","thumbnail_width":1280,"thumbnail_height":720,"description":"Kaza, D 400 karayolunda meydana geldi. Edinilen bilgiye g\u00f6re, s\u00fcr\u00fcc\u00fcs\u00fc \u00f6\u011frenilemeyen 07 KED 15 plakal\u0131 minib\u00fcs, s\u00fcr\u00fcc\u00fcs\u00fcn\u00fcn direksiyon hakimiyetini kaybetmesi sonucu ref\u00fcjde bulunan \u00e7itlere \u00e7arparak durabildi. Kaza an\u0131 bir i\u015f yerinin g\u00fcvenlik kameras\u0131 taraf\u0131ndan anbean kaydedildi. G\u00f6r\u00fcnt\u00fclerde minib\u00fcs\u00fcn kontrolden \u00e7\u0131k\u0131p ref\u00fcje \u00e7arpma anlar\u0131 yer ald\u0131. \u0130\u00e7inde 8 yabanc\u0131 turistin bulundu\u011fu minib\u00fcste yaralanan Vlademir Moldovean ve Nadejda Moldovean yaraland\u0131. \u0130hbar \u00fczerine olay yerine sevk edilen 112 sa\u011fl\u0131k ekipleri, yaral\u0131lar\u0131 hastaneye kald\u0131rd\u0131. Kazayla ilgili inceleme ba\u015flat\u0131ld\u0131. Kaynak: www.kanalv.com.tr Haber Sitesinden Al\u0131nm\u0131\u015ft\u0131r."}