{"version":"1.0","provider_name":"Av. Deniz Can K\u0131z\u0131l","provider_url":"https:\/\/denizcankizil.tr\/uk","author_name":"Av. Deniz Can K\u0131z\u0131l","author_url":"https:\/\/denizcankizil.tr\/uk\/author\/denizcankizil\/","title":"THY Teknik\u2019ten Aksu\u2019ya Stratejik Ziyaret!","type":"rich","width":600,"height":338,"html":"<blockquote class=\"wp-embedded-content\" data-secret=\"nc6eTCXDZ0\"><a href=\"https:\/\/denizcankizil.tr\/uk\/haberler\/antalya\/thy-teknikten-aksuya-stratejik-ziyaret\/\">THY Teknik\u2019ten Aksu\u2019ya Stratejik Ziyaret!<\/a><\/blockquote><iframe sandbox=\"allow-scripts\" security=\"restricted\" src=\"https:\/\/denizcankizil.tr\/uk\/haberler\/antalya\/thy-teknikten-aksuya-stratejik-ziyaret\/embed\/#?secret=nc6eTCXDZ0\" width=\"600\" height=\"338\" title=\"&#8220;THY Teknik\u2019ten Aksu\u2019ya Stratejik Ziyaret!&#8221; &#8212; Av. Deniz Can K\u0131z\u0131l\" data-secret=\"nc6eTCXDZ0\" frameborder=\"0\" marginwidth=\"0\" marginheight=\"0\" scrolling=\"no\" class=\"wp-embedded-content\"><\/iframe><script>\n\/*! This file is auto-generated *\/\n!function(d,l){\"use strict\";l.querySelector&&d.addEventListener&&\"undefined\"!=typeof URL&&(d.wp=d.wp||{},d.wp.receiveEmbedMessage||(d.wp.receiveEmbedMessage=function(e){var t=e.data;if((t||t.secret||t.message||t.value)&&!\/[^a-zA-Z0-9]\/.test(t.secret)){for(var s,r,n,a=l.querySelectorAll('iframe[data-secret=\"'+t.secret+'\"]'),o=l.querySelectorAll('blockquote[data-secret=\"'+t.secret+'\"]'),c=new RegExp(\"^https?:$\",\"i\"),i=0;i<o.length;i++)o[i].style.display=\"none\";for(i=0;i<a.length;i++)s=a[i],e.source===s.contentWindow&&(s.removeAttribute(\"style\"),\"height\"===t.message?(1e3<(r=parseInt(t.value,10))?r=1e3:~~r<200&&(r=200),s.height=r):\"link\"===t.message&&(r=new URL(s.getAttribute(\"src\")),n=new URL(t.value),c.test(n.protocol))&&n.host===r.host&&l.activeElement===s&&(d.top.location.href=t.value))}},d.addEventListener(\"message\",d.wp.receiveEmbedMessage,!1),l.addEventListener(\"DOMContentLoaded\",function(){for(var e,t,s=l.querySelectorAll(\"iframe.wp-embedded-content\"),r=0;r<s.length;r++)(t=(e=s[r]).getAttribute(\"data-secret\"))||(t=Math.random().toString(36).substring(2,12),e.src+=\"#?secret=\"+t,e.setAttribute(\"data-secret\",t)),e.contentWindow.postMessage({message:\"ready\",secret:t},\"*\")},!1)))}(window,document);\n\/\/# sourceURL=https:\/\/denizcankizil.tr\/wp-includes\/js\/wp-embed.min.js\n<\/script>","description":"T\u00dcRK\u0130YE ikincili\u011fi ile dikkati \u00e7eken Aksu U\u00e7ak Bak\u0131m Teknolojisi Mesleki ve Teknik Anadolu Lisesi, THY Teknik&#8217;in \u00fcst d\u00fczey y\u00f6neticilerini a\u011f\u0131rlad\u0131. \u0130ki y\u0131ll\u0131k yo\u011fun e\u011fitimin ard\u0131ndan \u00f6\u011frenciler, THY Teknik Akademi&#8217;ye kabul edilerek istihdam s\u00fcrecine d\u00e2hil edilecek. T\u00fcrk Hava Yollar\u0131 Teknik A.\u015e.&#8217;nin insan kaynaklar\u0131 ve i\u015fe al\u0131m s\u00fcre\u00e7lerinden sorumlu y\u00f6neticileri, Antalya&#8217;da \u00f6nemli bir mesleki e\u011fitim kurumuna ziyaret ger\u00e7ekle\u015ftirdi. THY Teknik \u0130nsan Kaynaklar\u0131 Genel M\u00fcd\u00fcr Yard\u0131mc\u0131s\u0131 Abdullah Ayd\u0131n, \u0130nsan Kaynaklar\u0131 Ba\u015fkan\u0131 Kenan \u015eahan, \u0130\u015fe Al\u0131m ve Yetenek Kazan\u0131m\u0131 M\u00fcd\u00fcr\u00fc Abd\u00fclkerim Akyol ve Yetenek Kazan\u0131m\u0131 \u015eefi Fat\u0131mat\u00fcz Zehra Avar; Aksu U\u00e7ak Bak\u0131m Teknolojisi Mesleki ve Teknik Anadolu Lisesi&#8217;ni ziyaret etti. Ziyaret kapsam\u0131nda, okulun teknik altyap\u0131s\u0131, bak\u0131m hangarlar\u0131, uygulamal\u0131 e\u011fitim at\u00f6lyeleri ve program i\u00e7eri\u011fi yerinde incelendi. Okul y\u00f6neticileri ve \u00f6\u011fretmenlerle yap\u0131lan de\u011ferlendirmelerin ard\u0131ndan heyet, \u00f6\u011frencilerle de birebir g\u00f6r\u00fc\u015fmeler ger\u00e7ekle\u015ftirdi. TEKN\u0130SYEN ALIMINDA T\u00dcRK\u0130YE \u0130K\u0130NC\u0130S\u0130 Aksu U\u00e7ak Bak\u0131m Teknolojisi MTAL, T\u00fcrk Hava Yollar\u0131 Teknik&#8217;in lise sonras\u0131 teknisyen al\u0131m s\u00fcre\u00e7lerinde T\u00fcrkiye genelinde ikinci s\u0131rada yer ald\u0131. Bu ba\u015far\u0131, THY Teknik taraf\u0131ndan yak\u0131ndan takip edildi ve okulun ziyaret edilmesine vesile oldu. Ger\u00e7ekle\u015ftirilen de\u011ferlendirme s\u00fcrecinin ard\u0131ndan, \u00f6\u011frencilerin mezuniyet sonras\u0131 iki y\u0131ll\u0131k THY Teknik Teknisyen Akademisi e\u011fitim program\u0131na kabul edilerek istihdam s\u00fcrecine d\u00e2hil edilecekleri a\u00e7\u0131kland\u0131. THY Teknik yetkilileri, Aksu U\u00e7ak Bak\u0131m Teknolojisi MTAL&#8217;yi bundan sonraki i\u015fe al\u0131m s\u00fcre\u00e7lerinde \u00f6ncelikli okul olarak &hellip;"}