{"version":"1.0","provider_name":"Av. Deniz Can K\u0131z\u0131l","provider_url":"https:\/\/denizcankizil.tr\/uk","author_name":"Av. Deniz Can K\u0131z\u0131l","author_url":"https:\/\/denizcankizil.tr\/uk\/author\/denizcankizil\/","title":"Sosyal Medyadaki K\u00f6pek Bal\u0131\u011f\u0131 Videosuna Su\u00e7 Duyurusu","type":"rich","width":600,"height":338,"html":"<blockquote class=\"wp-embedded-content\" data-secret=\"J8TY9EXH3C\"><a href=\"https:\/\/denizcankizil.tr\/uk\/haberler\/antalya\/sosyal-medyadaki-kopek-baligi-videosuna-suc-duyurusu\/\">Sosyal Medyadaki K\u00f6pek Bal\u0131\u011f\u0131 Videosuna Su\u00e7 Duyurusu<\/a><\/blockquote><iframe sandbox=\"allow-scripts\" security=\"restricted\" src=\"https:\/\/denizcankizil.tr\/uk\/haberler\/antalya\/sosyal-medyadaki-kopek-baligi-videosuna-suc-duyurusu\/embed\/#?secret=J8TY9EXH3C\" width=\"600\" height=\"338\" title=\"&#8220;Sosyal Medyadaki K\u00f6pek Bal\u0131\u011f\u0131 Videosuna Su\u00e7 Duyurusu&#8221; &#8212; Av. Deniz Can K\u0131z\u0131l\" data-secret=\"J8TY9EXH3C\" frameborder=\"0\" marginwidth=\"0\" marginheight=\"0\" scrolling=\"no\" class=\"wp-embedded-content\"><\/iframe><script>\n\/*! This file is auto-generated *\/\n!function(d,l){\"use strict\";l.querySelector&&d.addEventListener&&\"undefined\"!=typeof URL&&(d.wp=d.wp||{},d.wp.receiveEmbedMessage||(d.wp.receiveEmbedMessage=function(e){var t=e.data;if((t||t.secret||t.message||t.value)&&!\/[^a-zA-Z0-9]\/.test(t.secret)){for(var s,r,n,a=l.querySelectorAll('iframe[data-secret=\"'+t.secret+'\"]'),o=l.querySelectorAll('blockquote[data-secret=\"'+t.secret+'\"]'),c=new RegExp(\"^https?:$\",\"i\"),i=0;i<o.length;i++)o[i].style.display=\"none\";for(i=0;i<a.length;i++)s=a[i],e.source===s.contentWindow&&(s.removeAttribute(\"style\"),\"height\"===t.message?(1e3<(r=parseInt(t.value,10))?r=1e3:~~r<200&&(r=200),s.height=r):\"link\"===t.message&&(r=new URL(s.getAttribute(\"src\")),n=new URL(t.value),c.test(n.protocol))&&n.host===r.host&&l.activeElement===s&&(d.top.location.href=t.value))}},d.addEventListener(\"message\",d.wp.receiveEmbedMessage,!1),l.addEventListener(\"DOMContentLoaded\",function(){for(var e,t,s=l.querySelectorAll(\"iframe.wp-embedded-content\"),r=0;r<s.length;r++)(t=(e=s[r]).getAttribute(\"data-secret\"))||(t=Math.random().toString(36).substring(2,12),e.src+=\"#?secret=\"+t,e.setAttribute(\"data-secret\",t)),e.contentWindow.postMessage({message:\"ready\",secret:t},\"*\")},!1)))}(window,document);\n\/\/# sourceURL=https:\/\/denizcankizil.tr\/wp-includes\/js\/wp-embed.min.js\n<\/script>","thumbnail_url":"https:\/\/denizcankizil.tr\/wp-content\/uploads\/2025\/07\/s-o-s-y-a-l-m-e-d-y-a-d-a-k-i-k-o-p-e-k-b-a-l-i-g-i-v-i-d-e-o-s-u-n-a-822257-243600-ykM18U.jpg","thumbnail_width":1280,"thumbnail_height":720,"description":"ANTALYA&#8217;da \u00e7ekildi\u011fi iddia edilen bir k\u00f6pek bal\u0131\u011f\u0131 g\u00f6r\u00fcnt\u00fcs\u00fc, sosyal medyada h\u0131zla yay\u0131ld\u0131. \u0130nceleme sonucu g\u00f6r\u00fcnt\u00fcn\u00fcn Norve\u00e7&#8217;te \u00e7ekildi\u011fi belirlendi. G\u00f6r\u00fcnt\u00fcyle ilgili &#8216;Halk\u0131 yan\u0131lt\u0131c\u0131 bilgiyi alenen yayma su\u00e7u&#8217; kapsam\u0131nda su\u00e7 duyusunda bulunuldu. Antalya&#8217;n\u0131n Alanya ve Kemer il\u00e7elerinde \u00e7ekildi\u011fi iddia edilen bir k\u00f6pek bal\u0131\u011f\u0131 g\u00f6r\u00fcnt\u00fcs\u00fc, sosyal medyada h\u0131zla yay\u0131ld\u0131. Payla\u015f\u0131lan g\u00f6r\u00fcnt\u00fcde, bal\u0131k av\u0131na \u00e7\u0131kan baba ile o\u011flunun teknesinin hemen yan\u0131nda su y\u00fczeyinde beliren, boyu 3 metrenin \u00fczerinde bir k\u00f6pek bal\u0131\u011f\u0131n\u0131n g\u00f6r\u00fcld\u00fc\u011f\u00fc anlara yer verildi. G\u00f6r\u00fcnt\u00fcn\u00fcn yay\u0131lmas\u0131n\u0131n ard\u0131ndan inceleme ba\u015flat\u0131ld\u0131. \u0130nceleme sonras\u0131, g\u00f6r\u00fcnt\u00fcn\u00fcn yurt d\u0131\u015f\u0131 kaynakl\u0131 oldu\u011fu belirlendi. Bunun \u00fczerine Antalya Sahil G\u00fcvenlik Komutanl\u0131\u011f\u0131 taraf\u0131ndan olayla ilgili &#8216;Halk\u0131 yan\u0131lt\u0131c\u0131 bilgiyi alenen yayma su\u00e7u&#8217; kapsam\u0131nda su\u00e7 duyusunda bulunuldu. \u0130leti\u015fim Ba\u015fkanl\u0131\u011f\u0131 Dezenformasyonla M\u00fccadele Merkezi&#8217;nden yap\u0131lan a\u00e7\u0131klamada da s\u00f6z konusu videonun dezenformasyon oldu\u011fu belirtildi. &#8216;BU T\u00dcR \u0130\u00c7ER\u0130KLER KASITLI OLARAK DOLA\u015eIMA SOKULMAKTADIR&#8217; &#8216;Antalya&#8217;da k\u00f6pek bal\u0131\u011f\u0131 g\u00f6r\u00fcld\u00fc&#8217; iddias\u0131yla payla\u015f\u0131lan g\u00f6r\u00fcnt\u00fcn\u00fcn Norve\u00e7li bir bal\u0131k\u00e7\u0131 taraf\u0131ndan kendi \u00fclkesinde kaydedildi\u011fine yer verilen a\u00e7\u0131klamada, &#8220;Sosyal medyada payla\u015f\u0131lan ve Antalya sahillerinde k\u00f6pek bal\u0131\u011f\u0131 g\u00f6r\u00fcld\u00fc\u011f\u00fc iddias\u0131yla servis edilen g\u00f6r\u00fcnt\u00fc, manip\u00fclasyon i\u00e7ermektedir. Bahse konu g\u00f6r\u00fcnt\u00fc, Antalya&#8217;da veya T\u00fcrkiye&#8217;nin herhangi bir k\u0131y\u0131s\u0131nda \u00e7ekilmemi\u015ftir. Yap\u0131lan incelemede g\u00f6r\u00fcnt\u00fcn\u00fcn, Norve\u00e7li bir sosyal medya kullan\u0131c\u0131s\u0131 taraf\u0131ndan kendi \u00fclkesinde kaydedildi\u011fi ve kendi hesab\u0131ndan 26 Haziran tarihinde payla\u015f\u0131ld\u0131\u011f\u0131 tespit edilmi\u015ftir. Ayn\u0131 videonun \u00fczerine ses eklenerek T\u00fcrkiye&#8217;de \u00e7ekildi\u011fi izlenimi verildi\u011fi ve bug\u00fcn T\u00fcrkiye&#8217;den payla\u015f\u0131ld\u0131\u011f\u0131 &hellip;"}