{"version":"1.0","provider_name":"Av. Deniz Can K\u0131z\u0131l","provider_url":"https:\/\/denizcankizil.tr\/uk","author_name":"Av. Deniz Can K\u0131z\u0131l","author_url":"https:\/\/denizcankizil.tr\/uk\/author\/denizcankizil\/","title":"Sokak hayvanlar\u0131na do\u011fal ya\u015fam alanlar\u0131","type":"rich","width":600,"height":338,"html":"<blockquote class=\"wp-embedded-content\" data-secret=\"x6XYMjZ4wW\"><a href=\"https:\/\/denizcankizil.tr\/uk\/haberler\/antalya\/sokak-hayvanlarina-dogal-yasam-alanlari\/\">Sokak hayvanlar\u0131na do\u011fal ya\u015fam alanlar\u0131<\/a><\/blockquote><iframe sandbox=\"allow-scripts\" security=\"restricted\" src=\"https:\/\/denizcankizil.tr\/uk\/haberler\/antalya\/sokak-hayvanlarina-dogal-yasam-alanlari\/embed\/#?secret=x6XYMjZ4wW\" width=\"600\" height=\"338\" title=\"&#8220;Sokak hayvanlar\u0131na do\u011fal ya\u015fam alanlar\u0131&#8221; &#8212; Av. Deniz Can K\u0131z\u0131l\" data-secret=\"x6XYMjZ4wW\" frameborder=\"0\" marginwidth=\"0\" marginheight=\"0\" scrolling=\"no\" class=\"wp-embedded-content\"><\/iframe><script>\n\/*! This file is auto-generated *\/\n!function(d,l){\"use strict\";l.querySelector&&d.addEventListener&&\"undefined\"!=typeof URL&&(d.wp=d.wp||{},d.wp.receiveEmbedMessage||(d.wp.receiveEmbedMessage=function(e){var t=e.data;if((t||t.secret||t.message||t.value)&&!\/[^a-zA-Z0-9]\/.test(t.secret)){for(var s,r,n,a=l.querySelectorAll('iframe[data-secret=\"'+t.secret+'\"]'),o=l.querySelectorAll('blockquote[data-secret=\"'+t.secret+'\"]'),c=new RegExp(\"^https?:$\",\"i\"),i=0;i<o.length;i++)o[i].style.display=\"none\";for(i=0;i<a.length;i++)s=a[i],e.source===s.contentWindow&&(s.removeAttribute(\"style\"),\"height\"===t.message?(1e3<(r=parseInt(t.value,10))?r=1e3:~~r<200&&(r=200),s.height=r):\"link\"===t.message&&(r=new URL(s.getAttribute(\"src\")),n=new URL(t.value),c.test(n.protocol))&&n.host===r.host&&l.activeElement===s&&(d.top.location.href=t.value))}},d.addEventListener(\"message\",d.wp.receiveEmbedMessage,!1),l.addEventListener(\"DOMContentLoaded\",function(){for(var e,t,s=l.querySelectorAll(\"iframe.wp-embedded-content\"),r=0;r<s.length;r++)(t=(e=s[r]).getAttribute(\"data-secret\"))||(t=Math.random().toString(36).substring(2,12),e.src+=\"#?secret=\"+t,e.setAttribute(\"data-secret\",t)),e.contentWindow.postMessage({message:\"ready\",secret:t},\"*\")},!1)))}(window,document);\n\/\/# sourceURL=https:\/\/denizcankizil.tr\/wp-includes\/js\/wp-embed.min.js\n<\/script>","thumbnail_url":"https:\/\/denizcankizil.tr\/wp-content\/uploads\/2025\/04\/5894-01-aARCQO.jpg","thumbnail_width":1280,"thumbnail_height":720,"description":"\u0130\u00e7i\u015fleri Bakanl\u0131\u011f\u0131, sokak hayvanlar\u0131n\u0131n sald\u0131r\u0131lar\u0131 nedeniyle ya\u015fanan \u00f6l\u00fcm ve yaralanma olaylar\u0131n\u0131n \u00f6n\u00fcne ge\u00e7ilmesi hem de bu hayvanlar\u0131n daha do\u011fal ve temiz ortamlarda hayatlar\u0131n\u0131 s\u00fcrd\u00fcrebilmesine y\u00f6nelik proje ba\u015flatt\u0131. Bu kapsamda \u0130\u00e7i\u015fleri Bakan\u0131 Ali Yerlikaya&#8217;n\u0131n g\u00f6revlendirmesiyle bakan yard\u0131mc\u0131lar\u0131 M\u00fcnir Karalo\u011flu, B\u00fclent Turan, Mehmet Sa\u011flam ve Mehmet Akta\u015f, 30 b\u00fcy\u00fck\u015fehir d\u0131\u015f\u0131ndaki 51 ile g\u00f6nderildi. Bakan yard\u0131mc\u0131lar\u0131, Ramazan Bayram\u0131&#8217;ndan sonraki s\u00fcre\u00e7te aralar\u0131nda g\u00f6rev da\u011f\u0131l\u0131m\u0131 yap\u0131p, 51 ili tek tek ziyaret ederek, bu illerde valililer ba\u015fkanl\u0131\u011f\u0131nda belediye ba\u015fkanlar\u0131, il \u00f6zel idaresi ve ilgili yetkililerle, sokak hayvanlar\u0131na ili\u015fkin bar\u0131naklar\u0131 inceledi. Bakan yard\u0131mc\u0131lar\u0131, bu bar\u0131naklara ilaveten, bu 51 ilin tamam\u0131nda olu\u015fturulacak do\u011fal alanlar\u0131n belirlenmesine y\u00f6nelik \u00e7al\u0131\u015fmalara kat\u0131ld\u0131. TOPLANTI VE \u0130NCELEMELER YAPILDI Proje kapsam\u0131nda 51 ilden 44&#8217;\u00fc, 4 bakan yard\u0131mc\u0131s\u0131 taraf\u0131ndan ziyaret edilerek ilgili toplant\u0131lar ve incelemeler yap\u0131ld\u0131. \u0130\u00e7i\u015fleri Bakan Yard\u0131mc\u0131s\u0131 M\u00fcnir Karalo\u011flu, proje kapsam\u0131nda Karaman, \u00c7ank\u0131r\u0131, \u00c7orum, Isparta, Burdur, Bolu, D\u00fczce, Yalova, Giresun, Rize, G\u00fcm\u00fc\u015fhane, Artvin ve Bilecik&#8217;e gitti. \u0130\u00e7i\u015fleri Bakan Yard\u0131mc\u0131s\u0131 B\u00fclent Turan da Bart\u0131n, Karab\u00fck, Ardahan, Kars, I\u011fd\u0131r, A\u011fr\u0131, Edirne, K\u0131rklareli, \u00c7anakkale&#8217;yi ziyaret etti. Bakan Yard\u0131mc\u0131s\u0131 Mehmet Akta\u015f ise Mu\u015f, Siirt, \u015e\u0131rnak, Afyonkarahisar, U\u015fak, Sinop, Amasya, Aksaray, Ad\u0131yaman, Bayburt, Erzincan, Tunceli, Elaz\u0131\u011f, Bing\u00f6l illerine gitti. Bakan Yard\u0131mc\u0131s\u0131 Mehmet Sa\u011flam da K\u00fctahya, Osmaniye, Nev\u015fehir, Kilis, Ni\u011fde, Bitlis, K\u0131r\u015fehir, K\u0131r\u0131kkale illerini ziyaret etti. DETAYLARI BAKAN YARDIMCISI ANLATTI &hellip;"}