{"version":"1.0","provider_name":"Av. Deniz Can K\u0131z\u0131l","provider_url":"https:\/\/denizcankizil.tr\/uk","author_name":"Av. Deniz Can K\u0131z\u0131l","author_url":"https:\/\/denizcankizil.tr\/uk\/author\/denizcankizil\/","title":"S\u0131cak havay\u0131 f\u0131rsat bilenler, sahillere ak\u0131n etti","type":"rich","width":600,"height":338,"html":"<blockquote class=\"wp-embedded-content\" data-secret=\"SAxQqE3rO0\"><a href=\"https:\/\/denizcankizil.tr\/uk\/haberler\/antalya\/sicak-havayi-firsat-bilenler-sahillere-akin-etti\/\">S\u0131cak havay\u0131 f\u0131rsat bilenler, sahillere ak\u0131n etti<\/a><\/blockquote><iframe sandbox=\"allow-scripts\" security=\"restricted\" src=\"https:\/\/denizcankizil.tr\/uk\/haberler\/antalya\/sicak-havayi-firsat-bilenler-sahillere-akin-etti\/embed\/#?secret=SAxQqE3rO0\" width=\"600\" height=\"338\" title=\"&#8220;S\u0131cak havay\u0131 f\u0131rsat bilenler, sahillere ak\u0131n etti&#8221; &#8212; Av. Deniz Can K\u0131z\u0131l\" data-secret=\"SAxQqE3rO0\" frameborder=\"0\" marginwidth=\"0\" marginheight=\"0\" scrolling=\"no\" class=\"wp-embedded-content\"><\/iframe><script>\n\/*! This file is auto-generated *\/\n!function(d,l){\"use strict\";l.querySelector&&d.addEventListener&&\"undefined\"!=typeof URL&&(d.wp=d.wp||{},d.wp.receiveEmbedMessage||(d.wp.receiveEmbedMessage=function(e){var t=e.data;if((t||t.secret||t.message||t.value)&&!\/[^a-zA-Z0-9]\/.test(t.secret)){for(var s,r,n,a=l.querySelectorAll('iframe[data-secret=\"'+t.secret+'\"]'),o=l.querySelectorAll('blockquote[data-secret=\"'+t.secret+'\"]'),c=new RegExp(\"^https?:$\",\"i\"),i=0;i<o.length;i++)o[i].style.display=\"none\";for(i=0;i<a.length;i++)s=a[i],e.source===s.contentWindow&&(s.removeAttribute(\"style\"),\"height\"===t.message?(1e3<(r=parseInt(t.value,10))?r=1e3:~~r<200&&(r=200),s.height=r):\"link\"===t.message&&(r=new URL(s.getAttribute(\"src\")),n=new URL(t.value),c.test(n.protocol))&&n.host===r.host&&l.activeElement===s&&(d.top.location.href=t.value))}},d.addEventListener(\"message\",d.wp.receiveEmbedMessage,!1),l.addEventListener(\"DOMContentLoaded\",function(){for(var e,t,s=l.querySelectorAll(\"iframe.wp-embedded-content\"),r=0;r<s.length;r++)(t=(e=s[r]).getAttribute(\"data-secret\"))||(t=Math.random().toString(36).substring(2,12),e.src+=\"#?secret=\"+t,e.setAttribute(\"data-secret\",t)),e.contentWindow.postMessage({message:\"ready\",secret:t},\"*\")},!1)))}(window,document);\n\/\/# sourceURL=https:\/\/denizcankizil.tr\/wp-includes\/js\/wp-embed.min.js\n<\/script>","thumbnail_url":"https:\/\/denizcankizil.tr\/wp-content\/uploads\/2025\/03\/5428-01-yc6LIh.jpeg","thumbnail_width":1280,"thumbnail_height":720,"description":"Baz\u0131 turistler denizde serinlerken, baz\u0131lar\u0131 g\u00fcne\u015flenmeyi ve sahilde y\u00fcr\u00fcy\u00fc\u015f yapmay\u0131 tercih etti. Tatilcilerin yan\u0131 s\u0131ra Antalyal\u0131lar da g\u00fcne\u015fli havan\u0131n keyfini \u00e7\u0131kard\u0131, \u00e7ocuklu ailelerin plajda vakit ge\u00e7irdikleri g\u00f6zlemlendi. SICAKLIKLAR ARTIYOR Meteoroloji tahminlerine g\u00f6re; Alanya&#8217;da s\u0131cakl\u0131klar\u0131n hafta boyunca y\u00fckselmesi bekleniyor. Sal\u0131 ve \u00e7ar\u015famba g\u00fcnleri 20 dereceye yakla\u015fan s\u0131cakl\u0131klar\u0131n per\u015fembe g\u00fcn\u00fc 22, cuma g\u00fcn\u00fc 23, cumartesi g\u00fcn\u00fc 25 dereceye kadar \u00e7\u0131kmas\u0131 \u00f6ng\u00f6r\u00fcl\u00fcyor. Pazar g\u00fcn\u00fc ise par\u00e7al\u0131 bulutlu bir hava ile birlikte s\u0131cakl\u0131\u011f\u0131n 24 derece civar\u0131nda seyredece\u011fi tahmin ediliyor. &#8216;BAHAR HAVASI KEND\u0130N\u0130 H\u0130SSETT\u0130RMEYE BA\u015eLADI&#8217; Alanya&#8217;da yaz-k\u0131\u015f denize girdi\u011fini belirten Sami Nefes, &#8220;7 y\u0131ld\u0131r Alanya&#8217;da ya\u015f\u0131yorum. Yaz-k\u0131\u015f burada denize giriyorum. Bazen memleketime gidiyorum, hava her zaman de\u011fi\u015fkendir; ama \u00f6nemli olan bizim havam\u0131z. Bahar havas\u0131 kendini hissettirmeye ba\u015flad\u0131, s\u0131cakl\u0131klar gittik\u00e7e art\u0131yor. Deniz \u015fu an temiz, yabanc\u0131 turistler de suya giriyor. Alanya her haliyle \u00e7ok g\u00fczel, buradaki konaklama say\u0131s\u0131 da g\u00fcnbeg\u00fcn art\u0131yor&#8221; dedi Kaynak: www.kanalv.com.tr Haber Sitesinden Al\u0131nm\u0131\u015ft\u0131r."}