{"version":"1.0","provider_name":"Av. Deniz Can K\u0131z\u0131l","provider_url":"https:\/\/denizcankizil.tr\/uk","author_name":"Av. Deniz Can K\u0131z\u0131l","author_url":"https:\/\/denizcankizil.tr\/uk\/author\/denizcankizil\/","title":"Serik'te ba\u015fkan g\u00f6revden al\u0131nd\u0131","type":"rich","width":600,"height":338,"html":"<blockquote class=\"wp-embedded-content\" data-secret=\"IlytcGYDBQ\"><a href=\"https:\/\/denizcankizil.tr\/uk\/haberler\/antalya\/serikte-baskan-gorevden-alindi\/\">Serik&#8217;te ba\u015fkan g\u00f6revden al\u0131nd\u0131<\/a><\/blockquote><iframe sandbox=\"allow-scripts\" security=\"restricted\" src=\"https:\/\/denizcankizil.tr\/uk\/haberler\/antalya\/serikte-baskan-gorevden-alindi\/embed\/#?secret=IlytcGYDBQ\" width=\"600\" height=\"338\" title=\"&#8220;Serik&#8217;te ba\u015fkan g\u00f6revden al\u0131nd\u0131&#8221; &#8212; Av. Deniz Can K\u0131z\u0131l\" data-secret=\"IlytcGYDBQ\" frameborder=\"0\" marginwidth=\"0\" marginheight=\"0\" scrolling=\"no\" class=\"wp-embedded-content\"><\/iframe><script>\n\/*! This file is auto-generated *\/\n!function(d,l){\"use strict\";l.querySelector&&d.addEventListener&&\"undefined\"!=typeof URL&&(d.wp=d.wp||{},d.wp.receiveEmbedMessage||(d.wp.receiveEmbedMessage=function(e){var t=e.data;if((t||t.secret||t.message||t.value)&&!\/[^a-zA-Z0-9]\/.test(t.secret)){for(var s,r,n,a=l.querySelectorAll('iframe[data-secret=\"'+t.secret+'\"]'),o=l.querySelectorAll('blockquote[data-secret=\"'+t.secret+'\"]'),c=new RegExp(\"^https?:$\",\"i\"),i=0;i<o.length;i++)o[i].style.display=\"none\";for(i=0;i<a.length;i++)s=a[i],e.source===s.contentWindow&&(s.removeAttribute(\"style\"),\"height\"===t.message?(1e3<(r=parseInt(t.value,10))?r=1e3:~~r<200&&(r=200),s.height=r):\"link\"===t.message&&(r=new URL(s.getAttribute(\"src\")),n=new URL(t.value),c.test(n.protocol))&&n.host===r.host&&l.activeElement===s&&(d.top.location.href=t.value))}},d.addEventListener(\"message\",d.wp.receiveEmbedMessage,!1),l.addEventListener(\"DOMContentLoaded\",function(){for(var e,t,s=l.querySelectorAll(\"iframe.wp-embedded-content\"),r=0;r<s.length;r++)(t=(e=s[r]).getAttribute(\"data-secret\"))||(t=Math.random().toString(36).substring(2,12),e.src+=\"#?secret=\"+t,e.setAttribute(\"data-secret\",t)),e.contentWindow.postMessage({message:\"ready\",secret:t},\"*\")},!1)))}(window,document);\n\/\/# sourceURL=https:\/\/denizcankizil.tr\/wp-includes\/js\/wp-embed.min.js\n<\/script>","thumbnail_url":"https:\/\/denizcankizil.tr\/wp-content\/uploads\/2025\/05\/6176-01-IKj3Me.jpg","thumbnail_width":1280,"thumbnail_height":720,"description":"MHP Antalya \u0130l Ba\u015fkanl\u0131\u011f\u0131&#8217;ndan &#8216;Milliyet\u00e7i Hareket Partisi Serik \u0130l\u00e7e Ba\u015fkanl\u0131\u011f\u0131 G\u00f6rev De\u011fi\u015fimi&#8217; ba\u015fl\u0131\u011f\u0131yla yap\u0131lan a\u00e7\u0131klamada, &#8220;Milliyet\u00e7i Hareket Partisi&#8217;nde her g\u00f6rev bir \u015feref, her n\u00f6bet bir emanettir. Bu emaneti ta\u015f\u0131mak kadar, vakti geldi\u011finde vakar i\u00e7inde devretmek de dava ahlak\u0131n\u0131n bir gere\u011fidir. Bu anlay\u0131\u015fla, bug\u00fcne kadar Serik \u0130l\u00e7e Ba\u015fkanl\u0131\u011f\u0131 g\u00f6revini \u00f6zveriyle y\u00fcr\u00fcten k\u0131ymetli dava arkada\u015f\u0131m\u0131z Osman \u00dcst\u00fcnmet&#8217;e, te\u015fkilat\u0131m\u0131za katt\u0131\u011f\u0131 de\u011fer, g\u00f6sterdi\u011fi fedak\u00e2rl\u0131k ve \u00fclk\u00fcc\u00fc duru\u015fu i\u00e7in te\u015fekk\u00fcr ediyoruz. Yeni Serik \u0130l\u00e7e Ba\u015fkan\u0131m\u0131z, Genel Ba\u015fkan\u0131m\u0131z Say\u0131n Devlet Bah\u00e7eli Beyefendinin takdirleri ve Te\u015fkilat \u0130\u015flerinden Sorumlu Genel Ba\u015fkan Yard\u0131mc\u0131m\u0131z Say\u0131n Edip Semih Yal\u00e7\u0131n Ba\u015fkan\u0131m\u0131z\u0131n tensipleriyle g\u00f6revine ba\u015flayacakt\u0131r. Liderimizin g\u00f6sterdi\u011fi istikamet do\u011frultusunda; Milliyet\u00e7i Hareket Partisi, ilkeli ve kararl\u0131 kadrolarla yoluna ayn\u0131 inan\u00e7 ve azimle devam etmektedir. Yeni d\u00f6nemin Serik te\u015fkilat\u0131m\u0131za, Antalya&#8217;m\u0131za, partimize ve davam\u0131za hay\u0131rl\u0131 olmas\u0131n\u0131 diliyoruz&#8221; denildi. Osman \u00dcst\u00fcnmet de sosyal medyadan yapt\u0131\u011f\u0131 payla\u015f\u0131mda, 2020 y\u0131l\u0131nda dualarla ba\u015flad\u0131\u011f\u0131 g\u00f6revine yine dualarla veda etti\u011fini a\u00e7\u0131klad\u0131. \u00dcst\u00fcnmet, &#8220;5 y\u0131ld\u0131r yapm\u0131\u015f oldu\u011fumuz g\u00f6revimizde k\u0131rd\u0131\u011f\u0131m\u0131z, \u00fczd\u00fc\u011f\u00fcm\u00fcz, kusurumuz var ise aflar\u0131na s\u0131\u011f\u0131n\u0131r\u0131z. Liderimiz, Genel Ba\u015fkan\u0131m\u0131z Say\u0131n Devlet Bah\u00e7eli Beye sadakatten asla taviz vermeyece\u011fiz. Te\u015fkilatlardan sorumlu Genel Ba\u015fkan Yard\u0131mc\u0131m\u0131z Say\u0131n Edip Semih Yal\u00e7\u0131n Beyin, t\u00fcm genel merkez y\u00f6neticilerimizin emrinde olmaya devam edece\u011fiz. Ba\u015fta ailem olmak \u00fczere g\u00f6revim boyunca benimle birlikte olan, bana destek veren herkese sonsuz te\u015fekk\u00fcr ediyorum. Benden sonraki s\u00fcre\u00e7te &hellip;"}