{"version":"1.0","provider_name":"Av. Deniz Can K\u0131z\u0131l","provider_url":"https:\/\/denizcankizil.tr\/uk","author_name":"Av. Deniz Can K\u0131z\u0131l","author_url":"https:\/\/denizcankizil.tr\/uk\/author\/denizcankizil\/","title":"Rekt\u00f6r \u00d6zkan yang\u0131n yerinde incelemede bulundu","type":"rich","width":600,"height":338,"html":"<blockquote class=\"wp-embedded-content\" data-secret=\"gWNjbGelDl\"><a href=\"https:\/\/denizcankizil.tr\/uk\/haberler\/antalya\/rektor-ozkan-yangin-yerinde-incelemede-bulundu\/\">Rekt\u00f6r \u00d6zkan yang\u0131n yerinde incelemede bulundu<\/a><\/blockquote><iframe sandbox=\"allow-scripts\" security=\"restricted\" src=\"https:\/\/denizcankizil.tr\/uk\/haberler\/antalya\/rektor-ozkan-yangin-yerinde-incelemede-bulundu\/embed\/#?secret=gWNjbGelDl\" width=\"600\" height=\"338\" title=\"&#8220;Rekt\u00f6r \u00d6zkan yang\u0131n yerinde incelemede bulundu&#8221; &#8212; Av. Deniz Can K\u0131z\u0131l\" data-secret=\"gWNjbGelDl\" frameborder=\"0\" marginwidth=\"0\" marginheight=\"0\" scrolling=\"no\" class=\"wp-embedded-content\"><\/iframe><script>\n\/*! This file is auto-generated *\/\n!function(d,l){\"use strict\";l.querySelector&&d.addEventListener&&\"undefined\"!=typeof URL&&(d.wp=d.wp||{},d.wp.receiveEmbedMessage||(d.wp.receiveEmbedMessage=function(e){var t=e.data;if((t||t.secret||t.message||t.value)&&!\/[^a-zA-Z0-9]\/.test(t.secret)){for(var s,r,n,a=l.querySelectorAll('iframe[data-secret=\"'+t.secret+'\"]'),o=l.querySelectorAll('blockquote[data-secret=\"'+t.secret+'\"]'),c=new RegExp(\"^https?:$\",\"i\"),i=0;i<o.length;i++)o[i].style.display=\"none\";for(i=0;i<a.length;i++)s=a[i],e.source===s.contentWindow&&(s.removeAttribute(\"style\"),\"height\"===t.message?(1e3<(r=parseInt(t.value,10))?r=1e3:~~r<200&&(r=200),s.height=r):\"link\"===t.message&&(r=new URL(s.getAttribute(\"src\")),n=new URL(t.value),c.test(n.protocol))&&n.host===r.host&&l.activeElement===s&&(d.top.location.href=t.value))}},d.addEventListener(\"message\",d.wp.receiveEmbedMessage,!1),l.addEventListener(\"DOMContentLoaded\",function(){for(var e,t,s=l.querySelectorAll(\"iframe.wp-embedded-content\"),r=0;r<s.length;r++)(t=(e=s[r]).getAttribute(\"data-secret\"))||(t=Math.random().toString(36).substring(2,12),e.src+=\"#?secret=\"+t,e.setAttribute(\"data-secret\",t)),e.contentWindow.postMessage({message:\"ready\",secret:t},\"*\")},!1)))}(window,document);\n\/\/# sourceURL=https:\/\/denizcankizil.tr\/wp-includes\/js\/wp-embed.min.js\n<\/script>","thumbnail_url":"http:\/\/denizcankizil.tr\/wp-content\/uploads\/2025\/03\/5789-01-xXX79s.jpeg","thumbnail_width":1280,"thumbnail_height":720,"description":"Akdeniz \u00dcniversitesi Hastanesi Acil Servis B\u00f6l\u00fcm\u00fcnde 26 Mart g\u00fcn\u00fc 11.54&#8217;te meydana gelen yang\u0131n\u0131n ard\u0131ndan h\u0131zl\u0131 m\u00fcdahale ile hastalar tahliye edilerek yang\u0131n kontrol alt\u0131na al\u0131nd\u0131. Akdeniz \u00dcniversitesi Rekt\u00f6r\u00fc Prof. Dr. \u00d6zlenen \u00d6zkan yang\u0131n sonras\u0131 acil servis b\u00f6l\u00fcm\u00fcn\u00fc ziyaret etti. Rekt\u00f6r \u00d6zkan ard\u0131ndan hastanede acil servis hizmetlerinin kesintisiz s\u00fcrd\u00fcr\u00fclebilmesi i\u00e7in kurulan \u00e7ad\u0131r alanda hekimlerle ve hastalarla da bir araya geldi. D\u00fczenli tatbikatlar\u0131n faydas\u0131 g\u00f6r\u00fcld\u00fc Yang\u0131n s\u0131ras\u0131nda g\u00fc\u00e7l\u00fc bir koordinasyonla hareket edildi\u011fini vurgulayan Rekt\u00f6r Prof. Dr. \u00d6zlenen \u00d6zkan, al\u0131nan \u00f6nlemlerin olu\u015fabilecek b\u00fcy\u00fck bir krizin \u00f6n\u00fcne ge\u00e7ti\u011fini belirtti. Rekt\u00f6r \u00d6zkan, &#8220;Yang\u0131n, deprem ve sel gibi durumlar b\u00fcy\u00fck facialara yol a\u00e7abiliyor. Kartalkaya facias\u0131n\u0131n ard\u0131ndan \u00e7al\u0131\u015fmalar\u0131m\u0131z\u0131 h\u0131zland\u0131rd\u0131k. Eski binalar\u0131m\u0131z\u0131 revize edebildi\u011fimiz \u00f6l\u00e7\u00fcde de\u011ferlendirdik ve olu\u015fabilecek acil durumlara haz\u0131rl\u0131k i\u00e7in bir \u2018acil masa&#8217; ekibi kurduk. Bu ekip ile birlikte acil durum senaryolar\u0131 \u00fczerinden d\u00fczenli tatbikatlar ger\u00e7ekle\u015ftirdik&#8221; ifadelerini kulland\u0131. Yang\u0131n s\u0131ras\u0131nda tahliye s\u00fcrecinin ba\u015far\u0131yla tamamlanmas\u0131nda ekiplerin so\u011fukkanl\u0131l\u0131\u011f\u0131 ve daha \u00f6nce yap\u0131lan tatbikatlar\u0131n \u00f6nemli rol oynad\u0131\u011f\u0131n\u0131 belirten Rekt\u00f6r Prof. Dr. \u00d6zlenen \u00d6zkan, &#8220;Hastane y\u00f6netimimiz, personelin g\u00f6rev yerlerini \u00f6nceden belirleyerek b\u00fcy\u00fck bir kriz an\u0131nda kimin nerede nas\u0131l davranaca\u011f\u0131na dair g\u00fc\u00e7l\u00fc bir altyap\u0131 olu\u015fturdu. Bu sayede herkes yerini ve sorumlulu\u011funu bildi\u011fi i\u00e7in tahliye s\u00fcreci ola\u011fan\u00fcst\u00fc bir d\u00fczen i\u00e7inde ilerledi. Ba\u015fhekimimiz Prof. Dr. Y\u0131ld\u0131ray \u00c7ete ve Hastane M\u00fcd\u00fcr\u00fcm\u00fcz Hatice Yavuz Y\u00fcce ba\u015fta &hellip;"}