{"version":"1.0","provider_name":"Av. Deniz Can K\u0131z\u0131l","provider_url":"https:\/\/denizcankizil.tr\/uk","author_name":"Av. Deniz Can K\u0131z\u0131l","author_url":"https:\/\/denizcankizil.tr\/uk","title":"Otomobil ile elektrikli bisiklet \u00e7arp\u0131\u015ft\u0131","type":"rich","width":600,"height":338,"html":"<blockquote class=\"wp-embedded-content\" data-secret=\"WjqlRze9T4\"><a href=\"https:\/\/denizcankizil.tr\/uk\/haberler\/antalya\/otomobil-ile-elektrikli-bisiklet-carpisti\/\">Otomobil ile elektrikli bisiklet \u00e7arp\u0131\u015ft\u0131<\/a><\/blockquote><iframe sandbox=\"allow-scripts\" security=\"restricted\" src=\"https:\/\/denizcankizil.tr\/uk\/haberler\/antalya\/otomobil-ile-elektrikli-bisiklet-carpisti\/embed\/#?secret=WjqlRze9T4\" width=\"600\" height=\"338\" title=\"&#8220;Otomobil ile elektrikli bisiklet \u00e7arp\u0131\u015ft\u0131&#8221; &#8212; Av. Deniz Can K\u0131z\u0131l\" data-secret=\"WjqlRze9T4\" frameborder=\"0\" marginwidth=\"0\" marginheight=\"0\" scrolling=\"no\" class=\"wp-embedded-content\"><\/iframe><script>\n\/*! This file is auto-generated *\/\n!function(d,l){\"use strict\";l.querySelector&&d.addEventListener&&\"undefined\"!=typeof URL&&(d.wp=d.wp||{},d.wp.receiveEmbedMessage||(d.wp.receiveEmbedMessage=function(e){var t=e.data;if((t||t.secret||t.message||t.value)&&!\/[^a-zA-Z0-9]\/.test(t.secret)){for(var s,r,n,a=l.querySelectorAll('iframe[data-secret=\"'+t.secret+'\"]'),o=l.querySelectorAll('blockquote[data-secret=\"'+t.secret+'\"]'),c=new RegExp(\"^https?:$\",\"i\"),i=0;i<o.length;i++)o[i].style.display=\"none\";for(i=0;i<a.length;i++)s=a[i],e.source===s.contentWindow&&(s.removeAttribute(\"style\"),\"height\"===t.message?(1e3<(r=parseInt(t.value,10))?r=1e3:~~r<200&&(r=200),s.height=r):\"link\"===t.message&&(r=new URL(s.getAttribute(\"src\")),n=new URL(t.value),c.test(n.protocol))&&n.host===r.host&&l.activeElement===s&&(d.top.location.href=t.value))}},d.addEventListener(\"message\",d.wp.receiveEmbedMessage,!1),l.addEventListener(\"DOMContentLoaded\",function(){for(var e,t,s=l.querySelectorAll(\"iframe.wp-embedded-content\"),r=0;r<s.length;r++)(t=(e=s[r]).getAttribute(\"data-secret\"))||(t=Math.random().toString(36).substring(2,12),e.src+=\"#?secret=\"+t,e.setAttribute(\"data-secret\",t)),e.contentWindow.postMessage({message:\"ready\",secret:t},\"*\")},!1)))}(window,document);\n\/\/# sourceURL=https:\/\/denizcankizil.tr\/wp-includes\/js\/wp-embed.min.js\n<\/script>","thumbnail_url":"https:\/\/denizcankizil.tr\/wp-content\/uploads\/2024\/12\/3568-01-Poh3tM.jpeg","thumbnail_width":1280,"thumbnail_height":720,"description":"Kaza; Bah\u00e7elievler Mahallesi 5039 Sokak&#8217;ta meydana geldi. Edinilen bilgiye g\u00f6re, \u00e7evre yolu istikametine gitmekte olan Serkan M.\u2019nin kulland\u0131\u011f\u0131 07 LRE 72 plakal\u0131 otomobil Cumartesi Pazar\u0131 \u00f6n\u00fcne geldi\u011finde halindeki Hatice \u00d6.\u2019n\u00fcn kulland\u0131\u011f\u0131 elektrikli bisiklete \u00e7arpt\u0131. Vatanda\u015flar\u0131n ihbar\u0131 ile olay yerine polis ve sa\u011fl\u0131k ekipleri sevk edilirken, kazada yaralanan elektrikli bisiklet s\u00fcr\u00fcc\u00fcs\u00fc 112 Sa\u011fl\u0131k ekibinin olay yerindeki m\u00fcdahalesinin ard\u0131ndan ambulansla hastaneye kald\u0131r\u0131ld\u0131. Kaynak: www.kanalv.com.tr Haber Sitesinden Al\u0131nm\u0131\u015ft\u0131r."}