{"version":"1.0","provider_name":"Av. Deniz Can K\u0131z\u0131l","provider_url":"https:\/\/denizcankizil.tr\/uk","author_name":"Av. Deniz Can K\u0131z\u0131l","author_url":"https:\/\/denizcankizil.tr\/uk\/author\/denizcankizil\/","title":"Nesli tehlikedeki kaplumba\u011falar\u0131n \u00f6l\u00fcs\u00fc k\u0131y\u0131ya vurdu","type":"rich","width":600,"height":338,"html":"<blockquote class=\"wp-embedded-content\" data-secret=\"uS97dFTdXY\"><a href=\"https:\/\/denizcankizil.tr\/uk\/haberler\/antalya\/nesli-tehlikedeki-kaplumbagalarin-olusu-kiyiya-vurdu\/\">Nesli tehlikedeki kaplumba\u011falar\u0131n \u00f6l\u00fcs\u00fc k\u0131y\u0131ya vurdu<\/a><\/blockquote><iframe sandbox=\"allow-scripts\" security=\"restricted\" src=\"https:\/\/denizcankizil.tr\/uk\/haberler\/antalya\/nesli-tehlikedeki-kaplumbagalarin-olusu-kiyiya-vurdu\/embed\/#?secret=uS97dFTdXY\" width=\"600\" height=\"338\" title=\"&#8220;Nesli tehlikedeki kaplumba\u011falar\u0131n \u00f6l\u00fcs\u00fc k\u0131y\u0131ya vurdu&#8221; &#8212; Av. Deniz Can K\u0131z\u0131l\" data-secret=\"uS97dFTdXY\" frameborder=\"0\" marginwidth=\"0\" marginheight=\"0\" scrolling=\"no\" class=\"wp-embedded-content\"><\/iframe><script>\n\/*! This file is auto-generated *\/\n!function(d,l){\"use strict\";l.querySelector&&d.addEventListener&&\"undefined\"!=typeof URL&&(d.wp=d.wp||{},d.wp.receiveEmbedMessage||(d.wp.receiveEmbedMessage=function(e){var t=e.data;if((t||t.secret||t.message||t.value)&&!\/[^a-zA-Z0-9]\/.test(t.secret)){for(var s,r,n,a=l.querySelectorAll('iframe[data-secret=\"'+t.secret+'\"]'),o=l.querySelectorAll('blockquote[data-secret=\"'+t.secret+'\"]'),c=new RegExp(\"^https?:$\",\"i\"),i=0;i<o.length;i++)o[i].style.display=\"none\";for(i=0;i<a.length;i++)s=a[i],e.source===s.contentWindow&&(s.removeAttribute(\"style\"),\"height\"===t.message?(1e3<(r=parseInt(t.value,10))?r=1e3:~~r<200&&(r=200),s.height=r):\"link\"===t.message&&(r=new URL(s.getAttribute(\"src\")),n=new URL(t.value),c.test(n.protocol))&&n.host===r.host&&l.activeElement===s&&(d.top.location.href=t.value))}},d.addEventListener(\"message\",d.wp.receiveEmbedMessage,!1),l.addEventListener(\"DOMContentLoaded\",function(){for(var e,t,s=l.querySelectorAll(\"iframe.wp-embedded-content\"),r=0;r<s.length;r++)(t=(e=s[r]).getAttribute(\"data-secret\"))||(t=Math.random().toString(36).substring(2,12),e.src+=\"#?secret=\"+t,e.setAttribute(\"data-secret\",t)),e.contentWindow.postMessage({message:\"ready\",secret:t},\"*\")},!1)))}(window,document);\n\/\/# sourceURL=https:\/\/denizcankizil.tr\/wp-includes\/js\/wp-embed.min.js\n<\/script>","thumbnail_url":"https:\/\/denizcankizil.tr\/wp-content\/uploads\/2025\/06\/6984-01-GBcRcP.jpg","thumbnail_width":1280,"thumbnail_height":720,"description":"\u0130l\u00e7ede Sorgun Sahili&#8217;nde 2 deniz kaplumba\u011fas\u0131 (Chelonia mydas) \u00f6l\u00fcs\u00fc Akdeniz Foklar\u0131, Kum Zambaklar\u0131 ve K\u0131y\u0131 Koruma Derne\u011fi (DEKAFOK) ekiplerince bulundu. Derne\u011fin merkezinde g\u00f6n\u00fcll\u00fc veteriner hekimlerce yap\u0131lan kadavra incelemesinde, deniz kaplumba\u011falar\u0131n\u0131n \u00f6l\u00fcm nedeni ara\u015ft\u0131r\u0131ld\u0131. G\u00f6n\u00fcll\u00fc veteriner hekim Ramazan Ayten, kaplumba\u011falardan birinin ihbar \u00fczerine, di\u011ferinin DEKAFOK ekibinin saha \u00e7al\u0131\u015fmalar\u0131 s\u0131ras\u0131nda bulundu\u011funu belirtti. 15 ya\u015f\u0131ndaki di\u015fi kaplumba\u011fan\u0131n a\u011fz\u0131nda bal\u0131k i\u011fneleri ve pervaneye ba\u011fl\u0131 izler tespit etiklerini anlatan Ayten, &#8220;Pervaneye ba\u011fl\u0131 izlerin iyile\u015fmi\u015f olmas\u0131 nedeniyle bu yaran\u0131n \u00f6l\u00fcm sebebi olmad\u0131\u011f\u0131n\u0131 d\u00fc\u015f\u00fcn\u00fcyoruz. Di\u011fer 12 ya\u015f\u0131ndaki di\u015fi kaplumba\u011fan\u0131n ise bo\u011faz\u0131nda bo\u011fulmaya ba\u011fl\u0131 morluklar ve lezyonlar g\u00f6r\u00fcld\u00fc. V\u00fccudunun di\u011fer k\u0131s\u0131mlar\u0131nda herhangi bir lezyona rastlanmad\u0131&#8221; dedi. \u0130ncelemelerin ard\u0131ndan kaplumba\u011fa kadavralar\u0131, Do\u011fa Koruma ve Milli Parklar (DKMP) M\u00fcd\u00fcrl\u00fc\u011f\u00fc&#8217;ne teslim edilecek. Kaynak: www.kanalv.com.tr Haber Sitesinden Al\u0131nm\u0131\u015ft\u0131r."}