{"version":"1.0","provider_name":"Av. Deniz Can K\u0131z\u0131l","provider_url":"https:\/\/denizcankizil.tr\/uk","author_name":"Av. Deniz Can K\u0131z\u0131l","author_url":"https:\/\/denizcankizil.tr\/uk","title":"Minikler, pazarc\u0131lara ta\u015f \u00e7\u0131kartt\u0131","type":"rich","width":600,"height":338,"html":"<blockquote class=\"wp-embedded-content\" data-secret=\"qwT19sGCom\"><a href=\"https:\/\/denizcankizil.tr\/uk\/haberler\/antalya\/minikler-pazarcilara-tas-cikartti\/\">Minikler, pazarc\u0131lara ta\u015f \u00e7\u0131kartt\u0131<\/a><\/blockquote><iframe sandbox=\"allow-scripts\" security=\"restricted\" src=\"https:\/\/denizcankizil.tr\/uk\/haberler\/antalya\/minikler-pazarcilara-tas-cikartti\/embed\/#?secret=qwT19sGCom\" width=\"600\" height=\"338\" title=\"&#8220;Minikler, pazarc\u0131lara ta\u015f \u00e7\u0131kartt\u0131&#8221; &#8212; Av. Deniz Can K\u0131z\u0131l\" data-secret=\"qwT19sGCom\" frameborder=\"0\" marginwidth=\"0\" marginheight=\"0\" scrolling=\"no\" class=\"wp-embedded-content\"><\/iframe><script>\n\/*! This file is auto-generated *\/\n!function(d,l){\"use strict\";l.querySelector&&d.addEventListener&&\"undefined\"!=typeof URL&&(d.wp=d.wp||{},d.wp.receiveEmbedMessage||(d.wp.receiveEmbedMessage=function(e){var t=e.data;if((t||t.secret||t.message||t.value)&&!\/[^a-zA-Z0-9]\/.test(t.secret)){for(var s,r,n,a=l.querySelectorAll('iframe[data-secret=\"'+t.secret+'\"]'),o=l.querySelectorAll('blockquote[data-secret=\"'+t.secret+'\"]'),c=new RegExp(\"^https?:$\",\"i\"),i=0;i<o.length;i++)o[i].style.display=\"none\";for(i=0;i<a.length;i++)s=a[i],e.source===s.contentWindow&&(s.removeAttribute(\"style\"),\"height\"===t.message?(1e3<(r=parseInt(t.value,10))?r=1e3:~~r<200&&(r=200),s.height=r):\"link\"===t.message&&(r=new URL(s.getAttribute(\"src\")),n=new URL(t.value),c.test(n.protocol))&&n.host===r.host&&l.activeElement===s&&(d.top.location.href=t.value))}},d.addEventListener(\"message\",d.wp.receiveEmbedMessage,!1),l.addEventListener(\"DOMContentLoaded\",function(){for(var e,t,s=l.querySelectorAll(\"iframe.wp-embedded-content\"),r=0;r<s.length;r++)(t=(e=s[r]).getAttribute(\"data-secret\"))||(t=Math.random().toString(36).substring(2,12),e.src+=\"#?secret=\"+t,e.setAttribute(\"data-secret\",t)),e.contentWindow.postMessage({message:\"ready\",secret:t},\"*\")},!1)))}(window,document);\n\/\/# sourceURL=https:\/\/denizcankizil.tr\/wp-includes\/js\/wp-embed.min.js\n<\/script>","thumbnail_url":"https:\/\/denizcankizil.tr\/wp-content\/uploads\/2024\/12\/3652-01-7dxPPb.jpeg","thumbnail_width":1280,"thumbnail_height":720,"description":"Manavgat Anaokulu Bah\u00e7esi; kurulan tezgahlar, tezgahlardaki sebze-meyveler ve ellerinde \u00fcr\u00fcnlerin fiyat\u0131n\u0131n yaz\u0131l\u0131 oldu\u011fu etiketlerle sat\u0131\u015f yapmaya \u00e7al\u0131\u015fan minik \u00f6\u011frencilerle tam anlam\u0131yla bir semt pazar\u0131na d\u00f6n\u00fc\u015ft\u00fc. \u2018Manavgat Anaokulu Bah\u00e7e Pazar\u0131\u2019 ad\u0131 alt\u0131nda Yerli Mal\u0131 Haftas\u0131 kapsam\u0131nda d\u00fczenlenen panay\u0131rda sat\u0131\u015f yapan \u00f6\u011frencilere Okul Aile Birli\u011fi Ba\u015fkan ve y\u00f6netimi ile baz\u0131 \u00f6\u011fretmenler de e\u015flik ederken, \u00e7ocuklar\u0131n\u0131n satt\u0131\u011f\u0131 \u00fcr\u00fcnleri temin eden veliler, arkada\u015flar\u0131yla birlikte etkinli\u011fe kat\u0131larak al\u0131\u015fveri\u015f yapt\u0131lar. Minik \u00f6\u011frenciler pazarc\u0131lara ta\u015f \u00e7\u0131kartt\u0131 Ellerinde \u00fcr\u00fcnlerin fiyatlar\u0131n\u0131n yaz\u0131l\u0131 oldu\u011fu etiketleri ta\u015f\u0131yan \u00f6\u011frenciler, vatanda\u015flar\u0131 \u00fcr\u00fcn almalar\u0131 i\u00e7in tezgahlar\u0131na davet ederken y\u0131llar\u0131n pazarc\u0131lar\u0131na ta\u015f \u00e7\u0131kartt\u0131lar. Elindeki etikette 50 TL ibaresi bulunan k\u00fc\u00e7\u00fck k\u0131z \u201cGel vatanda\u015f gel Mor Lahanaya gel. Sadece 50 TL. Param olsa da ben de alsam\u201d s\u00f6zleri, herkesin dikkatini \u00e7ekti. Kaynak: www.kanalv.com.tr Haber Sitesinden Al\u0131nm\u0131\u015ft\u0131r."}