{"version":"1.0","provider_name":"Av. Deniz Can K\u0131z\u0131l","provider_url":"https:\/\/denizcankizil.tr\/uk","author_name":"Av. Deniz Can K\u0131z\u0131l","author_url":"https:\/\/denizcankizil.tr\/uk\/author\/denizcankizil\/","title":"Manavgat'ta yolcu otob\u00fcs\u00fc otomobille \u00e7arp\u0131\u015ft\u0131: 2 \u00f6l\u00fc","type":"rich","width":600,"height":338,"html":"<blockquote class=\"wp-embedded-content\" data-secret=\"H1Kn43FJ2I\"><a href=\"https:\/\/denizcankizil.tr\/uk\/haberler\/antalya\/manavgatta-yolcu-otobusu-otomobille-carpisti-2-olu\/\">Manavgat&#8217;ta yolcu otob\u00fcs\u00fc otomobille \u00e7arp\u0131\u015ft\u0131: 2 \u00f6l\u00fc<\/a><\/blockquote><iframe sandbox=\"allow-scripts\" security=\"restricted\" src=\"https:\/\/denizcankizil.tr\/uk\/haberler\/antalya\/manavgatta-yolcu-otobusu-otomobille-carpisti-2-olu\/embed\/#?secret=H1Kn43FJ2I\" width=\"600\" height=\"338\" title=\"&#8220;Manavgat&#8217;ta yolcu otob\u00fcs\u00fc otomobille \u00e7arp\u0131\u015ft\u0131: 2 \u00f6l\u00fc&#8221; &#8212; Av. Deniz Can K\u0131z\u0131l\" data-secret=\"H1Kn43FJ2I\" frameborder=\"0\" marginwidth=\"0\" marginheight=\"0\" scrolling=\"no\" class=\"wp-embedded-content\"><\/iframe><script>\n\/*! This file is auto-generated *\/\n!function(d,l){\"use strict\";l.querySelector&&d.addEventListener&&\"undefined\"!=typeof URL&&(d.wp=d.wp||{},d.wp.receiveEmbedMessage||(d.wp.receiveEmbedMessage=function(e){var t=e.data;if((t||t.secret||t.message||t.value)&&!\/[^a-zA-Z0-9]\/.test(t.secret)){for(var s,r,n,a=l.querySelectorAll('iframe[data-secret=\"'+t.secret+'\"]'),o=l.querySelectorAll('blockquote[data-secret=\"'+t.secret+'\"]'),c=new RegExp(\"^https?:$\",\"i\"),i=0;i<o.length;i++)o[i].style.display=\"none\";for(i=0;i<a.length;i++)s=a[i],e.source===s.contentWindow&&(s.removeAttribute(\"style\"),\"height\"===t.message?(1e3<(r=parseInt(t.value,10))?r=1e3:~~r<200&&(r=200),s.height=r):\"link\"===t.message&&(r=new URL(s.getAttribute(\"src\")),n=new URL(t.value),c.test(n.protocol))&&n.host===r.host&&l.activeElement===s&&(d.top.location.href=t.value))}},d.addEventListener(\"message\",d.wp.receiveEmbedMessage,!1),l.addEventListener(\"DOMContentLoaded\",function(){for(var e,t,s=l.querySelectorAll(\"iframe.wp-embedded-content\"),r=0;r<s.length;r++)(t=(e=s[r]).getAttribute(\"data-secret\"))||(t=Math.random().toString(36).substring(2,12),e.src+=\"#?secret=\"+t,e.setAttribute(\"data-secret\",t)),e.contentWindow.postMessage({message:\"ready\",secret:t},\"*\")},!1)))}(window,document);\n\/\/# sourceURL=https:\/\/denizcankizil.tr\/wp-includes\/js\/wp-embed.min.js\n<\/script>","thumbnail_url":"https:\/\/denizcankizil.tr\/wp-content\/uploads\/2025\/03\/aw423536-03-1-QohL0F.jpeg","thumbnail_width":1280,"thumbnail_height":720,"description":"Kaza, Manavgat il\u00e7esi Ta\u015fkesi\u011fi Mahallesinde \u00f6\u011fle saatlerinde ya\u015fand\u0131. Edinilen bilgiye g\u00f6re, Manavgat&#8217;tan Akseki il\u00e7esine \u00a0seyir halindeki Hasan Yi\u011fit (55) idaresindeki 42 HC 731 plakal\u0131 Kontur firmas\u0131na ait Man marka yolcu otob\u00fcs\u00fc kar\u015f\u0131 y\u00f6nden gelmekte olan Mes\u00fct \u00d6zlemi\u015f (49) idaresindeki 07 BAH 781 plakal\u0131 Kia marka otomobille \u00e7arp\u0131\u015ft\u0131. \u00a0 \u00a0 Kaza sonucunda 07 BAH 781 plakal\u0131 ara\u00e7 s\u00fcr\u00fcc\u00fcs\u00fc s\u00fcr\u00fcc\u00fc Mes\u00fct \u00d6zlemi\u015f ile ayn\u0131 ara\u00e7ta yolcu olarak bulunan Leyla \u00d6zlemi\u015f (80) olay yerinde hayat\u0131n\u0131 kaybetti. Yine ayn\u0131 otomobil de yolcu olarak bulunan \u00dcmm\u00fc G\u00fcls\u00fcm \u00d6zlemi\u015f (49) , K\u00fcbra \u00d6zlemi\u015f (21), Leyla \u00d6zlemi\u015f (24), S\u00fcleyman \u00d6zlemi\u015f (11) yaraland\u0131. Yaral\u0131lar\u0131n hayati tehlikelerinin bulunmad\u0131\u011f\u0131 \u00f6\u011frenilirken otob\u00fcste yaralanan \u00a0kimse olmad\u0131. \u00a0Kazayla ilgili tahkikat ba\u015flat\u0131l\u0131rken otob\u00fcs \u015fof\u00f6r\u00fc g\u00f6zalt\u0131na al\u0131nd\u0131.\u00a0 \u00a0 \u00a0 \u00a0 \u00a0 \u00a0 \u00a0 \u00a0 \u00a0 \u00a0 \u00a0 \u00a0 \u00a0 \u00a0 Kaynak: www.kanalv.com.tr Haber Sitesinden Al\u0131nm\u0131\u015ft\u0131r."}