{"version":"1.0","provider_name":"Av. Deniz Can K\u0131z\u0131l","provider_url":"https:\/\/denizcankizil.tr\/uk","author_name":"Av. Deniz Can K\u0131z\u0131l","author_url":"https:\/\/denizcankizil.tr\/uk\/author\/denizcankizil\/","title":"Manavgat'ta otomobil tur arac\u0131na \u00e7arpt\u0131","type":"rich","width":600,"height":338,"html":"<blockquote class=\"wp-embedded-content\" data-secret=\"IpPjH5idk3\"><a href=\"https:\/\/denizcankizil.tr\/uk\/haberler\/antalya\/manavgatta-otomobil-tur-aracina-carpti\/\">Manavgat&#8217;ta otomobil tur arac\u0131na \u00e7arpt\u0131<\/a><\/blockquote><iframe sandbox=\"allow-scripts\" security=\"restricted\" src=\"https:\/\/denizcankizil.tr\/uk\/haberler\/antalya\/manavgatta-otomobil-tur-aracina-carpti\/embed\/#?secret=IpPjH5idk3\" width=\"600\" height=\"338\" title=\"&#8220;Manavgat&#8217;ta otomobil tur arac\u0131na \u00e7arpt\u0131&#8221; &#8212; Av. Deniz Can K\u0131z\u0131l\" data-secret=\"IpPjH5idk3\" frameborder=\"0\" marginwidth=\"0\" marginheight=\"0\" scrolling=\"no\" class=\"wp-embedded-content\"><\/iframe><script>\n\/*! This file is auto-generated *\/\n!function(d,l){\"use strict\";l.querySelector&&d.addEventListener&&\"undefined\"!=typeof URL&&(d.wp=d.wp||{},d.wp.receiveEmbedMessage||(d.wp.receiveEmbedMessage=function(e){var t=e.data;if((t||t.secret||t.message||t.value)&&!\/[^a-zA-Z0-9]\/.test(t.secret)){for(var s,r,n,a=l.querySelectorAll('iframe[data-secret=\"'+t.secret+'\"]'),o=l.querySelectorAll('blockquote[data-secret=\"'+t.secret+'\"]'),c=new RegExp(\"^https?:$\",\"i\"),i=0;i<o.length;i++)o[i].style.display=\"none\";for(i=0;i<a.length;i++)s=a[i],e.source===s.contentWindow&&(s.removeAttribute(\"style\"),\"height\"===t.message?(1e3<(r=parseInt(t.value,10))?r=1e3:~~r<200&&(r=200),s.height=r):\"link\"===t.message&&(r=new URL(s.getAttribute(\"src\")),n=new URL(t.value),c.test(n.protocol))&&n.host===r.host&&l.activeElement===s&&(d.top.location.href=t.value))}},d.addEventListener(\"message\",d.wp.receiveEmbedMessage,!1),l.addEventListener(\"DOMContentLoaded\",function(){for(var e,t,s=l.querySelectorAll(\"iframe.wp-embedded-content\"),r=0;r<s.length;r++)(t=(e=s[r]).getAttribute(\"data-secret\"))||(t=Math.random().toString(36).substring(2,12),e.src+=\"#?secret=\"+t,e.setAttribute(\"data-secret\",t)),e.contentWindow.postMessage({message:\"ready\",secret:t},\"*\")},!1)))}(window,document);\n\/\/# sourceURL=https:\/\/denizcankizil.tr\/wp-includes\/js\/wp-embed.min.js\n<\/script>","description":"Kaza, Manavgat il\u00e7esi Evrenseki Mahallesi Cumhuriyet Caddesi&#8217;nde meydana geldi. Edinilen bilgiye g\u00f6re, Kumk\u00f6y y\u00f6n\u00fcne seyreden H\u00fclya A.&#8217;\u0131n kulland\u0131\u011f\u0131 07 LKP 28 plakal\u0131 otomobil, kav\u015fakta \u015e\u00fckr\u00fc \u0130.&#8217;nin kulland\u0131\u011f\u0131 07 AEV 458 plakal\u0131 tur arac\u0131na yandan \u00e7arpt\u0131. Kazada otomobil s\u00fcr\u00fcc\u00fcs\u00fc H\u00fclya A. ve yan\u0131ndaki Burcu A. ile tur arac\u0131ndaki Stefan Zellmer, Luca Marv\u0131n Merl\u0131ng ve Helena Longen isimli Alman turistler yaraland\u0131. Yaral\u0131lar, 112 sa\u011fl\u0131k ekiplerinin olay yerindeki m\u00fcdahalelerinin ard\u0131ndan ambulanslarla Manavgat Devlet Hastanesi, \u00d6zel Side Anadolu Hastanesi ve \u00d6zel Akdeniz Hastanesine kald\u0131r\u0131ld\u0131. G\u00fcvenlik kameras\u0131na anbean yans\u0131yan kazayla ilgili inceleme ba\u015flat\u0131ld\u0131. Kaynak: www.kanalv.com.tr Haber Sitesinden Al\u0131nm\u0131\u015ft\u0131r."}