{"version":"1.0","provider_name":"Av. Deniz Can K\u0131z\u0131l","provider_url":"https:\/\/denizcankizil.tr\/uk","author_name":"Av. Deniz Can K\u0131z\u0131l","author_url":"https:\/\/denizcankizil.tr\/uk\/author\/denizcankizil\/","title":"Manavgat'ta festival co\u015fkulu ba\u015flad\u0131","type":"rich","width":600,"height":338,"html":"<blockquote class=\"wp-embedded-content\" data-secret=\"itlQfknyob\"><a href=\"https:\/\/denizcankizil.tr\/uk\/haberler\/antalya\/manavgatta-festival-coskulu-basladi\/\">Manavgat&#8217;ta festival co\u015fkulu ba\u015flad\u0131<\/a><\/blockquote><iframe sandbox=\"allow-scripts\" security=\"restricted\" src=\"https:\/\/denizcankizil.tr\/uk\/haberler\/antalya\/manavgatta-festival-coskulu-basladi\/embed\/#?secret=itlQfknyob\" width=\"600\" height=\"338\" title=\"&#8220;Manavgat&#8217;ta festival co\u015fkulu ba\u015flad\u0131&#8221; &#8212; Av. Deniz Can K\u0131z\u0131l\" data-secret=\"itlQfknyob\" frameborder=\"0\" marginwidth=\"0\" marginheight=\"0\" scrolling=\"no\" class=\"wp-embedded-content\"><\/iframe><script>\n\/*! This file is auto-generated *\/\n!function(d,l){\"use strict\";l.querySelector&&d.addEventListener&&\"undefined\"!=typeof URL&&(d.wp=d.wp||{},d.wp.receiveEmbedMessage||(d.wp.receiveEmbedMessage=function(e){var t=e.data;if((t||t.secret||t.message||t.value)&&!\/[^a-zA-Z0-9]\/.test(t.secret)){for(var s,r,n,a=l.querySelectorAll('iframe[data-secret=\"'+t.secret+'\"]'),o=l.querySelectorAll('blockquote[data-secret=\"'+t.secret+'\"]'),c=new RegExp(\"^https?:$\",\"i\"),i=0;i<o.length;i++)o[i].style.display=\"none\";for(i=0;i<a.length;i++)s=a[i],e.source===s.contentWindow&&(s.removeAttribute(\"style\"),\"height\"===t.message?(1e3<(r=parseInt(t.value,10))?r=1e3:~~r<200&&(r=200),s.height=r):\"link\"===t.message&&(r=new URL(s.getAttribute(\"src\")),n=new URL(t.value),c.test(n.protocol))&&n.host===r.host&&l.activeElement===s&&(d.top.location.href=t.value))}},d.addEventListener(\"message\",d.wp.receiveEmbedMessage,!1),l.addEventListener(\"DOMContentLoaded\",function(){for(var e,t,s=l.querySelectorAll(\"iframe.wp-embedded-content\"),r=0;r<s.length;r++)(t=(e=s[r]).getAttribute(\"data-secret\"))||(t=Math.random().toString(36).substring(2,12),e.src+=\"#?secret=\"+t,e.setAttribute(\"data-secret\",t)),e.contentWindow.postMessage({message:\"ready\",secret:t},\"*\")},!1)))}(window,document);\n\/\/# sourceURL=https:\/\/denizcankizil.tr\/wp-includes\/js\/wp-embed.min.js\n<\/script>","description":"26 Nisan Cumartesi ak\u015fam\u0131na kadar Girit&#8217;e \u00f6zg\u00fc yemeklerin tan\u0131t\u0131laca\u011f\u0131, m\u00fczik etkinlikleri ve halk danslar\u0131yla e\u015fsiz bir atmosfer ya\u015fatacak Uluslararas\u0131 Manavgat Girit&#8217;ten Side&#8217;ye K\u00fclt\u00fcr ve Lezzet Festivali, Side Antik Kenti&#8217;nde ger\u00e7ekle\u015ftirilen kortej y\u00fcr\u00fcy\u00fc\u015f\u00fc ve Apollon Tap\u0131na\u011f\u0131&#8217;ndaki a\u00e7\u0131l\u0131\u015f seremonisi ile ba\u015flad\u0131. Yabanc\u0131 turistler cep telefonlar\u0131yla g\u00f6r\u00fcnt\u00fc \u00e7ekmek i\u00e7in birbirleriyle yar\u0131\u015ft\u0131 Kortej y\u00fcr\u00fcy\u00fc\u015f\u00fcnde festivalin ev sahibi Manavgat Belediye Ba\u015fkan\u0131 Op. Dr. Niyazi Nefi Kara, Girit Hanya Belediye Ba\u015fkan Yard\u0131mc\u0131s\u0131 Eleni Zervoudaki ve Hanya Belediyesi K\u00fclt\u00fcr Ba\u015fkan Yard\u0131mc\u0131s\u0131 Ioannis Giannakakis, Girit adas\u0131ndan ve T\u00fcrkiye&#8217;nin d\u00f6rt bir yan\u0131ndan gelen davetliler ile vatanda\u015flar kat\u0131ld\u0131. Yakla\u015f\u0131k bir kilometrelik kortej y\u00fcr\u00fcy\u00fc\u015f\u00fcne kat\u0131lanlar, bando tak\u0131m\u0131n\u0131n seslendirdi\u011fi \u015fark\u0131lara tempo tutarak ilerlerken Side Antik Kenti&#8217;ni gezmeye gelen turistler, co\u015fku dolu anlar\u0131 cep telefonlar\u0131yla g\u00f6r\u00fcnt\u00fcledi ve t\u00fcm d\u00fcnya ile payla\u015ft\u0131. Apollon Tap\u0131na\u011f\u0131&#8217;n\u0131n hemen yan\u0131nda kurulan sahnede Uluslararas\u0131 Manavgat Girit&#8217;ten Side&#8217;ye K\u00fclt\u00fcr ve Lezzet Festivali&#8217;nin resmi a\u00e7\u0131l\u0131\u015f seremonisi ger\u00e7ekle\u015ftirildi. T\u00fcrkiye Cumhuriyeti&#8217;nin Kurucusu Ulu \u00d6nder Atat\u00fcrk ve t\u00fcm \u015fehitler i\u00e7in sayg\u0131 duru\u015funda bulunulmas\u0131 ve \u0130stiklal Mar\u015f\u0131&#8217;n\u0131n okunmas\u0131n\u0131n ard\u0131ndan ilk konu\u015fmay\u0131 Manavgat Belediye Ba\u015fkan\u0131 Op. Dr. Niyazi Nefi Kara yapt\u0131. &#8220;Manavgat&#8217;\u0131 gastronomi turizminde de cazibe merkezi haline getirmeyi ama\u00e7l\u0131yoruz&#8221; Ba\u015fkan Kara, Manavgat&#8217;\u0131n sadece yaz destinasyonu de\u011fil, y\u0131l\u0131n her mevsimi ke\u015ffedilecek bir k\u00fclt\u00fcr ve do\u011fa hazinesi oldu\u011funu vurgulad\u0131. Manavgat&#8217;\u0131 gastronomi turizminde de cazibe merkezi haline getirmeyi &hellip;"}