{"version":"1.0","provider_name":"Av. Deniz Can K\u0131z\u0131l","provider_url":"https:\/\/denizcankizil.tr\/uk","author_name":"kanalv comtr","author_url":"https:\/\/denizcankizil.tr\/uk\/author\/www-kanalv-com-tr\/","title":"Kumluca'da orman yang\u0131n\u0131","type":"rich","width":600,"height":338,"html":"<blockquote class=\"wp-embedded-content\" data-secret=\"70tF1Ip9uO\"><a href=\"https:\/\/denizcankizil.tr\/uk\/haberler\/antalya\/kumlucada-orman-yangini\/\">Kumluca&#8217;da orman yang\u0131n\u0131<\/a><\/blockquote><iframe sandbox=\"allow-scripts\" security=\"restricted\" src=\"https:\/\/denizcankizil.tr\/uk\/haberler\/antalya\/kumlucada-orman-yangini\/embed\/#?secret=70tF1Ip9uO\" width=\"600\" height=\"338\" title=\"&#8220;Kumluca&#8217;da orman yang\u0131n\u0131&#8221; &#8212; Av. Deniz Can K\u0131z\u0131l\" data-secret=\"70tF1Ip9uO\" frameborder=\"0\" marginwidth=\"0\" marginheight=\"0\" scrolling=\"no\" class=\"wp-embedded-content\"><\/iframe><script>\n\/*! This file is auto-generated *\/\n!function(d,l){\"use strict\";l.querySelector&&d.addEventListener&&\"undefined\"!=typeof URL&&(d.wp=d.wp||{},d.wp.receiveEmbedMessage||(d.wp.receiveEmbedMessage=function(e){var t=e.data;if((t||t.secret||t.message||t.value)&&!\/[^a-zA-Z0-9]\/.test(t.secret)){for(var s,r,n,a=l.querySelectorAll('iframe[data-secret=\"'+t.secret+'\"]'),o=l.querySelectorAll('blockquote[data-secret=\"'+t.secret+'\"]'),c=new RegExp(\"^https?:$\",\"i\"),i=0;i<o.length;i++)o[i].style.display=\"none\";for(i=0;i<a.length;i++)s=a[i],e.source===s.contentWindow&&(s.removeAttribute(\"style\"),\"height\"===t.message?(1e3<(r=parseInt(t.value,10))?r=1e3:~~r<200&&(r=200),s.height=r):\"link\"===t.message&&(r=new URL(s.getAttribute(\"src\")),n=new URL(t.value),c.test(n.protocol))&&n.host===r.host&&l.activeElement===s&&(d.top.location.href=t.value))}},d.addEventListener(\"message\",d.wp.receiveEmbedMessage,!1),l.addEventListener(\"DOMContentLoaded\",function(){for(var e,t,s=l.querySelectorAll(\"iframe.wp-embedded-content\"),r=0;r<s.length;r++)(t=(e=s[r]).getAttribute(\"data-secret\"))||(t=Math.random().toString(36).substring(2,12),e.src+=\"#?secret=\"+t,e.setAttribute(\"data-secret\",t)),e.contentWindow.postMessage({message:\"ready\",secret:t},\"*\")},!1)))}(window,document);\n\/\/# sourceURL=https:\/\/denizcankizil.tr\/wp-includes\/js\/wp-embed.min.js\n<\/script>","thumbnail_url":"https:\/\/denizcankizil.tr\/wp-content\/uploads\/2024\/11\/2989-01-hg8d5A.jpeg","thumbnail_width":1280,"thumbnail_height":720,"description":"Kumluca il\u00e7esine ba\u011fl\u0131 G\u00fcz\u00f6ren Mahallesi&#8217;nde orman yang\u0131n\u0131 meydana geldi. Yang\u0131n\u0131 g\u00f6ren vatanda\u015flar 112 acil servis hatt\u0131n\u0131 arad\u0131. \u0130hbar \u00fczerine, olay yerine orman ekipler, itfaiye ve jandarma sevk edildi. Yang\u0131na ilk an da yang\u0131n s\u00f6nd\u00fcrme araz\u00f6zleri m\u00fcdahale ederken, ormanl\u0131k alanda r\u00fczgar\u0131n etkisi ile yay\u0131lan yang\u0131n\u0131n, yerle\u015fim yerlerini tehdit etmedi\u011fi bildirildi. Kaynak: www.kanalv.com.tr Haber Sitesinden Al\u0131nm\u0131\u015ft\u0131r."}