{"version":"1.0","provider_name":"Av. Deniz Can K\u0131z\u0131l","provider_url":"https:\/\/denizcankizil.tr\/uk","author_name":"Av. Deniz Can K\u0131z\u0131l","author_url":"https:\/\/denizcankizil.tr\/uk\/author\/denizcankizil\/","title":"Korkuteli'de kaza","type":"rich","width":600,"height":338,"html":"<blockquote class=\"wp-embedded-content\" data-secret=\"asaUgooten\"><a href=\"https:\/\/denizcankizil.tr\/uk\/haberler\/antalya\/korkutelide-kaza\/\">Korkuteli&#8217;de kaza<\/a><\/blockquote><iframe sandbox=\"allow-scripts\" security=\"restricted\" src=\"https:\/\/denizcankizil.tr\/uk\/haberler\/antalya\/korkutelide-kaza\/embed\/#?secret=asaUgooten\" width=\"600\" height=\"338\" title=\"&#8220;Korkuteli&#8217;de kaza&#8221; &#8212; Av. Deniz Can K\u0131z\u0131l\" data-secret=\"asaUgooten\" frameborder=\"0\" marginwidth=\"0\" marginheight=\"0\" scrolling=\"no\" class=\"wp-embedded-content\"><\/iframe><script>\n\/*! This file is auto-generated *\/\n!function(d,l){\"use strict\";l.querySelector&&d.addEventListener&&\"undefined\"!=typeof URL&&(d.wp=d.wp||{},d.wp.receiveEmbedMessage||(d.wp.receiveEmbedMessage=function(e){var t=e.data;if((t||t.secret||t.message||t.value)&&!\/[^a-zA-Z0-9]\/.test(t.secret)){for(var s,r,n,a=l.querySelectorAll('iframe[data-secret=\"'+t.secret+'\"]'),o=l.querySelectorAll('blockquote[data-secret=\"'+t.secret+'\"]'),c=new RegExp(\"^https?:$\",\"i\"),i=0;i<o.length;i++)o[i].style.display=\"none\";for(i=0;i<a.length;i++)s=a[i],e.source===s.contentWindow&&(s.removeAttribute(\"style\"),\"height\"===t.message?(1e3<(r=parseInt(t.value,10))?r=1e3:~~r<200&&(r=200),s.height=r):\"link\"===t.message&&(r=new URL(s.getAttribute(\"src\")),n=new URL(t.value),c.test(n.protocol))&&n.host===r.host&&l.activeElement===s&&(d.top.location.href=t.value))}},d.addEventListener(\"message\",d.wp.receiveEmbedMessage,!1),l.addEventListener(\"DOMContentLoaded\",function(){for(var e,t,s=l.querySelectorAll(\"iframe.wp-embedded-content\"),r=0;r<s.length;r++)(t=(e=s[r]).getAttribute(\"data-secret\"))||(t=Math.random().toString(36).substring(2,12),e.src+=\"#?secret=\"+t,e.setAttribute(\"data-secret\",t)),e.contentWindow.postMessage({message:\"ready\",secret:t},\"*\")},!1)))}(window,document);\n\/\/# sourceURL=https:\/\/denizcankizil.tr\/wp-includes\/js\/wp-embed.min.js\n<\/script>","thumbnail_url":"https:\/\/denizcankizil.tr\/wp-content\/uploads\/2025\/04\/5818-01-kXDQOg.jpg","thumbnail_width":1280,"thumbnail_height":720,"description":"Kaza, d\u00fcn Korkuteli- Antalya yolu Di\u015f Hastanesi kav\u015fa\u011f\u0131nda meydana geldi. Yi\u011fit \u00d6. (21) idaresindeki 07 BMR 393 plakal\u0131 otomobil ile Ceren B. (22) idaresindeki 07 BNP 541 plakal\u0131 otomobil \u00e7arp\u0131\u015ft\u0131. Kazada s\u00fcr\u00fcc\u00fcler ile Ramazan B. ve Emel B. yaraland\u0131. \u0130hbar \u00fczerine olay yerine polis, itfaiye ve sa\u011fl\u0131k ekipleri sevk edildi. 07 BNP 541 plakal\u0131 otomobilin \u00f6n yolcu koltu\u011funda s\u0131k\u0131\u015fan Ramazan B. itfaiye ekipleri taraf\u0131ndan kurtar\u0131ld\u0131. 4 yaral\u0131 ambulansla Korkuteli Devlet Hastanesi&#8217;ne g\u00f6t\u00fcr\u00fcld\u00fc. Durumu a\u011f\u0131r olan Ramazan B. ambulansla Antalya&#8217;ya sevk edildi. Kazayla ilgili inceleme ba\u015flat\u0131ld\u0131. Kaynak: www.kanalv.com.tr Haber Sitesinden Al\u0131nm\u0131\u015ft\u0131r."}