{"version":"1.0","provider_name":"Av. Deniz Can K\u0131z\u0131l","provider_url":"https:\/\/denizcankizil.tr\/uk","author_name":"Av. Deniz Can K\u0131z\u0131l","author_url":"https:\/\/denizcankizil.tr\/uk\/author\/denizcankizil\/","title":"Konyaalt\u0131 Sahili De\u011ferlendirme Toplant\u0131s\u0131","type":"rich","width":600,"height":338,"html":"<blockquote class=\"wp-embedded-content\" data-secret=\"Sr9rJHOYdW\"><a href=\"https:\/\/denizcankizil.tr\/uk\/haberler\/antalya\/konyaalti-sahili-degerlendirme-toplantisi\/\">Konyaalt\u0131 Sahili De\u011ferlendirme Toplant\u0131s\u0131<\/a><\/blockquote><iframe sandbox=\"allow-scripts\" security=\"restricted\" src=\"https:\/\/denizcankizil.tr\/uk\/haberler\/antalya\/konyaalti-sahili-degerlendirme-toplantisi\/embed\/#?secret=Sr9rJHOYdW\" width=\"600\" height=\"338\" title=\"&#8220;Konyaalt\u0131 Sahili De\u011ferlendirme Toplant\u0131s\u0131&#8221; &#8212; Av. Deniz Can K\u0131z\u0131l\" data-secret=\"Sr9rJHOYdW\" frameborder=\"0\" marginwidth=\"0\" marginheight=\"0\" scrolling=\"no\" class=\"wp-embedded-content\"><\/iframe><script>\n\/*! This file is auto-generated *\/\n!function(d,l){\"use strict\";l.querySelector&&d.addEventListener&&\"undefined\"!=typeof URL&&(d.wp=d.wp||{},d.wp.receiveEmbedMessage||(d.wp.receiveEmbedMessage=function(e){var t=e.data;if((t||t.secret||t.message||t.value)&&!\/[^a-zA-Z0-9]\/.test(t.secret)){for(var s,r,n,a=l.querySelectorAll('iframe[data-secret=\"'+t.secret+'\"]'),o=l.querySelectorAll('blockquote[data-secret=\"'+t.secret+'\"]'),c=new RegExp(\"^https?:$\",\"i\"),i=0;i<o.length;i++)o[i].style.display=\"none\";for(i=0;i<a.length;i++)s=a[i],e.source===s.contentWindow&&(s.removeAttribute(\"style\"),\"height\"===t.message?(1e3<(r=parseInt(t.value,10))?r=1e3:~~r<200&&(r=200),s.height=r):\"link\"===t.message&&(r=new URL(s.getAttribute(\"src\")),n=new URL(t.value),c.test(n.protocol))&&n.host===r.host&&l.activeElement===s&&(d.top.location.href=t.value))}},d.addEventListener(\"message\",d.wp.receiveEmbedMessage,!1),l.addEventListener(\"DOMContentLoaded\",function(){for(var e,t,s=l.querySelectorAll(\"iframe.wp-embedded-content\"),r=0;r<s.length;r++)(t=(e=s[r]).getAttribute(\"data-secret\"))||(t=Math.random().toString(36).substring(2,12),e.src+=\"#?secret=\"+t,e.setAttribute(\"data-secret\",t)),e.contentWindow.postMessage({message:\"ready\",secret:t},\"*\")},!1)))}(window,document);\n\/\/# sourceURL=https:\/\/denizcankizil.tr\/wp-includes\/js\/wp-embed.min.js\n<\/script>","thumbnail_url":"https:\/\/denizcankizil.tr\/wp-content\/uploads\/2025\/01\/4271-01-tGrycd.jpeg","thumbnail_width":1280,"thumbnail_height":720,"description":"Antalya Valili\u011fi&#8217;nde ger\u00e7ekle\u015ftirilen toplant\u0131da konu\u015fan Vali Hulusi \u015eahin, Konyaalt\u0131 Sahili&#8217;nin yaln\u0131zca Antalya i\u00e7in de\u011fil, T\u00fcrkiye ve d\u00fcnya turizmi i\u00e7in de b\u00fcy\u00fck bir \u00f6neme sahip oldu\u011funu belirtti. Vali \u015eahin, \u201cD\u00fcnyaca \u00fcnl\u00fc Konyaalt\u0131 sahilimiz, sahip oldu\u011fumuz en k\u0131ymetli do\u011fal ve turistik de\u011ferlerden biridir. Bu e\u015fsiz g\u00fczelli\u011fi s\u00fcrd\u00fcr\u00fclebilir hale getirmek i\u00e7in gereken ad\u0131mlar\u0131 kararl\u0131l\u0131kla ataca\u011f\u0131z. Konyaalt\u0131 Sahili&#8217;nde k\u00f6t\u00fc g\u00f6r\u00fcnt\u00fclere ve mevzuata ayk\u0131r\u0131 faaliyetlere izin vermeyece\u011fiz\u201d dedi. Sahilin d\u00fczenlenmesiyle ilgili \u00e7al\u0131\u015fmalar\u0131 h\u0131zland\u0131racaklar\u0131n\u0131 ifade eden \u015eahin, b\u00f6lgenin hem Antalyal\u0131lar hem de yerli ve yabanc\u0131 ziyaret\u00e7iler i\u00e7in en iyi \u015fekilde hizmete sunulaca\u011f\u0131n\u0131 vurgulad\u0131. \u0130mar ve \u00e7evre d\u00fczenlemeleri Toplant\u0131da, Konyaalt\u0131 Sahili&#8217;nde faaliyet g\u00f6steren i\u015fletmelerin imar d\u00fczenlemeleri, \u00e7evreye olumsuz etkileri ve mevzuata ayk\u0131r\u0131 yap\u0131la\u015fmalar masaya yat\u0131r\u0131ld\u0131. \u0130lgili kurum temsilcileri taraf\u0131ndan sunumlar yap\u0131larak sahilin mevcut durumu de\u011ferlendirildi ve sahildeki sorunlara y\u00f6nelik \u00e7\u00f6z\u00fcm \u00f6nerileri ele al\u0131nd\u0131. Valilikteki toplant\u0131ya; Antalya B\u00fcy\u00fck\u015fehir Belediye Ba\u015fkan\u0131 Muhittin B\u00f6cek, Konyaalt\u0131 Kaymakam\u0131 Rahmi K\u00f6se, Konyaalt\u0131 Belediye Ba\u015fkan\u0131 Cem Kotan, \u00c7evre \u015eehircilik ve \u0130klim De\u011fi\u015fikli\u011fi \u0130l M\u00fcd\u00fcr V. Ceyhan \u00d6\u011fren Eci\u015f ile ilgili kurum m\u00fcd\u00fcrleri kat\u0131ld\u0131. Kaynak: www.kanalv.com.tr Haber Sitesinden Al\u0131nm\u0131\u015ft\u0131r."}