{"version":"1.0","provider_name":"Av. Deniz Can K\u0131z\u0131l","provider_url":"https:\/\/denizcankizil.tr\/uk","author_name":"Av. Deniz Can K\u0131z\u0131l","author_url":"https:\/\/denizcankizil.tr\/uk","title":"Kayak merkezlerine yo\u011fun talep","type":"rich","width":600,"height":338,"html":"<blockquote class=\"wp-embedded-content\" data-secret=\"g5kFgCw0ZN\"><a href=\"https:\/\/denizcankizil.tr\/uk\/haberler\/antalya\/kayak-merkezlerine-yogun-talep\/\">Kayak merkezlerine yo\u011fun talep<\/a><\/blockquote><iframe sandbox=\"allow-scripts\" security=\"restricted\" src=\"https:\/\/denizcankizil.tr\/uk\/haberler\/antalya\/kayak-merkezlerine-yogun-talep\/embed\/#?secret=g5kFgCw0ZN\" width=\"600\" height=\"338\" title=\"&#8220;Kayak merkezlerine yo\u011fun talep&#8221; &#8212; Av. Deniz Can K\u0131z\u0131l\" data-secret=\"g5kFgCw0ZN\" frameborder=\"0\" marginwidth=\"0\" marginheight=\"0\" scrolling=\"no\" class=\"wp-embedded-content\"><\/iframe><script>\n\/*! This file is auto-generated *\/\n!function(d,l){\"use strict\";l.querySelector&&d.addEventListener&&\"undefined\"!=typeof URL&&(d.wp=d.wp||{},d.wp.receiveEmbedMessage||(d.wp.receiveEmbedMessage=function(e){var t=e.data;if((t||t.secret||t.message||t.value)&&!\/[^a-zA-Z0-9]\/.test(t.secret)){for(var s,r,n,a=l.querySelectorAll('iframe[data-secret=\"'+t.secret+'\"]'),o=l.querySelectorAll('blockquote[data-secret=\"'+t.secret+'\"]'),c=new RegExp(\"^https?:$\",\"i\"),i=0;i<o.length;i++)o[i].style.display=\"none\";for(i=0;i<a.length;i++)s=a[i],e.source===s.contentWindow&&(s.removeAttribute(\"style\"),\"height\"===t.message?(1e3<(r=parseInt(t.value,10))?r=1e3:~~r<200&&(r=200),s.height=r):\"link\"===t.message&&(r=new URL(s.getAttribute(\"src\")),n=new URL(t.value),c.test(n.protocol))&&n.host===r.host&&l.activeElement===s&&(d.top.location.href=t.value))}},d.addEventListener(\"message\",d.wp.receiveEmbedMessage,!1),l.addEventListener(\"DOMContentLoaded\",function(){for(var e,t,s=l.querySelectorAll(\"iframe.wp-embedded-content\"),r=0;r<s.length;r++)(t=(e=s[r]).getAttribute(\"data-secret\"))||(t=Math.random().toString(36).substring(2,12),e.src+=\"#?secret=\"+t,e.setAttribute(\"data-secret\",t)),e.contentWindow.postMessage({message:\"ready\",secret:t},\"*\")},!1)))}(window,document);\n\/\/# sourceURL=https:\/\/denizcankizil.tr\/wp-includes\/js\/wp-embed.min.js\n<\/script>","thumbnail_url":"https:\/\/denizcankizil.tr\/wp-content\/uploads\/2024\/12\/3819-01-dyUX78.jpeg","thumbnail_width":1280,"thumbnail_height":720,"description":"T\u00fcrkiye genelinde etkili olan kar ya\u011f\u0131\u015f\u0131 bir\u00e7ok b\u00f6lgede manzaralar olu\u015ftururken, y\u0131lba\u015f\u0131 tatili \u00f6ncesi ya\u015fanan yo\u011fun kar ya\u011f\u0131\u015f\u0131yla birlikte bir\u00e7ok kayak merkezi de k\u0131\u015f sezonunu a\u00e7t\u0131. Bu y\u0131l sal\u0131 ak\u015fam\u0131 kutlanacak y\u0131lba\u015f\u0131 tatili i\u00e7in yurt i\u00e7i tatil planlamas\u0131 yapanlar, genellikle 2-3 g\u00fcnl\u00fck turlar\u0131 tercih etti. En yo\u011fun talep ise kayak merkezlerine oldu. \u00d6zellikle son 1 haftad\u0131r, kayak merkezlerinde kar ya\u011f\u0131\u015f\u0131na ba\u011fl\u0131 rezervasyonlarda art\u0131\u015f oldu. DOLULUKLAR Y\u00dcZDE 90&#8217;I A\u015eTI T\u00dcROFED Ba\u015fkan\u0131 Erkan Ya\u011fc\u0131, y\u0131lba\u015f\u0131 \u00f6ncesi kayak merkezlerindeki kar kal\u0131nl\u0131klar\u0131n\u0131n kayak yap\u0131labilir d\u00fczeylere ula\u015fmas\u0131n\u0131n, bu b\u00f6lgelerdeki tesisler a\u00e7\u0131s\u0131ndan sevindirici oldu\u011funu s\u00f6yledi. Y\u0131lba\u015f\u0131 ve k\u0131\u015f sezonunda ge\u00e7en y\u0131llara paralel oranda kayak tesislerine ilgi olu\u015ftu\u011funu s\u00f6yleyen Ya\u011fc\u0131, y\u0131lba\u015f\u0131 tatilinde en b\u00fcy\u00fck ilginin kayak merkezlerine g\u00f6sterildi\u011fini belirtti. Kayak merkezlerindeki otellerde rezervasyonlar\u0131n y\u00fczde 90&#8217;\u0131 a\u015ft\u0131\u011f\u0131n\u0131, y\u0131lba\u015f\u0131nda tam dolulu\u011fa ula\u015fmas\u0131n\u0131 beklendiklerini a\u00e7\u0131klayan Ya\u011fc\u0131, turizm sekt\u00f6r\u00fcn\u00fcn en \u00f6nemli sorunu olarak ise kur ve enflasyon makas\u0131na dikkati \u00e7ekti. DAVRAZ SEZONU A\u00c7TI Isparta&#8217;da E\u011firdir G\u00f6l\u00fc manzaral\u0131, kent merkezine 26 kilometre mesafede, 2 bin 635 metre y\u00fckseklikteki Davraz Kayak Merkezi&#8217;ndeki pistlerde kar kal\u0131nl\u0131\u011f\u0131, yo\u011fun ya\u011f\u0131\u015fla birlikte 61 santimetreye ula\u015ft\u0131. Isparta \u0130l Genel Meclisi Ba\u015fkan\u0131 Mehmet Ali Ertu\u011frul, Davraz Kayak Merkezi&#8217;nde 28 Aral\u0131k Cumartesi itibar\u0131yla kayak sezonunun a\u00e7\u0131ld\u0131\u011f\u0131n\u0131 s\u00f6yledi. Ge\u00e7en sene istenen d\u00fczeyde ya\u011f\u0131\u015f olmad\u0131\u011f\u0131 i\u00e7in k\u00f6t\u00fc bir sezon ya\u015fand\u0131\u011f\u0131n\u0131 belirten Ertu\u011frul, \u201cBu &hellip;"}