{"version":"1.0","provider_name":"Av. Deniz Can K\u0131z\u0131l","provider_url":"https:\/\/denizcankizil.tr\/uk","author_name":"Av. Deniz Can K\u0131z\u0131l","author_url":"https:\/\/denizcankizil.tr\/uk","title":"Kalei\u00e7i'ndeki otele 'Ye\u015fil Anahtar'","type":"rich","width":600,"height":338,"html":"<blockquote class=\"wp-embedded-content\" data-secret=\"ZHYjUv69zd\"><a href=\"https:\/\/denizcankizil.tr\/uk\/haberler\/antalya\/kaleicindeki-otele-yesil-anahtar\/\">Kalei\u00e7i&#8217;ndeki otele &#8216;Ye\u015fil Anahtar&#8217;<\/a><\/blockquote><iframe sandbox=\"allow-scripts\" security=\"restricted\" src=\"https:\/\/denizcankizil.tr\/uk\/haberler\/antalya\/kaleicindeki-otele-yesil-anahtar\/embed\/#?secret=ZHYjUv69zd\" width=\"600\" height=\"338\" title=\"&#8220;Kalei\u00e7i&#8217;ndeki otele &#8216;Ye\u015fil Anahtar&#8217;&#8221; &#8212; Av. Deniz Can K\u0131z\u0131l\" data-secret=\"ZHYjUv69zd\" frameborder=\"0\" marginwidth=\"0\" marginheight=\"0\" scrolling=\"no\" class=\"wp-embedded-content\"><\/iframe><script>\n\/*! This file is auto-generated *\/\n!function(d,l){\"use strict\";l.querySelector&&d.addEventListener&&\"undefined\"!=typeof URL&&(d.wp=d.wp||{},d.wp.receiveEmbedMessage||(d.wp.receiveEmbedMessage=function(e){var t=e.data;if((t||t.secret||t.message||t.value)&&!\/[^a-zA-Z0-9]\/.test(t.secret)){for(var s,r,n,a=l.querySelectorAll('iframe[data-secret=\"'+t.secret+'\"]'),o=l.querySelectorAll('blockquote[data-secret=\"'+t.secret+'\"]'),c=new RegExp(\"^https?:$\",\"i\"),i=0;i<o.length;i++)o[i].style.display=\"none\";for(i=0;i<a.length;i++)s=a[i],e.source===s.contentWindow&&(s.removeAttribute(\"style\"),\"height\"===t.message?(1e3<(r=parseInt(t.value,10))?r=1e3:~~r<200&&(r=200),s.height=r):\"link\"===t.message&&(r=new URL(s.getAttribute(\"src\")),n=new URL(t.value),c.test(n.protocol))&&n.host===r.host&&l.activeElement===s&&(d.top.location.href=t.value))}},d.addEventListener(\"message\",d.wp.receiveEmbedMessage,!1),l.addEventListener(\"DOMContentLoaded\",function(){for(var e,t,s=l.querySelectorAll(\"iframe.wp-embedded-content\"),r=0;r<s.length;r++)(t=(e=s[r]).getAttribute(\"data-secret\"))||(t=Math.random().toString(36).substring(2,12),e.src+=\"#?secret=\"+t,e.setAttribute(\"data-secret\",t)),e.contentWindow.postMessage({message:\"ready\",secret:t},\"*\")},!1)))}(window,document);\n\/\/# sourceURL=https:\/\/denizcankizil.tr\/wp-includes\/js\/wp-embed.min.js\n<\/script>","thumbnail_url":"https:\/\/denizcankizil.tr\/wp-content\/uploads\/2024\/11\/3171-01-pJIgWe.jpeg","thumbnail_width":1280,"thumbnail_height":720,"description":"Kalei\u00e7i semtindeki otelin sahiplerinden Dr. Ay\u015fe G\u00fcnbey \u015eerifo\u011flu, Ku\u015fadas\u0131 Belediyesi Ba\u015fkan Yard\u0131mc\u0131s\u0131 olarak uzun y\u0131llar g\u00f6rev yapt\u0131. \u00c7evre ve K\u00fclt\u00fcr De\u011ferlerini Koruma ve Tan\u0131tma Vakf\u0131 (\u00c7EK\u00dcL) Ku\u015fadas\u0131 Temsilcili\u011fini de y\u00fcr\u00fcten ve halen T\u00fcrkiye \u00c7evre E\u011fitim Vakf\u0131 (T\u00dcR\u00c7EV) ve Habitat Derne\u011fi y\u00f6netim kurulu \u00fcyesi olan \u015eerifo\u011flu, emekli olduktan sonra aile otelini i\u015fletmeye ba\u015flad\u0131. GURURLA DALGALANIYOR &#8216;Ye\u015fil Anahtar&#8217;\u0131n bir kez daha sahibi olman\u0131n heyecan\u0131n\u0131 ya\u015fayan konaklama tesisinin i\u015fletmecisi Dr. Ay\u015fe G\u00fcnbey \u015eerifo\u011flu, &#8220;Ye\u015fil Anahtar; \u00e7evrenin korunmas\u0131 y\u00f6n\u00fcndeki giri\u015fimleri \u00f6d\u00fcllendirerek destekleyen, iklim de\u011fi\u015fikli\u011finin \u00f6nlenmesi ve s\u00fcrd\u00fcr\u00fclebilir turizme katk\u0131da bulunmay\u0131 ama\u00e7layan uluslararas\u0131 bir \u00e7evre \u00f6d\u00fcl\u00fcd\u00fcr&#8221; dedi. \u015eerifo\u011flu, tesisinin &#8216;Ye\u015fil Anahtarl\u0131&#8217; tesisler aras\u0131nda yer almas\u0131ndan, Kalei\u00e7i semtinde ise ilk olmaktan, &#8216;Ye\u015fil Anahtar Bayra\u011f\u0131&#8217;n\u0131 dalgaland\u0131rmaktan dolay\u0131 mutlu oldu\u011funu, gurur duydu\u011funu s\u00f6yledi. 150 KR\u0130TER YER\u0130NE GET\u0130R\u0130LD\u0130 Ay\u015fe G\u00fcnbey \u015eerifo\u011flu, s\u00f6zlerini \u015f\u00f6yle s\u00fcrd\u00fcrd\u00fc: &#8220;T\u00dcR\u00c7EV koordinasyonunda y\u00fcr\u00fct\u00fclen ve &#8216;Mavi Bayrak&#8217; gibi \u00f6nemli bir \u00f6d\u00fcl haline gelen &#8216;Ye\u015fil Anahtar&#8217; Antalya b\u00f6lgesindeki bir\u00e7ok konaklama tesisine verildi. Tesisimiz ise Kalei\u00e7i semtinde kriterleri yerine getirip ilk oldu. Uluslararas\u0131 \u00c7evre E\u011fitim Vakf\u0131- FEE&#8217;nin y\u00fcr\u00fctt\u00fc\u011f\u00fc 5 programdan biri olan &#8216;Ye\u015fil Anahtar \u00d6d\u00fcl\u00fc&#8217; d\u00fcnyada 60&#8217;tan fazla \u00fclkede uygulan\u0131yor. &#8216;Ye\u015fil Anahtar&#8217;, uluslararas\u0131 yeni bir eko-etiketidir. T\u00fcrkiye&#8217;de program\u0131 2011 y\u0131l\u0131ndan beri T\u00dcR\u00c7EV y\u00fcr\u00fct\u00fcyor. &#8216;Ye\u015fil Anahtar&#8217; \u00f6d\u00fcl\u00fcnde otel kategorisi kriter setinde 76 zorunlu, 74 k\u0131lavuz olmak \u00fczere toplam 150 &hellip;"}