{"version":"1.0","provider_name":"Av. Deniz Can K\u0131z\u0131l","provider_url":"https:\/\/denizcankizil.tr\/uk","author_name":"Av. Deniz Can K\u0131z\u0131l","author_url":"https:\/\/denizcankizil.tr\/uk\/author\/denizcankizil\/","title":"\u0130lk i\u015f g\u00fcn\u00fcnde hayat\u0131n\u0131 kaybetti","type":"rich","width":600,"height":338,"html":"<blockquote class=\"wp-embedded-content\" data-secret=\"VUQko67ONh\"><a href=\"https:\/\/denizcankizil.tr\/uk\/haberler\/antalya\/ilk-is-gununde-hayatini-kaybetti\/\">\u0130lk i\u015f g\u00fcn\u00fcnde hayat\u0131n\u0131 kaybetti<\/a><\/blockquote><iframe sandbox=\"allow-scripts\" security=\"restricted\" src=\"https:\/\/denizcankizil.tr\/uk\/haberler\/antalya\/ilk-is-gununde-hayatini-kaybetti\/embed\/#?secret=VUQko67ONh\" width=\"600\" height=\"338\" title=\"&#8220;\u0130lk i\u015f g\u00fcn\u00fcnde hayat\u0131n\u0131 kaybetti&#8221; &#8212; Av. Deniz Can K\u0131z\u0131l\" data-secret=\"VUQko67ONh\" frameborder=\"0\" marginwidth=\"0\" marginheight=\"0\" scrolling=\"no\" class=\"wp-embedded-content\"><\/iframe><script>\n\/*! This file is auto-generated *\/\n!function(d,l){\"use strict\";l.querySelector&&d.addEventListener&&\"undefined\"!=typeof URL&&(d.wp=d.wp||{},d.wp.receiveEmbedMessage||(d.wp.receiveEmbedMessage=function(e){var t=e.data;if((t||t.secret||t.message||t.value)&&!\/[^a-zA-Z0-9]\/.test(t.secret)){for(var s,r,n,a=l.querySelectorAll('iframe[data-secret=\"'+t.secret+'\"]'),o=l.querySelectorAll('blockquote[data-secret=\"'+t.secret+'\"]'),c=new RegExp(\"^https?:$\",\"i\"),i=0;i<o.length;i++)o[i].style.display=\"none\";for(i=0;i<a.length;i++)s=a[i],e.source===s.contentWindow&&(s.removeAttribute(\"style\"),\"height\"===t.message?(1e3<(r=parseInt(t.value,10))?r=1e3:~~r<200&&(r=200),s.height=r):\"link\"===t.message&&(r=new URL(s.getAttribute(\"src\")),n=new URL(t.value),c.test(n.protocol))&&n.host===r.host&&l.activeElement===s&&(d.top.location.href=t.value))}},d.addEventListener(\"message\",d.wp.receiveEmbedMessage,!1),l.addEventListener(\"DOMContentLoaded\",function(){for(var e,t,s=l.querySelectorAll(\"iframe.wp-embedded-content\"),r=0;r<s.length;r++)(t=(e=s[r]).getAttribute(\"data-secret\"))||(t=Math.random().toString(36).substring(2,12),e.src+=\"#?secret=\"+t,e.setAttribute(\"data-secret\",t)),e.contentWindow.postMessage({message:\"ready\",secret:t},\"*\")},!1)))}(window,document);\n\/\/# sourceURL=https:\/\/denizcankizil.tr\/wp-includes\/js\/wp-embed.min.js\n<\/script>","thumbnail_url":"https:\/\/denizcankizil.tr\/wp-content\/uploads\/2025\/05\/6193-01-Yc6YQT.jpg","thumbnail_width":1280,"thumbnail_height":720,"description":"Olay, sabah saat 09.00 s\u0131ralar\u0131nda Sakarya Bulvar\u0131 2566 Sokak&#8217;taki yap\u0131m\u0131 devam eden 5 katl\u0131 bir in\u015faatta meydana geldi. Edinilen bilgiye g\u00f6re, i\u015finin ilk g\u00fcn\u00fcnde olan yabanc\u0131 uyruklu Muhammed Mirrey (26), kuzeniyle birlikte kal\u0131p s\u00f6kmek i\u00e7in \u00e7al\u0131\u015fmaya ba\u015flad\u0131. Daha \u00f6nce ba\u015fka bir in\u015faatta \u00e7al\u0131\u015ft\u0131\u011f\u0131 ancak paras\u0131n\u0131 alamad\u0131\u011f\u0131 \u00f6\u011frenilen Mirrey&#8217;in yakla\u015f\u0131k 2 ay \u00f6nce \u00fclkesinde ni\u015fanland\u0131\u011f\u0131 ve T\u00fcrkiye&#8217;ye tekrar d\u00f6n\u00fc\u015f yapt\u0131\u011f\u0131 \u00f6\u011frenildi. \u0130n\u015faat\u0131n 4&#8217;\u00fcnc\u00fc kat\u0131nda kal\u0131p s\u00f6k\u00fcm i\u015flemi yapan Miray, hen\u00fcz bilinmeyen nedenden \u00f6t\u00fcr\u00fc eksi 2&#8217;nci kat\u0131n beton zeminine d\u00fc\u015ft\u00fc. \u0130hbar \u00fczerine olay yerine sa\u011fl\u0131k ve polis ekipleri sevk edildi. Sa\u011fl\u0131k ekipleri, gen\u00e7 i\u015f\u00e7inin olay yerinde hayat\u0131n\u0131 kaybetti\u011fini belirledi. Olay yerinde yap\u0131lan savc\u0131l\u0131k ve polis incelemesinin ard\u0131ndan cenazesi, d\u00fc\u015ft\u00fc\u011f\u00fc eksi 2&#8217;nci kattan \u00e7\u0131kar\u0131larak cenaze arac\u0131na al\u0131nd\u0131. Bu s\u0131rada Mirrey&#8217;in arkada\u015flar\u0131 g\u00f6zya\u015flar\u0131na hakim olamazken, olay yerinde b\u00fcy\u00fck \u00fcz\u00fcnt\u00fc ya\u015fand\u0131. Mirrey&#8217;in cenazesi, otopsi yap\u0131lmak \u00fczere Antalya Adli T\u0131p Kurumu morguna kald\u0131r\u0131ld\u0131. Olayla ilgili inceleme ba\u015flat\u0131ld\u0131. Kaynak: www.kanalv.com.tr Haber Sitesinden Al\u0131nm\u0131\u015ft\u0131r."}