{"version":"1.0","provider_name":"Av. Deniz Can K\u0131z\u0131l","provider_url":"https:\/\/denizcankizil.tr\/uk","author_name":"Av. Deniz Can K\u0131z\u0131l","author_url":"https:\/\/denizcankizil.tr\/uk\/author\/denizcankizil\/","title":"Fatih Tekke'den ma\u00e7 sonu yorumu","type":"rich","width":600,"height":338,"html":"<blockquote class=\"wp-embedded-content\" data-secret=\"4pSW0SwZoK\"><a href=\"https:\/\/denizcankizil.tr\/uk\/haberler\/antalya\/fatih-tekkeden-mac-sonu-yorumu\/\">Fatih Tekke&#8217;den ma\u00e7 sonu yorumu<\/a><\/blockquote><iframe sandbox=\"allow-scripts\" security=\"restricted\" src=\"https:\/\/denizcankizil.tr\/uk\/haberler\/antalya\/fatih-tekkeden-mac-sonu-yorumu\/embed\/#?secret=4pSW0SwZoK\" width=\"600\" height=\"338\" title=\"&#8220;Fatih Tekke&#8217;den ma\u00e7 sonu yorumu&#8221; &#8212; Av. Deniz Can K\u0131z\u0131l\" data-secret=\"4pSW0SwZoK\" frameborder=\"0\" marginwidth=\"0\" marginheight=\"0\" scrolling=\"no\" class=\"wp-embedded-content\"><\/iframe><script>\n\/*! This file is auto-generated *\/\n!function(d,l){\"use strict\";l.querySelector&&d.addEventListener&&\"undefined\"!=typeof URL&&(d.wp=d.wp||{},d.wp.receiveEmbedMessage||(d.wp.receiveEmbedMessage=function(e){var t=e.data;if((t||t.secret||t.message||t.value)&&!\/[^a-zA-Z0-9]\/.test(t.secret)){for(var s,r,n,a=l.querySelectorAll('iframe[data-secret=\"'+t.secret+'\"]'),o=l.querySelectorAll('blockquote[data-secret=\"'+t.secret+'\"]'),c=new RegExp(\"^https?:$\",\"i\"),i=0;i<o.length;i++)o[i].style.display=\"none\";for(i=0;i<a.length;i++)s=a[i],e.source===s.contentWindow&&(s.removeAttribute(\"style\"),\"height\"===t.message?(1e3<(r=parseInt(t.value,10))?r=1e3:~~r<200&&(r=200),s.height=r):\"link\"===t.message&&(r=new URL(s.getAttribute(\"src\")),n=new URL(t.value),c.test(n.protocol))&&n.host===r.host&&l.activeElement===s&&(d.top.location.href=t.value))}},d.addEventListener(\"message\",d.wp.receiveEmbedMessage,!1),l.addEventListener(\"DOMContentLoaded\",function(){for(var e,t,s=l.querySelectorAll(\"iframe.wp-embedded-content\"),r=0;r<s.length;r++)(t=(e=s[r]).getAttribute(\"data-secret\"))||(t=Math.random().toString(36).substring(2,12),e.src+=\"#?secret=\"+t,e.setAttribute(\"data-secret\",t)),e.contentWindow.postMessage({message:\"ready\",secret:t},\"*\")},!1)))}(window,document);\n\/\/# sourceURL=https:\/\/denizcankizil.tr\/wp-includes\/js\/wp-embed.min.js\n<\/script>","thumbnail_url":"https:\/\/denizcankizil.tr\/wp-content\/uploads\/2025\/05\/a-w466926-01-UoOR25.jpg","thumbnail_width":1280,"thumbnail_height":720,"description":"S\u00fcper Lig\u2019in son haftas\u0131nda Trabzonspor, deplasmanda Antalyaspor\u2019u 2-0 ma\u011flup etti. Ma\u00e7\u0131n ard\u0131ndan d\u00fczenlenen bas\u0131n toplant\u0131s\u0131nda konu\u015fan Teknik Direkt\u00f6r Fatih Tekke, hem kar\u015f\u0131la\u015fmay\u0131 hem de g\u00f6reve geldikten sonra ge\u00e7en 11 haftal\u0131k d\u00f6nemi de\u011ferlendirdi. Tekke, &#8220;90 dakikas\u0131 bizim \u00fcst\u00fcnl\u00fc\u011f\u00fcm\u00fczle ge\u00e7en bir ma\u00e7 her \u015feyle beraber. Hak etti\u011fimiz bir galibiyet. Geldi\u011fimizden bu yana 11. lig ma\u00e7\u0131m\u0131z, bence gayet iyi ba\u015fard\u0131k. \u00c7ok problem olu\u015fturulmas\u0131na ra\u011fmen \u00e7ok \u015f\u00fck\u00fcr, \u00e7ok iyi ba\u015fard\u0131k&#8221; dedi. &#8220;Gen\u00e7 oyuncular i\u00e7in \u00f6nemli bir g\u00fcnd\u00fc&#8221; Kar\u015f\u0131la\u015fmada sahaya \u00e7\u0131kan gen\u00e7 oyuncular\u0131n performans\u0131ndan memnuniyet duydu\u011funu belirten Fatih Tekke, \u00f6zellikle ilk kez 11\u2019de sahaya \u00e7\u0131kan Ali\u2019ye dikkat \u00e7ekti. Tekke, &#8220;Ali\u2019ye bir parantez a\u00e7mak laz\u0131m. \u0130lk 11\u2019de oynad\u0131\u011f\u0131 ilk ma\u00e7. \u00c7ok iyi oynad\u0131. Gen\u00e7lerimizin eksiklerinin tamamlanmas\u0131 laz\u0131m, \u00e7ok eksi\u011fimiz var. Antrenmanlar ve s\u00fcreler \u00f6nemli. Bu i\u015f bir s\u00fcre\u00e7 i\u015fi&#8221; \u015feklinde konu\u015ftu. &#8220;Fiziksel de\u011ferler beni rahats\u0131z etti&#8221; Tak\u0131ma geldi\u011finde en \u00e7ok rahats\u0131zl\u0131k duydu\u011fu konunun oyuncular\u0131n fiziksel durumu oldu\u011funu vurgulayan Tekke, oyunu h\u0131zl\u0131 oynamak istediklerini ancak mevcut yap\u0131n\u0131n bunu desteklemedi\u011fini \u015fu \u015fekilde dile getirdi: &#8220;Geldi\u011fimde beni en rahats\u0131z eden \u015fey de\u011ferlerdi, \u00f6zellikle fiziksel de\u011ferler. Oyuncular\u0131ma hep h\u0131zl\u0131 oynamam\u0131z gerekti\u011fini s\u00f6yledim. \u00d6n alan bask\u0131l\u0131 bir oyun hedefledik ama sezonun sonuna gelmemiz, baz\u0131 oyuncular\u0131n fiziksel durumu ve sakatl\u0131klar bu konuda risk almam\u0131z\u0131 engelledi.&#8221; &#8220;Tak\u0131mda sadece futbolcular de\u011fil, insanlar var&#8221; Trabzonspor\u2019un &hellip;"}