{"version":"1.0","provider_name":"Av. Deniz Can K\u0131z\u0131l","provider_url":"https:\/\/denizcankizil.tr\/uk","author_name":"Av. Deniz Can K\u0131z\u0131l","author_url":"https:\/\/denizcankizil.tr\/uk\/author\/denizcankizil\/","title":"Failler 7 y\u0131ld\u0131r bulunamad\u0131","type":"rich","width":600,"height":338,"html":"<blockquote class=\"wp-embedded-content\" data-secret=\"Xnarhe4kHa\"><a href=\"https:\/\/denizcankizil.tr\/uk\/haberler\/antalya\/failler-7-yildir-bulunamadi\/\">Failler 7 y\u0131ld\u0131r bulunamad\u0131<\/a><\/blockquote><iframe sandbox=\"allow-scripts\" security=\"restricted\" src=\"https:\/\/denizcankizil.tr\/uk\/haberler\/antalya\/failler-7-yildir-bulunamadi\/embed\/#?secret=Xnarhe4kHa\" width=\"600\" height=\"338\" title=\"&#8220;Failler 7 y\u0131ld\u0131r bulunamad\u0131&#8221; &#8212; Av. Deniz Can K\u0131z\u0131l\" data-secret=\"Xnarhe4kHa\" frameborder=\"0\" marginwidth=\"0\" marginheight=\"0\" scrolling=\"no\" class=\"wp-embedded-content\"><\/iframe><script>\n\/*! This file is auto-generated *\/\n!function(d,l){\"use strict\";l.querySelector&&d.addEventListener&&\"undefined\"!=typeof URL&&(d.wp=d.wp||{},d.wp.receiveEmbedMessage||(d.wp.receiveEmbedMessage=function(e){var t=e.data;if((t||t.secret||t.message||t.value)&&!\/[^a-zA-Z0-9]\/.test(t.secret)){for(var s,r,n,a=l.querySelectorAll('iframe[data-secret=\"'+t.secret+'\"]'),o=l.querySelectorAll('blockquote[data-secret=\"'+t.secret+'\"]'),c=new RegExp(\"^https?:$\",\"i\"),i=0;i<o.length;i++)o[i].style.display=\"none\";for(i=0;i<a.length;i++)s=a[i],e.source===s.contentWindow&&(s.removeAttribute(\"style\"),\"height\"===t.message?(1e3<(r=parseInt(t.value,10))?r=1e3:~~r<200&&(r=200),s.height=r):\"link\"===t.message&&(r=new URL(s.getAttribute(\"src\")),n=new URL(t.value),c.test(n.protocol))&&n.host===r.host&&l.activeElement===s&&(d.top.location.href=t.value))}},d.addEventListener(\"message\",d.wp.receiveEmbedMessage,!1),l.addEventListener(\"DOMContentLoaded\",function(){for(var e,t,s=l.querySelectorAll(\"iframe.wp-embedded-content\"),r=0;r<s.length;r++)(t=(e=s[r]).getAttribute(\"data-secret\"))||(t=Math.random().toString(36).substring(2,12),e.src+=\"#?secret=\"+t,e.setAttribute(\"data-secret\",t)),e.contentWindow.postMessage({message:\"ready\",secret:t},\"*\")},!1)))}(window,document);\n\/\/# sourceURL=https:\/\/denizcankizil.tr\/wp-includes\/js\/wp-embed.min.js\n<\/script>","description":"Kaza, 22 Temmuz 2018 sabah\u0131 Eski Lara Caddesi&#8217;nde meydana geldi. Markette kasiyer olarak \u00e7al\u0131\u015fan \u0130smail K\u00fc\u00e7\u00fcksayac\u0131gil, i\u015fe gitmek \u00fczere motosikletiyle yola \u00e7\u0131kt\u0131. \u0130ddiaya g\u00f6re, yan\u0131ndan ge\u00e7en motosikletli 2 ki\u015fi kas\u0131tl\u0131 olarak K\u00fc\u00e7\u00fcksayac\u0131gil\u2019e temas etti. Dengesini kaybeden \u0130smail K\u00fc\u00e7\u00fcksayac\u0131gil, devrilen motosikletinden d\u00fc\u015ferek ba\u015f\u0131n\u0131 elektrik dire\u011fine \u00e7arpt\u0131. \u00c7a\u011f\u0131r\u0131lan sa\u011fl\u0131k ekipleri, \u0130smail K\u00fc\u00e7\u00fcksayac\u0131gil&#8217;in hayat\u0131n\u0131 kaybetti\u011fini belirledi. Kaza, \u00e7evredeki g\u00fcvenlik kameralar\u0131na yans\u0131d\u0131. HAYATIMIZ \u0130K\u0130YE B\u00d6L\u00dcND\u00dc Anne Cevriye K\u00fc\u00e7\u00fcksayac\u0131gil, kazadan sonra hayatlar\u0131n\u0131n tamamen de\u011fi\u015fti\u011fini belirterek, &#8220;\u0130\u015fe giderken Eski Lara Caddesi&#8217;nde motosikletli 2 ki\u015finin ona temas edip dengesini kaybettirip, d\u00fc\u015f\u00fcrd\u00fc\u011f\u00fcn\u00fc g\u00f6r\u00fcyoruz. Ambulans 2-3 dakika i\u00e7inde gelmi\u015f. Bize s\u00f6yledikleri, \u00f6l\u00fc olarak ambulansa al\u0131nd\u0131\u011f\u0131 ve hastaneye g\u00f6t\u00fcr\u00fcld\u00fc\u011f\u00fc. Biz o g\u00fcn \u015fehir d\u0131\u015f\u0131ndayd\u0131k. O da i\u015finden izin alamad\u0131\u011f\u0131 i\u00e7in burada kalm\u0131\u015ft\u0131. O g\u00fcn bir \u015fey oldu\u011funu hissettim. Akrabalar\u0131m\u0131z, arkada\u015flar\u0131m\u0131z hepsi gelmi\u015f&#8221; dedi. &#8216;MEZARINA EKT\u0130\u011e\u0130M \u00c7\u0130\u00c7EKLERLE TESELL\u0130 BULUYORUM&#8217; \u0130smail&#8217;in ilk \u00e7ocu\u011fu oldu\u011funu anlatan Cevriye Sayac\u0131gil, &#8220;2 karde\u015fi daha var. Buraya gelip mezar\u0131na ekti\u011fim \u00e7i\u00e7eklerle teselli buluyorum, onunla konu\u015fuyorum. Hayat\u0131m\u0131z \u0130smail&#8217;den \u00f6nce ve sonra, diye ikiye ayr\u0131ld\u0131. Kazadan sonra her \u015fey de\u011fi\u015fti. Bir taraf\u0131m\u0131z hep y\u0131k\u0131k. \u00c7ok b\u00fcy\u00fck hayalleri vard\u0131, \u00e7ok zeki bir \u00e7ocuktu. \u00dcniversiteye gidecekti, her \u015feyi yar\u0131m kald\u0131. \u015eikayet\u00e7i olduk ama hala bir sonu\u00e7 \u00e7\u0131kmad\u0131. Adalet istiyoruz&#8221; diye konu\u015ftu. &#8216;TEMAS OLDU\u011eU RAPORDA YAZIYOR&#8217; Baba Mehmet K\u00fc\u00e7\u00fcksayac\u0131gil de &#8220;Kazaya sebep &hellip;"}