{"version":"1.0","provider_name":"Av. Deniz Can K\u0131z\u0131l","provider_url":"https:\/\/denizcankizil.tr\/uk","author_name":"Av. Deniz Can K\u0131z\u0131l","author_url":"https:\/\/denizcankizil.tr\/uk\/author\/denizcankizil\/","title":"Evinin yan\u0131\u015f\u0131n\u0131 \u00e7aresizce izledi","type":"rich","width":600,"height":338,"html":"<blockquote class=\"wp-embedded-content\" data-secret=\"0RecqLFbtL\"><a href=\"https:\/\/denizcankizil.tr\/uk\/haberler\/antalya\/evinin-yanisini-caresizce-izledi\/\">Evinin yan\u0131\u015f\u0131n\u0131 \u00e7aresizce izledi<\/a><\/blockquote><iframe sandbox=\"allow-scripts\" security=\"restricted\" src=\"https:\/\/denizcankizil.tr\/uk\/haberler\/antalya\/evinin-yanisini-caresizce-izledi\/embed\/#?secret=0RecqLFbtL\" width=\"600\" height=\"338\" title=\"&#8220;Evinin yan\u0131\u015f\u0131n\u0131 \u00e7aresizce izledi&#8221; &#8212; Av. Deniz Can K\u0131z\u0131l\" data-secret=\"0RecqLFbtL\" frameborder=\"0\" marginwidth=\"0\" marginheight=\"0\" scrolling=\"no\" class=\"wp-embedded-content\"><\/iframe><script>\n\/*! This file is auto-generated *\/\n!function(d,l){\"use strict\";l.querySelector&&d.addEventListener&&\"undefined\"!=typeof URL&&(d.wp=d.wp||{},d.wp.receiveEmbedMessage||(d.wp.receiveEmbedMessage=function(e){var t=e.data;if((t||t.secret||t.message||t.value)&&!\/[^a-zA-Z0-9]\/.test(t.secret)){for(var s,r,n,a=l.querySelectorAll('iframe[data-secret=\"'+t.secret+'\"]'),o=l.querySelectorAll('blockquote[data-secret=\"'+t.secret+'\"]'),c=new RegExp(\"^https?:$\",\"i\"),i=0;i<o.length;i++)o[i].style.display=\"none\";for(i=0;i<a.length;i++)s=a[i],e.source===s.contentWindow&&(s.removeAttribute(\"style\"),\"height\"===t.message?(1e3<(r=parseInt(t.value,10))?r=1e3:~~r<200&&(r=200),s.height=r):\"link\"===t.message&&(r=new URL(s.getAttribute(\"src\")),n=new URL(t.value),c.test(n.protocol))&&n.host===r.host&&l.activeElement===s&&(d.top.location.href=t.value))}},d.addEventListener(\"message\",d.wp.receiveEmbedMessage,!1),l.addEventListener(\"DOMContentLoaded\",function(){for(var e,t,s=l.querySelectorAll(\"iframe.wp-embedded-content\"),r=0;r<s.length;r++)(t=(e=s[r]).getAttribute(\"data-secret\"))||(t=Math.random().toString(36).substring(2,12),e.src+=\"#?secret=\"+t,e.setAttribute(\"data-secret\",t)),e.contentWindow.postMessage({message:\"ready\",secret:t},\"*\")},!1)))}(window,document);\n\/\/# sourceURL=https:\/\/denizcankizil.tr\/wp-includes\/js\/wp-embed.min.js\n<\/script>","thumbnail_url":"https:\/\/denizcankizil.tr\/wp-content\/uploads\/2025\/02\/4546-01-q7mGPY.jpeg","thumbnail_width":1280,"thumbnail_height":720,"description":"Yang\u0131n saat 13.00 s\u0131ralar\u0131nda Kepez il\u00e7esi Kaz\u0131m Karabekir Mahallesi 6343 sokak \u00fczerindeki gecekonduda meydan geldi. Al\u0131nan bilgiye g\u00f6re, hurdac\u0131l\u0131kla ge\u00e7imini sa\u011flayan Fahri Kurt\u00e7u (64) ile o\u011flu Serkan Kurt\u00e7u&#8217;nun (28) ya\u015fad\u0131\u011f\u0131 gecekonduda sobadan dolay\u0131 yang\u0131n \u00e7\u0131kt\u0131. Bu s\u0131rada babas\u0131 d\u0131\u015far\u0131da olan Serkan Kurt\u00e7u, alevlere m\u00fcdahale etmeye \u00e7al\u0131\u015fsa da yang\u0131n\u0131 s\u00f6nd\u00fcremeyince pencereden kendini d\u0131\u015far\u0131ya att\u0131. \u00c7evredekilerin ihbar\u0131 \u00fczerine olay yerine \u00e7ok say\u0131da itfaiye, polis ve sa\u011fl\u0131k ekibi sevk edildi. T\u00fcm odalar\u0131 saran yang\u0131n, itfaiye ekiplerince 1 saatlik \u00e7al\u0131\u015fman\u0131n ard\u0131ndan s\u00f6nd\u00fcr\u00fcld\u00fc. Ba\u015f\u0131n\u0131 duvara yaslad\u0131 \u0130tfaiye ekiplerinin \u00e7al\u0131\u015fmas\u0131 esnas\u0131nda baba Fahri Kurt\u00e7u, evinin yan\u0131\u015f\u0131n\u0131 \u00e7aresiz g\u00f6zlerle izledi. Zaman zaman ekiplere yard\u0131mc\u0131 olmak isteyen Kurt\u00e7u, evin yanm\u0131\u015f odalar\u0131na bakt\u0131k\u00e7a kafas\u0131n\u0131 duvara yaslad\u0131. Alevlerden can\u0131n\u0131 zor kurtaran Serkan Kurt\u00e7u&#8217;nun ise evinin yanmas\u0131ndan dolay\u0131 b\u00fcy\u00fck \u00fcz\u00fcnt\u00fc ya\u015fad\u0131\u011f\u0131 g\u00f6zlendi. &#8220;Nerede kalaca\u011f\u0131z bilmiyorum&#8221; Serkan Kurt\u00e7u, &#8220;Yang\u0131n zaten bir anda \u00e7\u0131kt\u0131. Terastan dumanlar \u00e7\u0131kt\u0131. Kap\u0131ya do\u011fru ko\u015ftum ancak alevler y\u00fcz\u00fcme vurmaya ba\u015flad\u0131, \u00e7\u0131kamad\u0131m. Pencereyi k\u0131rd\u0131m ve kendimi d\u0131\u015far\u0131ya \u00e7\u0131kt\u0131m. Babamla beraber evde ya\u015f\u0131yorduk ama o d\u0131\u015far\u0131ya \u00e7\u0131km\u0131\u015ft\u0131. Benden ba\u015fka kimse evde yoktu. Nerede kalaca\u011f\u0131m\u0131z\u0131 da bilmiyorum. Ev diye bir \u015fey kalmad\u0131&#8221; dedi. &#8220;Ev alevler i\u00e7erisindeydi&#8221; Kurt\u00e7u ailesinin kom\u015fusu olan bir vatanda\u015f ise &#8220;Ben d\u0131\u015far\u0131da odun topluyordum. Bir anda kara dumanlar\u0131n \u00e7\u0131kt\u0131\u011f\u0131n\u0131 g\u00f6rd\u00fcm. Ev alevler i\u00e7erisindeydi. O\u011flu kendi imkanlar\u0131yla d\u0131\u015far\u0131ya \u00e7\u0131km\u0131\u015ft\u0131. &hellip;"}