{"version":"1.0","provider_name":"Av. Deniz Can K\u0131z\u0131l","provider_url":"https:\/\/denizcankizil.tr\/uk","author_name":"Av. Deniz Can K\u0131z\u0131l","author_url":"https:\/\/denizcankizil.tr\/uk\/author\/denizcankizil\/","title":"Engelsiz, e\u011flence ve lezzet dolu etkinlik","type":"rich","width":600,"height":338,"html":"<blockquote class=\"wp-embedded-content\" data-secret=\"kdlRirmsds\"><a href=\"https:\/\/denizcankizil.tr\/uk\/haberler\/antalya\/engelsiz-eglence-ve-lezzet-dolu-etkinlik\/\">Engelsiz, e\u011flence ve lezzet dolu etkinlik<\/a><\/blockquote><iframe sandbox=\"allow-scripts\" security=\"restricted\" src=\"https:\/\/denizcankizil.tr\/uk\/haberler\/antalya\/engelsiz-eglence-ve-lezzet-dolu-etkinlik\/embed\/#?secret=kdlRirmsds\" width=\"600\" height=\"338\" title=\"&#8220;Engelsiz, e\u011flence ve lezzet dolu etkinlik&#8221; &#8212; Av. Deniz Can K\u0131z\u0131l\" data-secret=\"kdlRirmsds\" frameborder=\"0\" marginwidth=\"0\" marginheight=\"0\" scrolling=\"no\" class=\"wp-embedded-content\"><\/iframe><script>\n\/*! This file is auto-generated *\/\n!function(d,l){\"use strict\";l.querySelector&&d.addEventListener&&\"undefined\"!=typeof URL&&(d.wp=d.wp||{},d.wp.receiveEmbedMessage||(d.wp.receiveEmbedMessage=function(e){var t=e.data;if((t||t.secret||t.message||t.value)&&!\/[^a-zA-Z0-9]\/.test(t.secret)){for(var s,r,n,a=l.querySelectorAll('iframe[data-secret=\"'+t.secret+'\"]'),o=l.querySelectorAll('blockquote[data-secret=\"'+t.secret+'\"]'),c=new RegExp(\"^https?:$\",\"i\"),i=0;i<o.length;i++)o[i].style.display=\"none\";for(i=0;i<a.length;i++)s=a[i],e.source===s.contentWindow&&(s.removeAttribute(\"style\"),\"height\"===t.message?(1e3<(r=parseInt(t.value,10))?r=1e3:~~r<200&&(r=200),s.height=r):\"link\"===t.message&&(r=new URL(s.getAttribute(\"src\")),n=new URL(t.value),c.test(n.protocol))&&n.host===r.host&&l.activeElement===s&&(d.top.location.href=t.value))}},d.addEventListener(\"message\",d.wp.receiveEmbedMessage,!1),l.addEventListener(\"DOMContentLoaded\",function(){for(var e,t,s=l.querySelectorAll(\"iframe.wp-embedded-content\"),r=0;r<s.length;r++)(t=(e=s[r]).getAttribute(\"data-secret\"))||(t=Math.random().toString(36).substring(2,12),e.src+=\"#?secret=\"+t,e.setAttribute(\"data-secret\",t)),e.contentWindow.postMessage({message:\"ready\",secret:t},\"*\")},!1)))}(window,document);\n\/\/# sourceURL=https:\/\/denizcankizil.tr\/wp-includes\/js\/wp-embed.min.js\n<\/script>","thumbnail_url":"https:\/\/denizcankizil.tr\/wp-content\/uploads\/2025\/02\/4658-01-u1j08M.jpeg","thumbnail_width":1280,"thumbnail_height":720,"description":"Alanya Belediyesi Engelsiz Park ve Ya\u015fam Merkezi taraf\u0131ndan, engelli bireylerin sosyal ya\u015famda daha aktif ve ba\u011f\u0131ms\u0131z olmalar\u0131n\u0131 sa\u011flamak amac\u0131yla y\u00fcr\u00fctt\u00fc\u011f\u00fc Engelsiz Mutfak At\u00f6lyesi Projesi kapsam\u0131nda anlaml\u0131 bir etkinlik d\u00fczenledi. Etkinlikte, engelli bireyler uzman diyetisyen rehberli\u011finde ger\u00e7ekle\u015ftirilen \u0131slak kek yap\u0131m at\u00f6lyesinde bir araya geldi. Kat\u0131l\u0131mc\u0131lar, mutfakta ge\u00e7irdikleri vakit boyunca hem yeni beceriler kazand\u0131lar hem de bir arada e\u011flenerek keyifli anlar ya\u015fad\u0131lar. &#8220;\u00d6zg\u00fcvenlerini artt\u0131rmay\u0131 hedefliyoruz\u2019\u2019 Engelli bireyler, at\u00f6lyede \u0131slak kekin yap\u0131m a\u015famalar\u0131n\u0131 \u00f6\u011frenerek pratik kazand\u0131lar ve sonunda haz\u0131rlad\u0131klar\u0131 lezzetleri aileleriyle birlikte tatma f\u0131rsat\u0131 buldular. Bu \u00f6zel g\u00fcn, kat\u0131l\u0131mc\u0131lar i\u00e7in sadece bir tatl\u0131 yapma deneyimi de\u011fil, ayn\u0131 zamanda ba\u015farma duygusunu ya\u015fad\u0131klar\u0131 bir \u00f6\u011frenme s\u00fcreci oldu. Etkinli\u011fin amac\u0131yla ilgili bilgi veren Alanya Belediyesi Sosyal Yard\u0131m \u0130\u015fleri M\u00fcd\u00fcr\u00fc H\u00fcseyin Do\u011fan, &#8220;Engelsiz Mutfak Projesi ile engelli bireylerin g\u00fcnl\u00fck ya\u015fam becerilerini geli\u015ftirmeyi, \u00f6zg\u00fcvenlerini art\u0131rmay\u0131 ve topluma entegrasyonlar\u0131n\u0131 sa\u011flamay\u0131 hedefliyoruz&#8221; dedi. Kaynak: www.kanalv.com.tr Haber Sitesinden Al\u0131nm\u0131\u015ft\u0131r."}