{"version":"1.0","provider_name":"Av. Deniz Can K\u0131z\u0131l","provider_url":"https:\/\/denizcankizil.tr\/uk","author_name":"Av. Deniz Can K\u0131z\u0131l","author_url":"https:\/\/denizcankizil.tr\/uk\/author\/denizcankizil\/","title":"Engel tan\u0131mayan \u00e7iftin g\u00f6z\u00fc olimpiyatlarda","type":"rich","width":600,"height":338,"html":"<blockquote class=\"wp-embedded-content\" data-secret=\"sqMdKHblv4\"><a href=\"https:\/\/denizcankizil.tr\/uk\/haberler\/antalya\/engel-tanimayan-ciftin-gozu-olimpiyatlarda\/\">Engel tan\u0131mayan \u00e7iftin g\u00f6z\u00fc olimpiyatlarda<\/a><\/blockquote><iframe sandbox=\"allow-scripts\" security=\"restricted\" src=\"https:\/\/denizcankizil.tr\/uk\/haberler\/antalya\/engel-tanimayan-ciftin-gozu-olimpiyatlarda\/embed\/#?secret=sqMdKHblv4\" width=\"600\" height=\"338\" title=\"&#8220;Engel tan\u0131mayan \u00e7iftin g\u00f6z\u00fc olimpiyatlarda&#8221; &#8212; Av. Deniz Can K\u0131z\u0131l\" data-secret=\"sqMdKHblv4\" frameborder=\"0\" marginwidth=\"0\" marginheight=\"0\" scrolling=\"no\" class=\"wp-embedded-content\"><\/iframe><script>\n\/*! This file is auto-generated *\/\n!function(d,l){\"use strict\";l.querySelector&&d.addEventListener&&\"undefined\"!=typeof URL&&(d.wp=d.wp||{},d.wp.receiveEmbedMessage||(d.wp.receiveEmbedMessage=function(e){var t=e.data;if((t||t.secret||t.message||t.value)&&!\/[^a-zA-Z0-9]\/.test(t.secret)){for(var s,r,n,a=l.querySelectorAll('iframe[data-secret=\"'+t.secret+'\"]'),o=l.querySelectorAll('blockquote[data-secret=\"'+t.secret+'\"]'),c=new RegExp(\"^https?:$\",\"i\"),i=0;i<o.length;i++)o[i].style.display=\"none\";for(i=0;i<a.length;i++)s=a[i],e.source===s.contentWindow&&(s.removeAttribute(\"style\"),\"height\"===t.message?(1e3<(r=parseInt(t.value,10))?r=1e3:~~r<200&&(r=200),s.height=r):\"link\"===t.message&&(r=new URL(s.getAttribute(\"src\")),n=new URL(t.value),c.test(n.protocol))&&n.host===r.host&&l.activeElement===s&&(d.top.location.href=t.value))}},d.addEventListener(\"message\",d.wp.receiveEmbedMessage,!1),l.addEventListener(\"DOMContentLoaded\",function(){for(var e,t,s=l.querySelectorAll(\"iframe.wp-embedded-content\"),r=0;r<s.length;r++)(t=(e=s[r]).getAttribute(\"data-secret\"))||(t=Math.random().toString(36).substring(2,12),e.src+=\"#?secret=\"+t,e.setAttribute(\"data-secret\",t)),e.contentWindow.postMessage({message:\"ready\",secret:t},\"*\")},!1)))}(window,document);\n\/\/# sourceURL=https:\/\/denizcankizil.tr\/wp-includes\/js\/wp-embed.min.js\n<\/script>","description":"Antalya&#8217;da ya\u015fayan d\u00fcnya ve Avrupa \u015fampiyonu bedensel engelli milli halterci Faruk \u00d6zt\u00fcrk (27) ile e\u015fi Simge Elif \u00d6zt\u00fcrk (29), 11-12 Haziran&#8217;da K\u0131r\u0131kkale&#8217;de yap\u0131lacak T\u00fcrkiye \u015eampiyonas\u0131&#8217;na kat\u0131lmak \u00fczere antrenmanlar\u0131n\u0131 s\u00fcrd\u00fcr\u00fcyor. Hayatlar\u0131 sporla kesi\u015fen \u00e7ift, sadece madalya kazanmak i\u00e7in de\u011fil, engelli bireyler i\u00e7in fark\u0131ndal\u0131k olu\u015fturmak amac\u0131yla da m\u00fccadele ediyor. &#8220;Y\u00fcr\u00fcyordum, sonra engelli oldum, halterle hayata yeniden ba\u015flad\u0131m&#8221; Anne karn\u0131nda omurili\u011fi geli\u015fmeyen Simge Elif \u00d6zt\u00fcrk, 2016 y\u0131l\u0131na kadar y\u00fcr\u00fcyebildi\u011fini, ge\u00e7irdi\u011fi ameliyat\u0131n ard\u0131ndan tekerlekli sandalye kullanmaya ba\u015flad\u0131\u011f\u0131n\u0131 dile getirdi. Fizik tedavi s\u00fcrecinde tan\u0131\u015ft\u0131\u011f\u0131 halterle ya\u015fam\u0131n\u0131n de\u011fi\u015fti\u011fini belirten \u00d6zt\u00fcrk, &#8220;Kaslar\u0131m\u0131 kuvvetlendirmek i\u00e7in ba\u015flam\u0131\u015ft\u0131m ama halterle hayata yeniden ba\u015flad\u0131m. Bu spor bana hem fiziksel g\u00fc\u00e7 hem de \u00f6zg\u00fcven kazand\u0131rd\u0131&#8221; ifadelerini kulland\u0131. Spora ba\u015flad\u0131\u011f\u0131nda ailesinin itirazlar\u0131 oldu\u011funu aktaran \u00d6zt\u00fcrk, &#8220;\u0130lk ba\u015fta etraf\u0131mdaki insanlar ve \u00f6zellikle ailem bu sporu yapabilece\u011fimi hi\u00e7 d\u00fc\u015f\u00fcnmediler. Sa\u011fl\u0131\u011f\u0131m\u0131n olumsuz etkilenece\u011fini d\u00fc\u015f\u00fcnd\u00fcler. Ama azmettim, ba\u015fard\u0131m. \u015eimdi en b\u00fcy\u00fck destek\u00e7im onlar&#8221; dedi. 67 kiloda yar\u0131\u015fan \u00d6zt\u00fcrk, 2023 ve 2024 T\u00fcrkiye \u015eampiyonalar\u0131nda birincilik elde etti\u011fini s\u00f6yleyerek, &#8220;Haziran ay\u0131ndaki \u015fampiyona milli tak\u0131m se\u00e7mesi olacak. 8 y\u0131ld\u0131r bu sporu yap\u0131yorum, art\u0131k milli tak\u0131m formas\u0131yla yar\u0131\u015fmak istiyorum. Milli forma giymek en b\u00fcy\u00fck hayalim&#8221; diye konu\u015ftu. Yoldan \u00e7eviren hocas\u0131, d\u00fcnya rekoruna ula\u015ft\u0131rd\u0131 Faruk \u00d6zt\u00fcrk ise haltere lise y\u0131llar\u0131nda, bir teneff\u00fcs s\u0131ras\u0131nda antren\u00f6r\u00fc Ekrem hocayla tan\u0131\u015farak ba\u015flad\u0131\u011f\u0131n\u0131 s\u00f6yleyerek, \u015fu ifadelere yer &hellip;"}