{"version":"1.0","provider_name":"Av. Deniz Can K\u0131z\u0131l","provider_url":"https:\/\/denizcankizil.tr\/uk","author_name":"Av. Deniz Can K\u0131z\u0131l","author_url":"https:\/\/denizcankizil.tr\/uk\/author\/denizcankizil\/","title":"E\u011fitmenlere \u2018Sporcu Sa\u011fl\u0131\u011f\u0131' semineri","type":"rich","width":600,"height":338,"html":"<blockquote class=\"wp-embedded-content\" data-secret=\"njZKrTNRAI\"><a href=\"https:\/\/denizcankizil.tr\/uk\/haberler\/antalya\/egitmenlere-sporcu-sagligi-semineri\/\">E\u011fitmenlere \u2018Sporcu Sa\u011fl\u0131\u011f\u0131&#8217; semineri<\/a><\/blockquote><iframe sandbox=\"allow-scripts\" security=\"restricted\" src=\"https:\/\/denizcankizil.tr\/uk\/haberler\/antalya\/egitmenlere-sporcu-sagligi-semineri\/embed\/#?secret=njZKrTNRAI\" width=\"600\" height=\"338\" title=\"&#8220;E\u011fitmenlere \u2018Sporcu Sa\u011fl\u0131\u011f\u0131&#8217; semineri&#8221; &#8212; Av. Deniz Can K\u0131z\u0131l\" data-secret=\"njZKrTNRAI\" frameborder=\"0\" marginwidth=\"0\" marginheight=\"0\" scrolling=\"no\" class=\"wp-embedded-content\"><\/iframe><script>\n\/*! This file is auto-generated *\/\n!function(d,l){\"use strict\";l.querySelector&&d.addEventListener&&\"undefined\"!=typeof URL&&(d.wp=d.wp||{},d.wp.receiveEmbedMessage||(d.wp.receiveEmbedMessage=function(e){var t=e.data;if((t||t.secret||t.message||t.value)&&!\/[^a-zA-Z0-9]\/.test(t.secret)){for(var s,r,n,a=l.querySelectorAll('iframe[data-secret=\"'+t.secret+'\"]'),o=l.querySelectorAll('blockquote[data-secret=\"'+t.secret+'\"]'),c=new RegExp(\"^https?:$\",\"i\"),i=0;i<o.length;i++)o[i].style.display=\"none\";for(i=0;i<a.length;i++)s=a[i],e.source===s.contentWindow&&(s.removeAttribute(\"style\"),\"height\"===t.message?(1e3<(r=parseInt(t.value,10))?r=1e3:~~r<200&&(r=200),s.height=r):\"link\"===t.message&&(r=new URL(s.getAttribute(\"src\")),n=new URL(t.value),c.test(n.protocol))&&n.host===r.host&&l.activeElement===s&&(d.top.location.href=t.value))}},d.addEventListener(\"message\",d.wp.receiveEmbedMessage,!1),l.addEventListener(\"DOMContentLoaded\",function(){for(var e,t,s=l.querySelectorAll(\"iframe.wp-embedded-content\"),r=0;r<s.length;r++)(t=(e=s[r]).getAttribute(\"data-secret\"))||(t=Math.random().toString(36).substring(2,12),e.src+=\"#?secret=\"+t,e.setAttribute(\"data-secret\",t)),e.contentWindow.postMessage({message:\"ready\",secret:t},\"*\")},!1)))}(window,document);\n\/\/# sourceURL=https:\/\/denizcankizil.tr\/wp-includes\/js\/wp-embed.min.js\n<\/script>","thumbnail_url":"https:\/\/denizcankizil.tr\/wp-content\/uploads\/2025\/01\/4183-01-QbeMu6.jpeg","thumbnail_width":1280,"thumbnail_height":720,"description":"Antalya B\u00fcy\u00fck\u015fehir Belediyesi, e\u011fitim seminerlerini yo\u011fun bir \u015fekilde s\u00fcrd\u00fcr\u00fcyor. Bu kapsamda Antalya B\u00fcy\u00fck\u015fehir Belediyesi ASF\u0130M merkezlerinde \u00e7al\u0131\u015fan e\u011fitmenlere y\u00f6nelik \u2018Sporcu Sa\u011fl\u0131\u011f\u0131&#8217; konusunda e\u011fitim semineri d\u00fczenlendi. B\u00fcy\u00fck\u015fehir Belediyesi Gen\u00e7lik Kamp\u0131 ve E\u011fitim Merkezi&#8217;nde ger\u00e7ekle\u015fen e\u011fitimde Medstar Hastanesi&#8217;nde g\u00f6revli olan Do\u00e7. Dr. Murat K\u00f6ken, ASF\u0130M e\u011fitmenlerini bilgilendirdi. \u201cPersonel vatanda\u015fa her y\u00f6nden yeterli olmal\u0131\u201d Seminerde, acil m\u00fcdahale protokolleri, acil durum ekipmanlar\u0131, tedavi s\u00fcreci ve do\u011fru tedavi y\u00f6ntemleri gibi bir\u00e7ok farkl\u0131 konuya de\u011finildi. Bu seminerler ile e\u011fitmenlerin bilin\u00e7lenmesi, ASF\u0130M&#8217;lere gelen amat\u00f6r sporculara olu\u015fabilecek durumlarda en do\u011fru \u015fekilde m\u00fcdahale etme y\u00f6ntemleri anlat\u0131ld\u0131. Antalya B\u00fcy\u00fck\u015fehir Belediyesi Spor Hizmetleri \u015eube M\u00fcd\u00fcr\u00fc Yakup Deveci, ASF\u0130M&#8217;lerde \u00e7al\u0131\u015fan spor e\u011fitmenlerimize y\u00f6nelik bir \u00e7al\u0131\u015fma ger\u00e7ekle\u015ftirdiklerini belirterek, \u201cSpor merkezlerimize gelen vatanda\u015flar\u0131m\u0131za daha iyi hizmet verebilmek ad\u0131na, personellerimizin her y\u00f6nden yeterli seviyede olmas\u0131 i\u00e7in \u00e7al\u0131\u015fmalar\u0131m\u0131z\u0131 s\u00fcrd\u00fcr\u00fcyoruz\u201d dedi. Kaynak: www.kanalv.com.tr Haber Sitesinden Al\u0131nm\u0131\u015ft\u0131r."}