{"version":"1.0","provider_name":"Av. Deniz Can K\u0131z\u0131l","provider_url":"https:\/\/denizcankizil.tr\/uk","author_name":"Av. Deniz Can K\u0131z\u0131l","author_url":"https:\/\/denizcankizil.tr\/uk","title":"Edebiyat G\u00fcnleri sona erdi","type":"rich","width":600,"height":338,"html":"<blockquote class=\"wp-embedded-content\" data-secret=\"F6fxraWCqv\"><a href=\"https:\/\/denizcankizil.tr\/uk\/haberler\/antalya\/edebiyat-gunleri-sona-erdi\/\">Edebiyat G\u00fcnleri sona erdi<\/a><\/blockquote><iframe sandbox=\"allow-scripts\" security=\"restricted\" src=\"https:\/\/denizcankizil.tr\/uk\/haberler\/antalya\/edebiyat-gunleri-sona-erdi\/embed\/#?secret=F6fxraWCqv\" width=\"600\" height=\"338\" title=\"&#8220;Edebiyat G\u00fcnleri sona erdi&#8221; &#8212; Av. Deniz Can K\u0131z\u0131l\" data-secret=\"F6fxraWCqv\" frameborder=\"0\" marginwidth=\"0\" marginheight=\"0\" scrolling=\"no\" class=\"wp-embedded-content\"><\/iframe><script>\n\/*! This file is auto-generated *\/\n!function(d,l){\"use strict\";l.querySelector&&d.addEventListener&&\"undefined\"!=typeof URL&&(d.wp=d.wp||{},d.wp.receiveEmbedMessage||(d.wp.receiveEmbedMessage=function(e){var t=e.data;if((t||t.secret||t.message||t.value)&&!\/[^a-zA-Z0-9]\/.test(t.secret)){for(var s,r,n,a=l.querySelectorAll('iframe[data-secret=\"'+t.secret+'\"]'),o=l.querySelectorAll('blockquote[data-secret=\"'+t.secret+'\"]'),c=new RegExp(\"^https?:$\",\"i\"),i=0;i<o.length;i++)o[i].style.display=\"none\";for(i=0;i<a.length;i++)s=a[i],e.source===s.contentWindow&&(s.removeAttribute(\"style\"),\"height\"===t.message?(1e3<(r=parseInt(t.value,10))?r=1e3:~~r<200&&(r=200),s.height=r):\"link\"===t.message&&(r=new URL(s.getAttribute(\"src\")),n=new URL(t.value),c.test(n.protocol))&&n.host===r.host&&l.activeElement===s&&(d.top.location.href=t.value))}},d.addEventListener(\"message\",d.wp.receiveEmbedMessage,!1),l.addEventListener(\"DOMContentLoaded\",function(){for(var e,t,s=l.querySelectorAll(\"iframe.wp-embedded-content\"),r=0;r<s.length;r++)(t=(e=s[r]).getAttribute(\"data-secret\"))||(t=Math.random().toString(36).substring(2,12),e.src+=\"#?secret=\"+t,e.setAttribute(\"data-secret\",t)),e.contentWindow.postMessage({message:\"ready\",secret:t},\"*\")},!1)))}(window,document);\n\/\/# sourceURL=https:\/\/denizcankizil.tr\/wp-includes\/js\/wp-embed.min.js\n<\/script>","thumbnail_url":"https:\/\/denizcankizil.tr\/wp-content\/uploads\/2024\/11\/3262-01-Q1deYw.jpeg","thumbnail_width":1280,"thumbnail_height":720,"description":"Genel y\u00f6netmenli\u011fini Ferruh Tun\u00e7&#8217;un yapt\u0131\u011f\u0131 Antalya Edebiyat G\u00fcnleri&#8217;nin 9&#8217;uncusu, 22-24 Kas\u0131m tarihleri aras\u0131nda d\u00fczenlendi. Dan\u0131\u015fma kurulunda \u0130brahim Karao\u011flu, \u00d6zcan Karabulut, Prof. Dr. Nedret \u00d6ztokat K\u0131l\u0131\u00e7eri, Ahmet Telli, Nazmi A\u011f\u0131l, Ali Cengizkan, Tar\u0131k G\u00fcnersel, Tuncer \u00c7etinkaya, Do\u00e7. Dr. Serhan Ada ve G\u00fclnur Karaaslan&#8217;\u0131n yer ald\u0131\u011f\u0131 Edebiyat G\u00fcnleri&#8217;nin \u00f6yk\u00fc dal\u0131nda y\u0131l\u0131n en iyilerini belirleyen se\u00e7ici kurulu ise \u0130brahim Karao\u011flu, \u00d6zcan Karabulut, S\u00fcreyya K\u00f6le ve \u015eenay Ero\u011flu Aksoy&#8217;dan olu\u015ftu. T\u00fcrkan \u015eoray K\u00fclt\u00fcr Merkezi&#8217;nde \u00f6d\u00fcl t\u00f6reniyle ba\u015flayan etkinlik, 23-24 Kas\u0131m&#8217;da Prof. Dr. Erdal \u0130n\u00f6n\u00fc Kent Park\u0131&#8217;nda paneller, s\u00f6yle\u015filer, kitap imza etkinlikleri ile \u00f6yk\u00fc ve \u015fiir okumalar\u0131yla devam etti. Edebiyat\u0131n kalbi Muratpa\u015fa&#8217;da att\u0131 Antalya Edebiyat G\u00fcnleri&#8217;nde ikinci g\u00fcn Ferruh Tun\u00e7&#8217;un kolayla\u015ft\u0131r\u0131c\u0131 olarak yer ald\u0131\u011f\u0131 \u201cKli\u015fe ve Ara\u00e7salla\u015ft\u0131rmalar\u0131n \u00d6tesinde Akdeniz Duyarl\u0131l\u0131\u011f\u0131 ve Esteti\u011fi \u00dczerine Yakla\u015f\u0131mlar\u201d ba\u015fl\u0131kl\u0131 panelle devam etti. Panelde Do\u00e7. Dr. Serhan Ada, Prof. Dr. Ahmet \u0130nam, Prof. Dr. Nedret \u00d6ztokat K\u0131l\u0131\u00e7eri ve Prof. Dr. \u0130nge Uytterhoeven konu\u015fmac\u0131 oldu. Yazar ve \u015fairlerin sanatseverlerin kitaplar\u0131n\u0131 imzalamalar\u0131n\u0131n ard\u0131ndan Tar\u0131k G\u00fcnersel&#8217;in kolayla\u015ft\u0131r\u0131c\u0131 olarak yer ald\u0131\u011f\u0131 \u201c\u00dc\u00e7 K\u0131y\u0131dan \u015eiirler ve De\u011ferlendirmeler\u201d konulu etkinlik d\u00fczenlendi. Bu etkinlikte Nazmi A\u011f\u0131l, Yunan edebiyat\u0131na, Prof. Dr. Mehmet Hakk\u0131 Su\u00e7in, Filistin ve Arap edebiyat\u0131na ve Ahmet Telli ise T\u00fcrk edebiyat\u0131na dair de\u011ferlendirmelerde bulundu. Antalya Edebiyat G\u00fcnleri&#8217;nde ayr\u0131ca k\u0131sa s\u00f6yle\u015filer ve \u015fiir okumalar\u0131 i\u00e7in \u015fairler &hellip;"}