{"version":"1.0","provider_name":"Av. Deniz Can K\u0131z\u0131l","provider_url":"https:\/\/denizcankizil.tr\/uk","author_name":"Av. Deniz Can K\u0131z\u0131l","author_url":"https:\/\/denizcankizil.tr\/uk\/author\/denizcankizil\/","title":"Devlet korumas\u0131 alt\u0131ndaki \u00e7ocuklara \u00f6zel destek","type":"rich","width":600,"height":338,"html":"<blockquote class=\"wp-embedded-content\" data-secret=\"bcNiu73SGf\"><a href=\"https:\/\/denizcankizil.tr\/uk\/haberler\/antalya\/devlet-korumasi-altindaki-cocuklara-ozel-destek\/\">Devlet korumas\u0131 alt\u0131ndaki \u00e7ocuklara \u00f6zel destek<\/a><\/blockquote><iframe sandbox=\"allow-scripts\" security=\"restricted\" src=\"https:\/\/denizcankizil.tr\/uk\/haberler\/antalya\/devlet-korumasi-altindaki-cocuklara-ozel-destek\/embed\/#?secret=bcNiu73SGf\" width=\"600\" height=\"338\" title=\"&#8220;Devlet korumas\u0131 alt\u0131ndaki \u00e7ocuklara \u00f6zel destek&#8221; &#8212; Av. Deniz Can K\u0131z\u0131l\" data-secret=\"bcNiu73SGf\" frameborder=\"0\" marginwidth=\"0\" marginheight=\"0\" scrolling=\"no\" class=\"wp-embedded-content\"><\/iframe><script>\n\/*! This file is auto-generated *\/\n!function(d,l){\"use strict\";l.querySelector&&d.addEventListener&&\"undefined\"!=typeof URL&&(d.wp=d.wp||{},d.wp.receiveEmbedMessage||(d.wp.receiveEmbedMessage=function(e){var t=e.data;if((t||t.secret||t.message||t.value)&&!\/[^a-zA-Z0-9]\/.test(t.secret)){for(var s,r,n,a=l.querySelectorAll('iframe[data-secret=\"'+t.secret+'\"]'),o=l.querySelectorAll('blockquote[data-secret=\"'+t.secret+'\"]'),c=new RegExp(\"^https?:$\",\"i\"),i=0;i<o.length;i++)o[i].style.display=\"none\";for(i=0;i<a.length;i++)s=a[i],e.source===s.contentWindow&&(s.removeAttribute(\"style\"),\"height\"===t.message?(1e3<(r=parseInt(t.value,10))?r=1e3:~~r<200&&(r=200),s.height=r):\"link\"===t.message&&(r=new URL(s.getAttribute(\"src\")),n=new URL(t.value),c.test(n.protocol))&&n.host===r.host&&l.activeElement===s&&(d.top.location.href=t.value))}},d.addEventListener(\"message\",d.wp.receiveEmbedMessage,!1),l.addEventListener(\"DOMContentLoaded\",function(){for(var e,t,s=l.querySelectorAll(\"iframe.wp-embedded-content\"),r=0;r<s.length;r++)(t=(e=s[r]).getAttribute(\"data-secret\"))||(t=Math.random().toString(36).substring(2,12),e.src+=\"#?secret=\"+t,e.setAttribute(\"data-secret\",t)),e.contentWindow.postMessage({message:\"ready\",secret:t},\"*\")},!1)))}(window,document);\n\/\/# sourceURL=https:\/\/denizcankizil.tr\/wp-includes\/js\/wp-embed.min.js\n<\/script>","thumbnail_url":"https:\/\/denizcankizil.tr\/wp-content\/uploads\/2025\/03\/5356-01-2fTM6z.jpeg","thumbnail_width":1280,"thumbnail_height":720,"description":"Akdeniz \u00dcniversitesi T\u0131p Fak\u00fcltesi ve Antalya Aile ve Sosyal Hizmetler \u0130l M\u00fcd\u00fcrl\u00fc\u011f\u00fc aras\u0131nda e\u011fitim, ara\u015ft\u0131rma ve sa\u011fl\u0131k hizmetlerine y\u00f6nelik i\u015f birli\u011fi protokol\u00fc imzaland\u0131. Antalya Valili\u011finde d\u00fczenlenen t\u00f6rende protokol, Antalya Valisi Hulusi \u015eahin, Akdeniz \u00dcniversitesi Rekt\u00f6r\u00fc Prof. Dr. \u00d6zlenen \u00d6zkan ve Antalya Aile ve Sosyal Hizmetler \u0130l M\u00fcd\u00fcr\u00fc Galip S\u00f6kmen taraf\u0131ndan imzaland\u0131. &#8220;Kamu kurumlar\u0131 aras\u0131ndaki i\u015f birli\u011fi \u00f6nemli&#8221; \u0130mza t\u00f6reninde konu\u015fan Antalya Valisi Hulusi \u015eahin, i\u015f birli\u011finin \u00f6nemine vurgu yaparak, protokol\u00fcn daha geni\u015f alanlara yay\u0131lmas\u0131 gerekti\u011fini belirtti. Akdeniz \u00dcniversitesi Rekt\u00f6r\u00fc Prof. Dr. \u00d6zlenen \u00d6zkan, \u00fcniversitenin kamu-\u00f6zel i\u015f birliklerine oldu\u011fu kadar, kamu kurumlar\u0131 aras\u0131ndaki i\u015f birliklerine de b\u00fcy\u00fck \u00f6nem verdi\u011fini ifade etti. Devlet korumas\u0131ndaki \u00e7ocuklarla her zaman yak\u0131ndan ilgilendiklerini belirten Rekt\u00f6r \u00d6zkan, bu i\u015f birli\u011finin \u00e7ocuklar\u0131n geli\u015fimi a\u00e7\u0131s\u0131ndan \u00f6nemli bir ad\u0131m oldu\u011funu vurgulad\u0131. Tan\u0131 ve tedavileri \u00f6ncelikli olarak yap\u0131lacak \u0130mzalanan protokolle Antalya Aile ve Sosyal Hizmetler \u0130l M\u00fcd\u00fcrl\u00fc\u011f\u00fcne ba\u011fl\u0131 kurulu\u015flardan hizmet alan 0-18 ya\u015f aras\u0131ndaki \u00e7ocuklar\u0131n fiziksel, bili\u015fsel, sosyal ve psikolojik alanlardaki geli\u015fimleri ile ilgili ihtiya\u00e7lar\u0131 belirlenerek tan\u0131 ve tedavileri \u00f6ncelikli olarak yap\u0131lacak. Ayr\u0131ca \u0130l M\u00fcd\u00fcrl\u00fc\u011f\u00fcne ba\u011fl\u0131 kurumlardan ba\u011f\u0131ml\u0131l\u0131k ile ili\u015fkili sebeplerle T\u0131p Fak\u00fcltesi Hastanesi\u2019ne y\u00f6nlendirilenlerin i\u015flemlerinin \u00f6ncelikli olarak yap\u0131lmas\u0131, fiziksel, bili\u015fsel, sosyal ve psikolojik alanlardaki geli\u015fim bozukluklar\u0131 ve geli\u015fim gerilikleri konular\u0131ndaki ihtiya\u00e7lar\u0131 belirlenerek takipleri periyodik aral\u0131klarla yap\u0131lmas\u0131 planlan\u0131yor. Hizmet sunan personele &hellip;"}