{"version":"1.0","provider_name":"Av. Deniz Can K\u0131z\u0131l","provider_url":"https:\/\/denizcankizil.tr\/uk","author_name":"Av. Deniz Can K\u0131z\u0131l","author_url":"https:\/\/denizcankizil.tr\/uk\/author\/denizcankizil\/","title":"Denizde T\u00fcrk Bayrakl\u0131 15 Temmuz Fark\u0131ndal\u0131k Etkinli\u011fi","type":"rich","width":600,"height":338,"html":"<blockquote class=\"wp-embedded-content\" data-secret=\"3dnt9HMnet\"><a href=\"https:\/\/denizcankizil.tr\/uk\/haberler\/antalya\/denizde-turk-bayrakli-15-temmuz-farkindalik-etkinligi\/\">Denizde T\u00fcrk Bayrakl\u0131 15 Temmuz Fark\u0131ndal\u0131k Etkinli\u011fi<\/a><\/blockquote><iframe sandbox=\"allow-scripts\" security=\"restricted\" src=\"https:\/\/denizcankizil.tr\/uk\/haberler\/antalya\/denizde-turk-bayrakli-15-temmuz-farkindalik-etkinligi\/embed\/#?secret=3dnt9HMnet\" width=\"600\" height=\"338\" title=\"&#8220;Denizde T\u00fcrk Bayrakl\u0131 15 Temmuz Fark\u0131ndal\u0131k Etkinli\u011fi&#8221; &#8212; Av. Deniz Can K\u0131z\u0131l\" data-secret=\"3dnt9HMnet\" frameborder=\"0\" marginwidth=\"0\" marginheight=\"0\" scrolling=\"no\" class=\"wp-embedded-content\"><\/iframe><script>\n\/*! This file is auto-generated *\/\n!function(d,l){\"use strict\";l.querySelector&&d.addEventListener&&\"undefined\"!=typeof URL&&(d.wp=d.wp||{},d.wp.receiveEmbedMessage||(d.wp.receiveEmbedMessage=function(e){var t=e.data;if((t||t.secret||t.message||t.value)&&!\/[^a-zA-Z0-9]\/.test(t.secret)){for(var s,r,n,a=l.querySelectorAll('iframe[data-secret=\"'+t.secret+'\"]'),o=l.querySelectorAll('blockquote[data-secret=\"'+t.secret+'\"]'),c=new RegExp(\"^https?:$\",\"i\"),i=0;i<o.length;i++)o[i].style.display=\"none\";for(i=0;i<a.length;i++)s=a[i],e.source===s.contentWindow&&(s.removeAttribute(\"style\"),\"height\"===t.message?(1e3<(r=parseInt(t.value,10))?r=1e3:~~r<200&&(r=200),s.height=r):\"link\"===t.message&&(r=new URL(s.getAttribute(\"src\")),n=new URL(t.value),c.test(n.protocol))&&n.host===r.host&&l.activeElement===s&&(d.top.location.href=t.value))}},d.addEventListener(\"message\",d.wp.receiveEmbedMessage,!1),l.addEventListener(\"DOMContentLoaded\",function(){for(var e,t,s=l.querySelectorAll(\"iframe.wp-embedded-content\"),r=0;r<s.length;r++)(t=(e=s[r]).getAttribute(\"data-secret\"))||(t=Math.random().toString(36).substring(2,12),e.src+=\"#?secret=\"+t,e.setAttribute(\"data-secret\",t)),e.contentWindow.postMessage({message:\"ready\",secret:t},\"*\")},!1)))}(window,document);\n\/\/# sourceURL=https:\/\/denizcankizil.tr\/wp-includes\/js\/wp-embed.min.js\n<\/script>","thumbnail_url":"http:\/\/denizcankizil.tr\/wp-content\/uploads\/2025\/07\/web-gorsel-boyut-7-1-7kVcYk.png","thumbnail_width":1280,"thumbnail_height":720,"description":"ANTALYA&#8217;da \u0130nsan Hak ve H\u00fcrriyetleri (\u0130HH) \u0130nsani Yard\u0131m Vakf\u0131 arama kurtarma \u00fcyesi 10 dalg\u0131\u00e7, 15 Temmuz Demokrasi ve Milli Birlik G\u00fcn\u00fc dolay\u0131s\u0131yla denizde T\u00fcrk bayra\u011f\u0131 a\u00e7t\u0131. \u0130HH \u0130nsani Yard\u0131m Vakf\u0131 arama kurtarma \u00fcyesi 10 dalg\u0131\u00e7, 15 Temmuz Demokrasi ve Milli Birlik G\u00fcn\u00fc dolay\u0131s\u0131yla Kalei\u00e7i&#8217;nde yer alan yat liman\u0131nda bir araya geldi. Burada haz\u0131rl\u0131klar\u0131n\u0131 tamamlayan ekip \u00fcyeleri, dalg\u0131\u00e7 k\u0131yafetlerini giydikten sonra 9&#215;12 ebad\u0131ndaki T\u00fcrk bayra\u011f\u0131n\u0131 alarak, s\u0131ra halinde denize girdi. K\u0131y\u0131dan yakla\u015f\u0131k 15 metre a\u00e7\u0131\u011fa giden dalg\u0131\u00e7lar, T\u00fcrk bayra\u011f\u0131n\u0131 a\u00e7t\u0131. Bir s\u00fcre deniz y\u00fczeyinde bekleyen ekip, daha sonra a\u00e7t\u0131klar\u0131 bayrakla k\u0131y\u0131ya d\u00f6nd\u00fc. &#8216;HA\u0130N GECEY\u0130 UNUTTURMAMAK ADINA FARKINDALIK OLU\u015eTURMAK \u0130STED\u0130K&#8217; \u0130HH Antalya arama kurtarma ekibi lideri Ali Uygur, &#8220;Bug\u00fcn 15 Temmuz nedeniyle buraya geldik. O hain geceyi ve kalk\u0131\u015fmay\u0131 unutturmamak i\u00e7in fark\u0131ndal\u0131k olu\u015fturmak istedik. O g\u00fcn de o kalk\u0131\u015fmay\u0131 duydu\u011fumuz an, Antalya&#8217;da \u0130HH arama kurtarma ekibi olarak baz\u0131 ilgili binalar\u0131n \u00f6n\u00fcne gelerek eylemlerde bulunduk, n\u00f6bet tuttuk. Bug\u00fcn de yapt\u0131\u011f\u0131m\u0131z etkinlikle beraber fark\u0131ndal\u0131\u011f\u0131 s\u00fcrd\u00fcrmek istedik. Arkada\u015flar\u0131mla beraber denizde b\u00fcy\u00fck T\u00fcrk bayra\u011f\u0131n\u0131 a\u00e7t\u0131k&#8221; dedi. Kaynak: www.kanalv.com.tr Haber Sitesinden Al\u0131nm\u0131\u015ft\u0131r."}