{"version":"1.0","provider_name":"Av. Deniz Can K\u0131z\u0131l","provider_url":"https:\/\/denizcankizil.tr\/uk","author_name":"Av. Deniz Can K\u0131z\u0131l","author_url":"https:\/\/denizcankizil.tr\/uk\/author\/denizcankizil\/","title":"CW Enerji GES projelerine bir yenisini daha ekledi","type":"rich","width":600,"height":338,"html":"<blockquote class=\"wp-embedded-content\" data-secret=\"uww86hL59o\"><a href=\"https:\/\/denizcankizil.tr\/uk\/haberler\/antalya\/cw-enerji-ges-projelerine-bir-yenisini-daha-ekledi\/\">CW Enerji GES projelerine bir yenisini daha ekledi<\/a><\/blockquote><iframe sandbox=\"allow-scripts\" security=\"restricted\" src=\"https:\/\/denizcankizil.tr\/uk\/haberler\/antalya\/cw-enerji-ges-projelerine-bir-yenisini-daha-ekledi\/embed\/#?secret=uww86hL59o\" width=\"600\" height=\"338\" title=\"&#8220;CW Enerji GES projelerine bir yenisini daha ekledi&#8221; &#8212; Av. Deniz Can K\u0131z\u0131l\" data-secret=\"uww86hL59o\" frameborder=\"0\" marginwidth=\"0\" marginheight=\"0\" scrolling=\"no\" class=\"wp-embedded-content\"><\/iframe><script>\n\/*! This file is auto-generated *\/\n!function(d,l){\"use strict\";l.querySelector&&d.addEventListener&&\"undefined\"!=typeof URL&&(d.wp=d.wp||{},d.wp.receiveEmbedMessage||(d.wp.receiveEmbedMessage=function(e){var t=e.data;if((t||t.secret||t.message||t.value)&&!\/[^a-zA-Z0-9]\/.test(t.secret)){for(var s,r,n,a=l.querySelectorAll('iframe[data-secret=\"'+t.secret+'\"]'),o=l.querySelectorAll('blockquote[data-secret=\"'+t.secret+'\"]'),c=new RegExp(\"^https?:$\",\"i\"),i=0;i<o.length;i++)o[i].style.display=\"none\";for(i=0;i<a.length;i++)s=a[i],e.source===s.contentWindow&&(s.removeAttribute(\"style\"),\"height\"===t.message?(1e3<(r=parseInt(t.value,10))?r=1e3:~~r<200&&(r=200),s.height=r):\"link\"===t.message&&(r=new URL(s.getAttribute(\"src\")),n=new URL(t.value),c.test(n.protocol))&&n.host===r.host&&l.activeElement===s&&(d.top.location.href=t.value))}},d.addEventListener(\"message\",d.wp.receiveEmbedMessage,!1),l.addEventListener(\"DOMContentLoaded\",function(){for(var e,t,s=l.querySelectorAll(\"iframe.wp-embedded-content\"),r=0;r<s.length;r++)(t=(e=s[r]).getAttribute(\"data-secret\"))||(t=Math.random().toString(36).substring(2,12),e.src+=\"#?secret=\"+t,e.setAttribute(\"data-secret\",t)),e.contentWindow.postMessage({message:\"ready\",secret:t},\"*\")},!1)))}(window,document);\n\/\/# sourceURL=https:\/\/denizcankizil.tr\/wp-includes\/js\/wp-embed.min.js\n<\/script>","thumbnail_url":"https:\/\/denizcankizil.tr\/wp-content\/uploads\/2025\/02\/5206-01-Ll1YbH.jpeg","thumbnail_width":1280,"thumbnail_height":720,"description":"Konu hakk\u0131nda a\u00e7\u0131klamalarda bulunan CW Enerji CEO\u2019su Volkan Y\u0131lmaz, elektrik ihtiyac\u0131n\u0131n g\u00fcnden g\u00fcne art\u0131\u011f\u0131n\u0131 ve gelecekte enerji s\u0131k\u0131nt\u0131s\u0131 \u00e7ekmemek ad\u0131na g\u00fcne\u015ften elektrik \u00fcretiminin her ge\u00e7en g\u00fcn art\u0131r\u0131lmas\u0131 gerekti\u011fini s\u00f6yledi. Hem insanl\u0131\u011f\u0131n enerji ihtiyac\u0131n\u0131n ye\u015fil enerjiden kar\u015f\u0131lamas\u0131n\u0131 sa\u011flamak hem de daha ya\u015fanabilir bir gelecek i\u00e7in firmalar\u0131 g\u00fcne\u015f panelleri ile donatmaya devam ettiklerini ifade eden Y\u0131lmaz, &#8220;Bu do\u011frultuda Bursa\u2019da faaliyet g\u00f6steren bir firman\u0131n \u00e7at\u0131s\u0131na da 1969,35 kWp g\u00fcc\u00fcnde g\u00fcne\u015f enerji santrali kurulumunu ba\u015far\u0131yla tamamlad\u0131k. Proje ile firma y\u0131lda yakla\u015f\u0131k 156 adet a\u011fac\u0131n atmosferden uzakla\u015ft\u0131rd\u0131\u011f\u0131 miktara e\u015fit olan 1.034.618 kilogram karbondioksit sal\u0131n\u0131m\u0131n\u0131 \u00f6nleyecek&#8221; dedi. G\u00fcne\u015f enerjisi s\u00fcrd\u00fcr\u00fclebilir bir gelece\u011fin anahtar\u0131 Enerji sekt\u00f6r\u00fcndeki e\u011filimlerin h\u0131zla de\u011fi\u015fen teknoloji ve s\u00fcrd\u00fcr\u00fclebilirlik odakl\u0131 stratejilerle \u015fekillendi\u011fine dikkat \u00e7eken Y\u0131lmaz, d\u00fcnyada oldu\u011fu gibi \u00fclkemizde de temiz enerjiye olan talebin h\u0131zla art\u0131\u011f\u0131n\u0131 kaydetti. &#8220;G\u00fcn\u00fcm\u00fcz d\u00fcnyas\u0131nda enerji ihtiyac\u0131 giderek art\u0131yor ve art\u0131k \u00e7evreye duyarl\u0131 ve s\u00fcrd\u00fcr\u00fclebilir enerji kaynaklar\u0131n\u0131n \u00f6nemi her ge\u00e7en g\u00fcn daha fazla anla\u015f\u0131l\u0131r hale geliyor&#8221; diyen Y\u0131lmaz, \u015f\u00f6yle devam etti: &#8220;Yenilenebilir kaynaklar kullan\u0131larak enerji \u00fcretilmesi kritik bir \u00f6neme sahip. G\u00fcn\u00fcm\u00fcz\u00fcn teknolojileri ve enerji \u00fcretim ara\u00e7lar\u0131 aras\u0131nda da g\u00fcne\u015f enerjisi bilinen en temiz yenilenebilir enerji kaynaklar\u0131 aras\u0131nda yer al\u0131yor. \u00c7evre dostu bir enerji kayna\u011f\u0131 olan g\u00fcne\u015f enerjisinin s\u00fcrd\u00fcr\u00fclebilir bir gelece\u011fin anahtar\u0131 olarak \u00f6ne \u00e7\u0131k\u0131yor.&#8221; Kaynak: www.kanalv.com.tr Haber Sitesinden Al\u0131nm\u0131\u015ft\u0131r."}