{"version":"1.0","provider_name":"Av. Deniz Can K\u0131z\u0131l","provider_url":"https:\/\/denizcankizil.tr\/uk","author_name":"Av. Deniz Can K\u0131z\u0131l","author_url":"https:\/\/denizcankizil.tr\/uk\/author\/denizcankizil\/","title":"Carettalardan ilk yuva","type":"rich","width":600,"height":338,"html":"<blockquote class=\"wp-embedded-content\" data-secret=\"5N6y1ey2QJ\"><a href=\"https:\/\/denizcankizil.tr\/uk\/haberler\/antalya\/carettalardan-ilk-yuva\/\">Carettalardan ilk yuva<\/a><\/blockquote><iframe sandbox=\"allow-scripts\" security=\"restricted\" src=\"https:\/\/denizcankizil.tr\/uk\/haberler\/antalya\/carettalardan-ilk-yuva\/embed\/#?secret=5N6y1ey2QJ\" width=\"600\" height=\"338\" title=\"&#8220;Carettalardan ilk yuva&#8221; &#8212; Av. Deniz Can K\u0131z\u0131l\" data-secret=\"5N6y1ey2QJ\" frameborder=\"0\" marginwidth=\"0\" marginheight=\"0\" scrolling=\"no\" class=\"wp-embedded-content\"><\/iframe><script>\n\/*! This file is auto-generated *\/\n!function(d,l){\"use strict\";l.querySelector&&d.addEventListener&&\"undefined\"!=typeof URL&&(d.wp=d.wp||{},d.wp.receiveEmbedMessage||(d.wp.receiveEmbedMessage=function(e){var t=e.data;if((t||t.secret||t.message||t.value)&&!\/[^a-zA-Z0-9]\/.test(t.secret)){for(var s,r,n,a=l.querySelectorAll('iframe[data-secret=\"'+t.secret+'\"]'),o=l.querySelectorAll('blockquote[data-secret=\"'+t.secret+'\"]'),c=new RegExp(\"^https?:$\",\"i\"),i=0;i<o.length;i++)o[i].style.display=\"none\";for(i=0;i<a.length;i++)s=a[i],e.source===s.contentWindow&&(s.removeAttribute(\"style\"),\"height\"===t.message?(1e3<(r=parseInt(t.value,10))?r=1e3:~~r<200&&(r=200),s.height=r):\"link\"===t.message&&(r=new URL(s.getAttribute(\"src\")),n=new URL(t.value),c.test(n.protocol))&&n.host===r.host&&l.activeElement===s&&(d.top.location.href=t.value))}},d.addEventListener(\"message\",d.wp.receiveEmbedMessage,!1),l.addEventListener(\"DOMContentLoaded\",function(){for(var e,t,s=l.querySelectorAll(\"iframe.wp-embedded-content\"),r=0;r<s.length;r++)(t=(e=s[r]).getAttribute(\"data-secret\"))||(t=Math.random().toString(36).substring(2,12),e.src+=\"#?secret=\"+t,e.setAttribute(\"data-secret\",t)),e.contentWindow.postMessage({message:\"ready\",secret:t},\"*\")},!1)))}(window,document);\n\/\/# sourceURL=https:\/\/denizcankizil.tr\/wp-includes\/js\/wp-embed.min.js\n<\/script>","thumbnail_url":"https:\/\/denizcankizil.tr\/wp-content\/uploads\/2025\/05\/6199-01-gq2RAo.jpg","thumbnail_width":1280,"thumbnail_height":720,"description":"Antalya&#8217;da Ekolojik Ara\u015ft\u0131rmalar Derne\u011fi (EKAD) \u00f6nc\u00fcl\u00fc\u011f\u00fcnde, \u00c7evre \u015eehircilik ve \u0130klim De\u011fi\u015fikli\u011fi Bakanl\u0131\u011f\u0131, Do\u011fa Koruma ve Milli Parklar (DKMP) Genel M\u00fcd\u00fcrl\u00fc\u011f\u00fc ile Belek Turizm Yat\u0131r\u0131mc\u0131lar\u0131 Birli\u011fi&#8217;nin (BETUYAB) deste\u011fiyle 26 y\u0131ld\u0131r Akdeniz&#8217;de nesli tehlike alt\u0131ndaki deniz kaplumba\u011falar\u0131n\u0131n korunmas\u0131 i\u00e7in &#8216;Deniz Kaplumba\u011falar\u0131n\u0131 Ara\u015ft\u0131rma, \u0130zleme ve Koruma Projesi&#8217; s\u00fcrd\u00fcr\u00fcl\u00fcyor. 1999 y\u0131l\u0131ndan bug\u00fcne her y\u0131l 4,5 ay kumsalda g\u00f6rev yapan EKAD ekibi ve g\u00f6n\u00fcll\u00fcler, bu y\u0131l 1 May\u0131s&#8217;tan itibaren \u00e7al\u0131\u015fmalar\u0131na ba\u015flad\u0131. \u0130LK YUVALAR 5 MAYIS GECES\u0130 OLU\u015eTU 2025 sezonunda 27&#8217;nci y\u0131l\u0131na giren EKAD ekibi, 5 May\u0131s&#8217;\u0131 6 May\u0131s&#8217;a ba\u011flayan gece, Belek kumsal\u0131nda y\u0131l\u0131n ilk yuvalar\u0131yla kar\u015f\u0131la\u015ft\u0131. EKAD saha ekibi, kumsaldaki tarama \u00e7al\u0131\u015fmalar\u0131nda bu y\u0131l\u0131n ilk yuvalar\u0131 olarak yeti\u015fkin carettalar taraf\u0131ndan olu\u015fturulan 3 yuva tespit etti. 2025 y\u0131l\u0131 yuvalar\u0131 s\u0131ras\u0131yla numaraland\u0131r\u0131ld\u0131 ve kay\u0131t alt\u0131na al\u0131nd\u0131. EKAD Ba\u015fkan\u0131 Hacettepe \u00dcniversitesi&#8217;nden Dr. Ali Fuat Canbolat, 1998 y\u0131l\u0131ndan bu yana s\u00fcrd\u00fcr\u00fclen &#8216;Deniz Kaplumba\u011falar\u0131n\u0131 Ara\u015ft\u0131rma, \u0130zleme ve Koruma Projesi&#8217; kapsam\u0131nda sezonun ilk yuvalar\u0131n\u0131n, Antalya&#8217;n\u0131n Aksu b\u00f6lgesinde tespit edildi\u011fini a\u00e7\u0131klad\u0131. Dr. Canbolat, deniz kaplumba\u011falar\u0131n\u0131n g\u00fcvenli bir \u015fekilde yuvalama yapabilmesi ve yavrular\u0131n sa\u011fl\u0131kl\u0131 denize ula\u015fabilmesi i\u00e7in EKAD ekipleri ve g\u00f6n\u00fcll\u00fclerin, b\u00f6lgede bilimsel izleme ve koruma \u00e7al\u0131\u015fmalar\u0131n\u0131 titizlikle y\u00fcr\u00fctt\u00fc\u011f\u00fcn\u00fc kaydetti. 2025 sezonu boyunca sahadaki \u00e7al\u0131\u015fmalar\u0131n aral\u0131ks\u0131z devam edece\u011fini de belirten Dr. Canbolat, Serik&#8217;e ba\u011fl\u0131 Belek kumsal\u0131 olarak adland\u0131r\u0131lan 30 kilometrelik sahilin, Aksu&#8217;ya ba\u011fl\u0131 &hellip;"}