{"version":"1.0","provider_name":"Av. Deniz Can K\u0131z\u0131l","provider_url":"https:\/\/denizcankizil.tr\/uk","author_name":"Av. Deniz Can K\u0131z\u0131l","author_url":"https:\/\/denizcankizil.tr\/uk\/author\/denizcankizil\/","title":"Antalya'da okul servisinde taciz iddias\u0131","type":"rich","width":600,"height":338,"html":"<blockquote class=\"wp-embedded-content\" data-secret=\"cXbXX78ows\"><a href=\"https:\/\/denizcankizil.tr\/uk\/haberler\/antalya\/antalyada-okul-servisinde-taciz-iddiasi\/\">Antalya&#8217;da okul servisinde taciz iddias\u0131<\/a><\/blockquote><iframe sandbox=\"allow-scripts\" security=\"restricted\" src=\"https:\/\/denizcankizil.tr\/uk\/haberler\/antalya\/antalyada-okul-servisinde-taciz-iddiasi\/embed\/#?secret=cXbXX78ows\" width=\"600\" height=\"338\" title=\"&#8220;Antalya&#8217;da okul servisinde taciz iddias\u0131&#8221; &#8212; Av. Deniz Can K\u0131z\u0131l\" data-secret=\"cXbXX78ows\" frameborder=\"0\" marginwidth=\"0\" marginheight=\"0\" scrolling=\"no\" class=\"wp-embedded-content\"><\/iframe><script>\n\/*! This file is auto-generated *\/\n!function(d,l){\"use strict\";l.querySelector&&d.addEventListener&&\"undefined\"!=typeof URL&&(d.wp=d.wp||{},d.wp.receiveEmbedMessage||(d.wp.receiveEmbedMessage=function(e){var t=e.data;if((t||t.secret||t.message||t.value)&&!\/[^a-zA-Z0-9]\/.test(t.secret)){for(var s,r,n,a=l.querySelectorAll('iframe[data-secret=\"'+t.secret+'\"]'),o=l.querySelectorAll('blockquote[data-secret=\"'+t.secret+'\"]'),c=new RegExp(\"^https?:$\",\"i\"),i=0;i<o.length;i++)o[i].style.display=\"none\";for(i=0;i<a.length;i++)s=a[i],e.source===s.contentWindow&&(s.removeAttribute(\"style\"),\"height\"===t.message?(1e3<(r=parseInt(t.value,10))?r=1e3:~~r<200&&(r=200),s.height=r):\"link\"===t.message&&(r=new URL(s.getAttribute(\"src\")),n=new URL(t.value),c.test(n.protocol))&&n.host===r.host&&l.activeElement===s&&(d.top.location.href=t.value))}},d.addEventListener(\"message\",d.wp.receiveEmbedMessage,!1),l.addEventListener(\"DOMContentLoaded\",function(){for(var e,t,s=l.querySelectorAll(\"iframe.wp-embedded-content\"),r=0;r<s.length;r++)(t=(e=s[r]).getAttribute(\"data-secret\"))||(t=Math.random().toString(36).substring(2,12),e.src+=\"#?secret=\"+t,e.setAttribute(\"data-secret\",t)),e.contentWindow.postMessage({message:\"ready\",secret:t},\"*\")},!1)))}(window,document);\n\/\/# sourceURL=https:\/\/denizcankizil.tr\/wp-includes\/js\/wp-embed.min.js\n<\/script>","thumbnail_url":"https:\/\/denizcankizil.tr\/wp-content\/uploads\/2025\/06\/6706-01-XRvtLQ.jpg","thumbnail_width":1280,"thumbnail_height":720,"description":"Gazipa\u015fa il\u00e7esinde ya\u015fayan F.\u00c7. adl\u0131 k\u0131z \u00e7ocu\u011fu, 8&#8217;inci s\u0131n\u0131fa okurken iddiaya g\u00f6re okul servis \u015fof\u00f6r\u00fc A.K.\u2019nin cinsel istismar\u0131na u\u011frad\u0131. F.\u00c7., bunu arkada\u015flar\u0131na anlat\u0131nca okul y\u00f6netimi durumdan haberdar oldu. Aile ve okul y\u00f6netimi Gazipa\u015fa Cumhuriyet Ba\u015fsavc\u0131l\u0131\u011f\u0131&#8217;na \u015fikayet\u00e7i oldu. Ba\u015flat\u0131lan soru\u015fturma kapsam\u0131nda A.K. tutukland\u0131. &#8216;\u00c7ocu\u011fun zincirleme \u015fekilde nitelikli cinsel istismar\u0131&#8217; su\u00e7lamas\u0131yla hakk\u0131nda dava a\u00e7\u0131lan A.K.&#8217;nin yarg\u0131lanmas\u0131na, Alanya 1. A\u011f\u0131r Ceza Mahkemesinde ba\u015fland\u0131. Olay ya\u015fand\u0131\u011f\u0131nda F.\u00c7.&#8217;nin 13 ya\u015f\u0131nda oldu\u011funu belirten ailenin avukat\u0131 Musa Ba\u015f, \u201cSan\u0131k, \u00e7ocu\u011fu yakla\u015f\u0131k 2 y\u0131l boyunca okula g\u00f6t\u00fcr\u00fcp getirmi\u015ftir. Onun k\u00fc\u00e7\u00fck ya\u015fta oldu\u011funu, hen\u00fcz akli ve duygusal geli\u015fimini tamamlamad\u0131\u011f\u0131n\u0131 bilmektedir. \u00dcstelik bu ki\u015fi, vatanda\u015flar\u0131n \u00e7ocuklar\u0131n\u0131 emanet etti\u011fi bir konumdad\u0131r&#8221; dedi. &#8216;OKUL Y\u00d6NET\u0130M\u0130N\u0130N \u0130HBARIYLA ORTAYA \u00c7IKTI&#8217; Olay\u0131n \u00e7ocu\u011fun arkada\u015flar\u0131 ve okul y\u00f6netimi taraf\u0131ndan ortaya \u00e7\u0131kar\u0131ld\u0131\u011f\u0131n\u0131 belirten Avukat Ba\u015f, \u201c\u0130hbar sonras\u0131 Gazipa\u015fa Cumhuriyet Ba\u015fsavc\u0131l\u0131\u011f\u0131 taraf\u0131ndan soru\u015fturma ba\u015flat\u0131lm\u0131\u015f, san\u0131k tutuklanm\u0131\u015f ve hakk\u0131nda Alanya&#8217;daki 1. A\u011f\u0131r Ceza Mahkemesinde dava a\u00e7\u0131lm\u0131\u015ft\u0131r. Bu s\u00fcre\u00e7te en \u00e7ok y\u0131pranan elbette ma\u011fdur \u00e7ocuktur. \u015eu anda arkada\u015flar\u0131 taraf\u0131ndan d\u0131\u015flanmakta, okula devam edememektedir. B\u00fcy\u00fck ihtimalle \u00f6n\u00fcm\u00fczdeki y\u0131l okulunu de\u011fi\u015ftirmek zorunda kalaca\u011f\u0131z&#8221; diye konu\u015ftu. &#8216;\u015e\u0130KAYETTEN VAZGE\u00c7MEM \u0130\u00c7\u0130N ZORLANIYORUM&#8217; \u00c7ocu\u011fun intihar edebilece\u011finden endi\u015fe duyduklar\u0131n\u0131 ifade eden Ba\u015f, \u201cBen, \u00e7ocu\u011fun vekili olarak s\u00fcrekli farkl\u0131 \u00e7evrelerden uzla\u015fma y\u00f6n\u00fcnde bask\u0131ya maruz kal\u0131yorum. \u015eikayetten vazge\u00e7mem i\u00e7in yo\u011fun \u015fekilde zorlan\u0131yorum. Bu nedenle Antalya Barosu Ba\u015fkanl\u0131\u011f\u0131&#8217;na ba\u015fvurarak davaya &hellip;"}