{"version":"1.0","provider_name":"Av. Deniz Can K\u0131z\u0131l","provider_url":"https:\/\/denizcankizil.tr\/uk","author_name":"Av. Deniz Can K\u0131z\u0131l","author_url":"https:\/\/denizcankizil.tr\/uk\/author\/denizcankizil\/","title":"Antalya'da g\u00f6stericilere TOMA'l\u0131 m\u00fcdahale; 15 g\u00f6zalt\u0131","type":"rich","width":600,"height":338,"html":"<blockquote class=\"wp-embedded-content\" data-secret=\"6uZONMapHk\"><a href=\"https:\/\/denizcankizil.tr\/uk\/haberler\/antalya\/antalyada-gostericilere-tomali-mudahale-15-gozalti\/\">Antalya&#8217;da g\u00f6stericilere TOMA&#8217;l\u0131 m\u00fcdahale; 15 g\u00f6zalt\u0131<\/a><\/blockquote><iframe sandbox=\"allow-scripts\" security=\"restricted\" src=\"https:\/\/denizcankizil.tr\/uk\/haberler\/antalya\/antalyada-gostericilere-tomali-mudahale-15-gozalti\/embed\/#?secret=6uZONMapHk\" width=\"600\" height=\"338\" title=\"&#8220;Antalya&#8217;da g\u00f6stericilere TOMA&#8217;l\u0131 m\u00fcdahale; 15 g\u00f6zalt\u0131&#8221; &#8212; Av. Deniz Can K\u0131z\u0131l\" data-secret=\"6uZONMapHk\" frameborder=\"0\" marginwidth=\"0\" marginheight=\"0\" scrolling=\"no\" class=\"wp-embedded-content\"><\/iframe><script>\n\/*! This file is auto-generated *\/\n!function(d,l){\"use strict\";l.querySelector&&d.addEventListener&&\"undefined\"!=typeof URL&&(d.wp=d.wp||{},d.wp.receiveEmbedMessage||(d.wp.receiveEmbedMessage=function(e){var t=e.data;if((t||t.secret||t.message||t.value)&&!\/[^a-zA-Z0-9]\/.test(t.secret)){for(var s,r,n,a=l.querySelectorAll('iframe[data-secret=\"'+t.secret+'\"]'),o=l.querySelectorAll('blockquote[data-secret=\"'+t.secret+'\"]'),c=new RegExp(\"^https?:$\",\"i\"),i=0;i<o.length;i++)o[i].style.display=\"none\";for(i=0;i<a.length;i++)s=a[i],e.source===s.contentWindow&&(s.removeAttribute(\"style\"),\"height\"===t.message?(1e3<(r=parseInt(t.value,10))?r=1e3:~~r<200&&(r=200),s.height=r):\"link\"===t.message&&(r=new URL(s.getAttribute(\"src\")),n=new URL(t.value),c.test(n.protocol))&&n.host===r.host&&l.activeElement===s&&(d.top.location.href=t.value))}},d.addEventListener(\"message\",d.wp.receiveEmbedMessage,!1),l.addEventListener(\"DOMContentLoaded\",function(){for(var e,t,s=l.querySelectorAll(\"iframe.wp-embedded-content\"),r=0;r<s.length;r++)(t=(e=s[r]).getAttribute(\"data-secret\"))||(t=Math.random().toString(36).substring(2,12),e.src+=\"#?secret=\"+t,e.setAttribute(\"data-secret\",t)),e.contentWindow.postMessage({message:\"ready\",secret:t},\"*\")},!1)))}(window,document);\n\/\/# sourceURL=https:\/\/denizcankizil.tr\/wp-includes\/js\/wp-embed.min.js\n<\/script>","thumbnail_url":"https:\/\/denizcankizil.tr\/wp-content\/uploads\/2025\/03\/5719-01-itnDOq.jpeg","thumbnail_width":1280,"thumbnail_height":720,"description":"\u0130BB Ba\u015fkan\u0131 Ekrem \u0130mamo\u011flu&#8217;nun tutuklanmas\u0131n\u0131 protesto eden grup, Antalya&#8217;da ak\u015fam saatlerinde Cumhuriyet Meydan\u0131ndan y\u00fcr\u00fcy\u00fc\u015fe ba\u015flad\u0131. Akdeniz \u00dcniversitesi ana giri\u015f kap\u0131s\u0131 \u00f6n\u00fcne gelen grup, da\u011f\u0131lmalar\u0131 y\u00f6n\u00fcnde uyar\u0131lar\u0131 dikkate almay\u0131nca polis m\u00fcdahale etti. TOMA ile su s\u0131k\u0131lan g\u00f6stericiler, polise ta\u015f f\u0131rlat\u0131p direnmeye \u00e7al\u0131\u015ft\u0131. G\u00f6stericiler, polisin m\u00fcdahalesi sonras\u0131 da\u011f\u0131ld\u0131. Polis, 15 g\u00f6stericiyi g\u00f6zalt\u0131na ald\u0131. Kaynak: www.kanalv.com.tr Haber Sitesinden Al\u0131nm\u0131\u015ft\u0131r."}