{"version":"1.0","provider_name":"Av. Deniz Can K\u0131z\u0131l","provider_url":"https:\/\/denizcankizil.tr\/uk","author_name":"Av. Deniz Can K\u0131z\u0131l","author_url":"https:\/\/denizcankizil.tr\/uk\/author\/denizcankizil\/","title":"Antalya'da feci kaza: gen\u00e7 s\u00fcr\u00fcc\u00fc hayat\u0131n\u0131 kaybetti","type":"rich","width":600,"height":338,"html":"<blockquote class=\"wp-embedded-content\" data-secret=\"Ptlvx8h0sQ\"><a href=\"https:\/\/denizcankizil.tr\/uk\/haberler\/antalya\/antalyada-feci-kaza-genc-surucu-hayatini-kaybetti\/\">Antalya&#8217;da feci kaza: gen\u00e7 s\u00fcr\u00fcc\u00fc hayat\u0131n\u0131 kaybetti<\/a><\/blockquote><iframe sandbox=\"allow-scripts\" security=\"restricted\" src=\"https:\/\/denizcankizil.tr\/uk\/haberler\/antalya\/antalyada-feci-kaza-genc-surucu-hayatini-kaybetti\/embed\/#?secret=Ptlvx8h0sQ\" width=\"600\" height=\"338\" title=\"&#8220;Antalya&#8217;da feci kaza: gen\u00e7 s\u00fcr\u00fcc\u00fc hayat\u0131n\u0131 kaybetti&#8221; &#8212; Av. Deniz Can K\u0131z\u0131l\" data-secret=\"Ptlvx8h0sQ\" frameborder=\"0\" marginwidth=\"0\" marginheight=\"0\" scrolling=\"no\" class=\"wp-embedded-content\"><\/iframe><script>\n\/*! This file is auto-generated *\/\n!function(d,l){\"use strict\";l.querySelector&&d.addEventListener&&\"undefined\"!=typeof URL&&(d.wp=d.wp||{},d.wp.receiveEmbedMessage||(d.wp.receiveEmbedMessage=function(e){var t=e.data;if((t||t.secret||t.message||t.value)&&!\/[^a-zA-Z0-9]\/.test(t.secret)){for(var s,r,n,a=l.querySelectorAll('iframe[data-secret=\"'+t.secret+'\"]'),o=l.querySelectorAll('blockquote[data-secret=\"'+t.secret+'\"]'),c=new RegExp(\"^https?:$\",\"i\"),i=0;i<o.length;i++)o[i].style.display=\"none\";for(i=0;i<a.length;i++)s=a[i],e.source===s.contentWindow&&(s.removeAttribute(\"style\"),\"height\"===t.message?(1e3<(r=parseInt(t.value,10))?r=1e3:~~r<200&&(r=200),s.height=r):\"link\"===t.message&&(r=new URL(s.getAttribute(\"src\")),n=new URL(t.value),c.test(n.protocol))&&n.host===r.host&&l.activeElement===s&&(d.top.location.href=t.value))}},d.addEventListener(\"message\",d.wp.receiveEmbedMessage,!1),l.addEventListener(\"DOMContentLoaded\",function(){for(var e,t,s=l.querySelectorAll(\"iframe.wp-embedded-content\"),r=0;r<s.length;r++)(t=(e=s[r]).getAttribute(\"data-secret\"))||(t=Math.random().toString(36).substring(2,12),e.src+=\"#?secret=\"+t,e.setAttribute(\"data-secret\",t)),e.contentWindow.postMessage({message:\"ready\",secret:t},\"*\")},!1)))}(window,document);\n\/\/# sourceURL=https:\/\/denizcankizil.tr\/wp-includes\/js\/wp-embed.min.js\n<\/script>","thumbnail_url":"https:\/\/denizcankizil.tr\/wp-content\/uploads\/2025\/04\/6079-01-75BHsT.jpg","thumbnail_width":1280,"thumbnail_height":720,"description":"Kaza, saat 07.30 s\u0131ralar\u0131nda \u015eafak Mahallesi Akdeniz Sanayi Sitesi 75. Y\u00fczy\u0131l Caddesi&#8217;nde meydana geldi. Edinilen bilgiye g\u00f6re, \u015fehir merkezi y\u00f6n\u00fcne seyreden G\u00f6rkem Tosun (25) idaresindeki 07 BMZ 730 plakal\u0131 Seat marka otomobil, kontrolden \u00e7\u0131k\u0131p yolun sa\u011f \u015feridinde park halindeki 07 MZV 63 plakal\u0131 kamyonete \u00e7arpt\u0131. \u00c7arpman\u0131n etkisiyle ara\u00e7ta s\u0131k\u0131\u015fan s\u00fcr\u00fcc\u00fc G\u00f6rkem Tosun ihbarla gelen itfaiye ekiplerince yakla\u015f\u0131k 1 saatte \u00e7\u0131kar\u0131ld\u0131. Sa\u011fl\u0131k ekiplerinin yapt\u0131\u011f\u0131 kontrollerde Tosun&#8217;un olay yerinde hayat\u0131n\u0131 kaybetti\u011fi belirlendi. Yap\u0131lan incelemelerin ard\u0131ndan gencin cans\u0131z bedeni, Antalya Adli T\u0131p Kurumu morguna kald\u0131r\u0131ld\u0131. Kaza an\u0131 ise \u00e7evredeki bir i\u015f yerlerinin g\u00fcvenlik kameras\u0131na anbean yans\u0131d\u0131. G\u00f6r\u00fcnt\u00fclerde Tosun&#8217;un kulland\u0131\u011f\u0131 otomobilin h\u0131zla sa\u011f \u015feritte park halindeki kamyonete \u00e7arpt\u0131\u011f\u0131 anlar yer ald\u0131. Kaynak: www.kanalv.com.tr Haber Sitesinden Al\u0131nm\u0131\u015ft\u0131r."}