{"version":"1.0","provider_name":"Av. Deniz Can K\u0131z\u0131l","provider_url":"https:\/\/denizcankizil.tr\/uk","author_name":"Av. Deniz Can K\u0131z\u0131l","author_url":"https:\/\/denizcankizil.tr\/uk\/author\/denizcankizil\/","title":"Antalya\u2019da Deniz Seviyesi 10 Y\u0131lda 7,5 Santim Y\u00fckseldi","type":"rich","width":600,"height":338,"html":"<blockquote class=\"wp-embedded-content\" data-secret=\"z9jcsHPtRA\"><a href=\"https:\/\/denizcankizil.tr\/uk\/haberler\/antalya\/antalyada-deniz-seviyesi-10-yilda-75-santim-yukseldi\/\">Antalya\u2019da Deniz Seviyesi 10 Y\u0131lda 7,5 Santim Y\u00fckseldi<\/a><\/blockquote><iframe sandbox=\"allow-scripts\" security=\"restricted\" src=\"https:\/\/denizcankizil.tr\/uk\/haberler\/antalya\/antalyada-deniz-seviyesi-10-yilda-75-santim-yukseldi\/embed\/#?secret=z9jcsHPtRA\" width=\"600\" height=\"338\" title=\"&#8220;Antalya\u2019da Deniz Seviyesi 10 Y\u0131lda 7,5 Santim Y\u00fckseldi&#8221; &#8212; Av. Deniz Can K\u0131z\u0131l\" data-secret=\"z9jcsHPtRA\" frameborder=\"0\" marginwidth=\"0\" marginheight=\"0\" scrolling=\"no\" class=\"wp-embedded-content\"><\/iframe><script>\n\/*! This file is auto-generated *\/\n!function(d,l){\"use strict\";l.querySelector&&d.addEventListener&&\"undefined\"!=typeof URL&&(d.wp=d.wp||{},d.wp.receiveEmbedMessage||(d.wp.receiveEmbedMessage=function(e){var t=e.data;if((t||t.secret||t.message||t.value)&&!\/[^a-zA-Z0-9]\/.test(t.secret)){for(var s,r,n,a=l.querySelectorAll('iframe[data-secret=\"'+t.secret+'\"]'),o=l.querySelectorAll('blockquote[data-secret=\"'+t.secret+'\"]'),c=new RegExp(\"^https?:$\",\"i\"),i=0;i<o.length;i++)o[i].style.display=\"none\";for(i=0;i<a.length;i++)s=a[i],e.source===s.contentWindow&&(s.removeAttribute(\"style\"),\"height\"===t.message?(1e3<(r=parseInt(t.value,10))?r=1e3:~~r<200&&(r=200),s.height=r):\"link\"===t.message&&(r=new URL(s.getAttribute(\"src\")),n=new URL(t.value),c.test(n.protocol))&&n.host===r.host&&l.activeElement===s&&(d.top.location.href=t.value))}},d.addEventListener(\"message\",d.wp.receiveEmbedMessage,!1),l.addEventListener(\"DOMContentLoaded\",function(){for(var e,t,s=l.querySelectorAll(\"iframe.wp-embedded-content\"),r=0;r<s.length;r++)(t=(e=s[r]).getAttribute(\"data-secret\"))||(t=Math.random().toString(36).substring(2,12),e.src+=\"#?secret=\"+t,e.setAttribute(\"data-secret\",t)),e.contentWindow.postMessage({message:\"ready\",secret:t},\"*\")},!1)))}(window,document);\n\/\/# sourceURL=https:\/\/denizcankizil.tr\/wp-includes\/js\/wp-embed.min.js\n<\/script>","description":"AKDEN\u0130Z \u00dcniversitesi&#8217;nden (A\u00dc) Do\u00e7. Dr. G\u00fcray Do\u011fan, &#8220;Antalya&#8217;da deniz seviyesinin y\u00fckselmesini g\u00f6r\u00fcyoruz. Deniz seviyesi son 10 y\u0131lda 7,5 santim gibi bir h\u0131zla y\u00fckseliyor&#8221; dedi. A\u00dc M\u00fchendislik Fak\u00fcltesi \u00c7evre M\u00fchendisli\u011fi B\u00f6l\u00fcm\u00fc&#8217;nden Do\u00e7. Dr. G\u00fcray Do\u011fan, son d\u00f6nemdeki f\u0131rt\u0131na, hortum ve yang\u0131nlara dikkati \u00e7ekerek, k\u00f6klerinden s\u00f6k\u00fclm\u00fc\u015f, ara\u00e7lar \u00fczerine d\u00fc\u015fen a\u011fa\u00e7lar g\u00f6rd\u00fc\u011f\u00fcn\u00fc, naylonu y\u0131rt\u0131lm\u0131\u015f, bir y\u0131l\u0131n eme\u011finin sular alt\u0131nda kald\u0131\u011f\u0131 seralar g\u00f6rd\u00fc\u011f\u00fcn\u00fc s\u00f6yledi. Su dolu yollar, don vurmu\u015f portakallar g\u00f6rd\u00fc\u011f\u00fcn\u00fc aktaran Do\u00e7. Dr. Do\u011fan, &#8220;\u015eiddetli orman yang\u0131nlar\u0131 g\u00f6rd\u00fck. Dev dalgalar g\u00f6rd\u00fck, savrulan konteynerler g\u00f6rd\u00fck. Buralarda can kay\u0131plar\u0131m\u0131z oldu maalesef. T\u00fcm bunlar\u0131 asl\u0131nda iklim de\u011fi\u015fimine ba\u011flayaca\u011f\u0131z ama iklim de\u011fi\u015fimini yaratan da insano\u011flu. \u0130klim de\u011fi\u015fimi dedi\u011fimiz zaman su kaynaklar\u0131, tar\u0131m ve enerji sistemleri \u00fczerindeki etkileri de\u011ferlendirmemiz gerekiyor. \u00c7\u00fcnk\u00fc bunlar ya\u015famam\u0131z i\u00e7in gerekli temel altyap\u0131 maddeleri&#8221; dedi. Y\u00dcZDE 50 DAHA FAZLA SICAKLIK Karbondioksit emisyonlar\u0131n\u0131n d\u00fcnya baz\u0131nda artt\u0131\u011f\u0131n\u0131 dile getiren Do\u00e7. Dr. Do\u011fan, &#8220;\u0130klim de\u011fi\u015fikli\u011fi hayat\u0131m\u0131za ne getiriyor? G\u00fcne\u015f rejiminde dengesizlikler ve karalarla denizler aras\u0131ndaki s\u0131cakl\u0131k farkl\u0131l\u0131klar\u0131, asl\u0131nda biz bunu Antalya&#8217;da \u00e7ok h\u0131zl\u0131, sert bir \u015fekilde ya\u015f\u0131yoruz. Bu da f\u0131rt\u0131nalara, hortumlara sebebiyet veren bir unsur olarak kar\u015f\u0131m\u0131za \u00e7\u0131k\u0131yor. D\u00fcnya s\u0131cakl\u0131k ortalamas\u0131 2023 y\u0131l\u0131nda 1,21 santigrat derece y\u00fcksekken, 1980 d\u00f6nemine g\u00f6re T\u00fcrkiye&#8217;de 1,8 santigrat derece \u00f6l\u00e7\u00fclm\u00fc\u015f. Bu da y\u00fczde 50 daha fazla bu s\u0131cakl\u0131\u011f\u0131 ya\u015f\u0131yoruz anlam\u0131n\u0131 ta\u015f\u0131yor. \u00d6te &hellip;"}