{"version":"1.0","provider_name":"Av. Deniz Can K\u0131z\u0131l","provider_url":"https:\/\/denizcankizil.tr\/uk","author_name":"Av. Deniz Can K\u0131z\u0131l","author_url":"https:\/\/denizcankizil.tr\/uk\/author\/denizcankizil\/","title":"Antalya - Konya Karayolunda kar ya\u011f\u0131\u015f\u0131","type":"rich","width":600,"height":338,"html":"<blockquote class=\"wp-embedded-content\" data-secret=\"12wBCRTMpK\"><a href=\"https:\/\/denizcankizil.tr\/uk\/haberler\/antalya\/antalya-konya-karayolunda-kar-yagisi\/\">Antalya &#8211; Konya Karayolunda kar ya\u011f\u0131\u015f\u0131<\/a><\/blockquote><iframe sandbox=\"allow-scripts\" security=\"restricted\" src=\"https:\/\/denizcankizil.tr\/uk\/haberler\/antalya\/antalya-konya-karayolunda-kar-yagisi\/embed\/#?secret=12wBCRTMpK\" width=\"600\" height=\"338\" title=\"&#8220;Antalya &#8211; Konya Karayolunda kar ya\u011f\u0131\u015f\u0131&#8221; &#8212; Av. Deniz Can K\u0131z\u0131l\" data-secret=\"12wBCRTMpK\" frameborder=\"0\" marginwidth=\"0\" marginheight=\"0\" scrolling=\"no\" class=\"wp-embedded-content\"><\/iframe><script>\n\/*! This file is auto-generated *\/\n!function(d,l){\"use strict\";l.querySelector&&d.addEventListener&&\"undefined\"!=typeof URL&&(d.wp=d.wp||{},d.wp.receiveEmbedMessage||(d.wp.receiveEmbedMessage=function(e){var t=e.data;if((t||t.secret||t.message||t.value)&&!\/[^a-zA-Z0-9]\/.test(t.secret)){for(var s,r,n,a=l.querySelectorAll('iframe[data-secret=\"'+t.secret+'\"]'),o=l.querySelectorAll('blockquote[data-secret=\"'+t.secret+'\"]'),c=new RegExp(\"^https?:$\",\"i\"),i=0;i<o.length;i++)o[i].style.display=\"none\";for(i=0;i<a.length;i++)s=a[i],e.source===s.contentWindow&&(s.removeAttribute(\"style\"),\"height\"===t.message?(1e3<(r=parseInt(t.value,10))?r=1e3:~~r<200&&(r=200),s.height=r):\"link\"===t.message&&(r=new URL(s.getAttribute(\"src\")),n=new URL(t.value),c.test(n.protocol))&&n.host===r.host&&l.activeElement===s&&(d.top.location.href=t.value))}},d.addEventListener(\"message\",d.wp.receiveEmbedMessage,!1),l.addEventListener(\"DOMContentLoaded\",function(){for(var e,t,s=l.querySelectorAll(\"iframe.wp-embedded-content\"),r=0;r<s.length;r++)(t=(e=s[r]).getAttribute(\"data-secret\"))||(t=Math.random().toString(36).substring(2,12),e.src+=\"#?secret=\"+t,e.setAttribute(\"data-secret\",t)),e.contentWindow.postMessage({message:\"ready\",secret:t},\"*\")},!1)))}(window,document);\n\/\/# sourceURL=https:\/\/denizcankizil.tr\/wp-includes\/js\/wp-embed.min.js\n<\/script>","thumbnail_url":"https:\/\/denizcankizil.tr\/wp-content\/uploads\/2025\/02\/5075-01-YsP49a.jpeg","thumbnail_width":1280,"thumbnail_height":720,"description":"Kar ya\u011f\u0131\u015f\u0131 gece saat 24.00 s\u0131ralar\u0131nda Akseki\u2019nin Yarpuz mahallesinden itibaren ba\u015flad\u0131\u011f\u0131 ve T\u0131naztepe rampalar\u0131na kadar devam etti\u011fi bildirildi. Akseki-Seydi\u015fehir karayolu 1825 metre rak\u0131ml\u0131 Alacabel&#8217;de kar ya\u011f\u0131\u015f\u0131 sabah saatlerine kadar etkisini s\u00fcrd\u00fcr\u00fcrken, Karayollar\u0131 ekipleri \u00e7ok say\u0131da i\u015f makinas\u0131 ile kar temizleme ve tuzlama \u00e7al\u0131\u015fmalar\u0131 ba\u015flatt\u0131. B\u00f6lgede kar kal\u0131nl\u0131\u011f\u0131 yer yer 20-25 santimetreye ula\u015ft\u0131. Kar ya\u011f\u0131\u015f\u0131 sabah saatlerinde etkisini yitirirken Karayollar\u0131 ekipleri yol kenar\u0131nda biriken karlar\u0131 temizleme ve buzlanma nedeniyle tuzlama \u00e7al\u0131\u015fmalar\u0131n\u0131 s\u00fcrd\u00fcr\u00fcyor. Kar ya\u011f\u0131\u015f\u0131 nedeniyle ula\u015f\u0131mda herhangi bir aksama ya\u015fanmazken, karayollar\u0131 Alacabel ekibi b\u00f6lgede hava s\u0131cakl\u0131\u011f\u0131n\u0131n eksi 10 dereceye kadar d\u00fc\u015fmesi nedeniyle yolda k\u0131s\u0131m k\u0131s\u0131m yerlerde buzlanma olmas\u0131ndan dolay\u0131 s\u00fcr\u00fcc\u00fclerin dikkatli olmalar\u0131n\u0131 istedi. Kaynak: www.kanalv.com.tr Haber Sitesinden Al\u0131nm\u0131\u015ft\u0131r."}