{"version":"1.0","provider_name":"Av. Deniz Can K\u0131z\u0131l","provider_url":"https:\/\/denizcankizil.tr\/uk","author_name":"Av. Deniz Can K\u0131z\u0131l","author_url":"https:\/\/denizcankizil.tr\/uk\/author\/denizcankizil\/","title":"Alanya A\u00e7\u0131klar\u0131nda 4.1 B\u00fcy\u00fckl\u00fc\u011f\u00fcnde Deprem","type":"rich","width":600,"height":338,"html":"<blockquote class=\"wp-embedded-content\" data-secret=\"Jar7XiKcCz\"><a href=\"https:\/\/denizcankizil.tr\/uk\/haberler\/antalya\/alanya-aciklarinda-4-1-buyuklugunde-deprem\/\">Alanya A\u00e7\u0131klar\u0131nda 4.1 B\u00fcy\u00fckl\u00fc\u011f\u00fcnde Deprem<\/a><\/blockquote><iframe sandbox=\"allow-scripts\" security=\"restricted\" src=\"https:\/\/denizcankizil.tr\/uk\/haberler\/antalya\/alanya-aciklarinda-4-1-buyuklugunde-deprem\/embed\/#?secret=Jar7XiKcCz\" width=\"600\" height=\"338\" title=\"&#8220;Alanya A\u00e7\u0131klar\u0131nda 4.1 B\u00fcy\u00fckl\u00fc\u011f\u00fcnde Deprem&#8221; &#8212; Av. Deniz Can K\u0131z\u0131l\" data-secret=\"Jar7XiKcCz\" frameborder=\"0\" marginwidth=\"0\" marginheight=\"0\" scrolling=\"no\" class=\"wp-embedded-content\"><\/iframe><script>\n\/*! This file is auto-generated *\/\n!function(d,l){\"use strict\";l.querySelector&&d.addEventListener&&\"undefined\"!=typeof URL&&(d.wp=d.wp||{},d.wp.receiveEmbedMessage||(d.wp.receiveEmbedMessage=function(e){var t=e.data;if((t||t.secret||t.message||t.value)&&!\/[^a-zA-Z0-9]\/.test(t.secret)){for(var s,r,n,a=l.querySelectorAll('iframe[data-secret=\"'+t.secret+'\"]'),o=l.querySelectorAll('blockquote[data-secret=\"'+t.secret+'\"]'),c=new RegExp(\"^https?:$\",\"i\"),i=0;i<o.length;i++)o[i].style.display=\"none\";for(i=0;i<a.length;i++)s=a[i],e.source===s.contentWindow&&(s.removeAttribute(\"style\"),\"height\"===t.message?(1e3<(r=parseInt(t.value,10))?r=1e3:~~r<200&&(r=200),s.height=r):\"link\"===t.message&&(r=new URL(s.getAttribute(\"src\")),n=new URL(t.value),c.test(n.protocol))&&n.host===r.host&&l.activeElement===s&&(d.top.location.href=t.value))}},d.addEventListener(\"message\",d.wp.receiveEmbedMessage,!1),l.addEventListener(\"DOMContentLoaded\",function(){for(var e,t,s=l.querySelectorAll(\"iframe.wp-embedded-content\"),r=0;r<s.length;r++)(t=(e=s[r]).getAttribute(\"data-secret\"))||(t=Math.random().toString(36).substring(2,12),e.src+=\"#?secret=\"+t,e.setAttribute(\"data-secret\",t)),e.contentWindow.postMessage({message:\"ready\",secret:t},\"*\")},!1)))}(window,document);\n\/\/# sourceURL=https:\/\/denizcankizil.tr\/wp-includes\/js\/wp-embed.min.js\n<\/script>","thumbnail_url":"https:\/\/denizcankizil.tr\/wp-content\/uploads\/2025\/07\/2-10-laV27S.png","thumbnail_width":1280,"thumbnail_height":720,"description":"ANTALYA&#8217;n\u0131n Gazipa\u015fa il\u00e7esi a\u00e7\u0131klar\u0131nda meydana gelen 4.1 b\u00fcy\u00fckl\u00fc\u011f\u00fcndeki ilk belirlemelere g\u00f6re hasara neden olmad\u0131. \u0130\u00e7i\u015fleri Bakanl\u0131\u011f\u0131 Afet ve Acil Durum Y\u00f6netimi Ba\u015fkanl\u0131\u011f\u0131 (AFAD) Deprem Dairesi verilerine g\u00f6re Antalya&#8217;n\u0131n Gazipa\u015fa il\u00e7esi a\u00e7\u0131klar\u0131nda saat 21.14&#8217;te 4.1 b\u00fcy\u00fckl\u00fc\u011f\u00fcnde deprem meydana geldi. \u0130l\u00e7enin 95.9 kilometre a\u00e7\u0131\u011f\u0131nda, 18 kilometre derinlikte kaydedilen deprem, ilk belirlemelere g\u00f6re herhangi bir hasara neden olmad\u0131. Antalya Valili\u011fi&#8217;nden yap\u0131lan a\u00e7\u0131klamada, &#8220;18 Temmuz 2025 Cuma g\u00fcn\u00fc (Bug\u00fcn) saat 21.14\u2019te, Afet ve Acil Durum Y\u00f6netimi Ba\u015fkanl\u0131\u011f\u0131 (AFAD) verilerine g\u00f6re, Gazipa\u015fa il\u00e7emizin 95 kilometre a\u00e7\u0131\u011f\u0131nda, Akdeniz&#8217;de yerin yakla\u015f\u0131k 18 kilometre derinli\u011finde 4.1 b\u00fcy\u00fckl\u00fc\u011f\u00fcnde bir deprem meydana gelmi\u015ftir. Deprem sonras\u0131 112 Acil \u00c7a\u011fr\u0131 Merkezi\u2019ne herhangi bir olumsuz ihbar ula\u015fmam\u0131\u015f, il\u00e7e genelindeki t\u00fcm kurumlarla yap\u0131lan g\u00f6r\u00fc\u015fmelerde can veya mal kayb\u0131 ya\u015fanmad\u0131\u011f\u0131, olumsuz bir durum olmad\u0131\u011f\u0131 tespit edilmi\u015ftir&#8221; denildi. Kaynak: www.kanalv.com.tr Haber Sitesinden Al\u0131nm\u0131\u015ft\u0131r."}