{"version":"1.0","provider_name":"Av. Deniz Can K\u0131z\u0131l","provider_url":"https:\/\/denizcankizil.tr\/uk","author_name":"Av. Deniz Can K\u0131z\u0131l","author_url":"https:\/\/denizcankizil.tr\/uk\/author\/denizcankizil\/","title":"AK Parti\u2019nin Antalya\u2019da temsilcileri belli oldu","type":"rich","width":600,"height":338,"html":"<blockquote class=\"wp-embedded-content\" data-secret=\"9AvS8flrV0\"><a href=\"https:\/\/denizcankizil.tr\/uk\/haberler\/antalya\/ak-partinin-antalyada-temsilcileri-belli-oldu\/\">AK Parti\u2019nin Antalya\u2019da temsilcileri belli oldu<\/a><\/blockquote><iframe sandbox=\"allow-scripts\" security=\"restricted\" src=\"https:\/\/denizcankizil.tr\/uk\/haberler\/antalya\/ak-partinin-antalyada-temsilcileri-belli-oldu\/embed\/#?secret=9AvS8flrV0\" width=\"600\" height=\"338\" title=\"&#8220;AK Parti\u2019nin Antalya\u2019da temsilcileri belli oldu&#8221; &#8212; Av. Deniz Can K\u0131z\u0131l\" data-secret=\"9AvS8flrV0\" frameborder=\"0\" marginwidth=\"0\" marginheight=\"0\" scrolling=\"no\" class=\"wp-embedded-content\"><\/iframe><script>\n\/*! This file is auto-generated *\/\n!function(d,l){\"use strict\";l.querySelector&&d.addEventListener&&\"undefined\"!=typeof URL&&(d.wp=d.wp||{},d.wp.receiveEmbedMessage||(d.wp.receiveEmbedMessage=function(e){var t=e.data;if((t||t.secret||t.message||t.value)&&!\/[^a-zA-Z0-9]\/.test(t.secret)){for(var s,r,n,a=l.querySelectorAll('iframe[data-secret=\"'+t.secret+'\"]'),o=l.querySelectorAll('blockquote[data-secret=\"'+t.secret+'\"]'),c=new RegExp(\"^https?:$\",\"i\"),i=0;i<o.length;i++)o[i].style.display=\"none\";for(i=0;i<a.length;i++)s=a[i],e.source===s.contentWindow&&(s.removeAttribute(\"style\"),\"height\"===t.message?(1e3<(r=parseInt(t.value,10))?r=1e3:~~r<200&&(r=200),s.height=r):\"link\"===t.message&&(r=new URL(s.getAttribute(\"src\")),n=new URL(t.value),c.test(n.protocol))&&n.host===r.host&&l.activeElement===s&&(d.top.location.href=t.value))}},d.addEventListener(\"message\",d.wp.receiveEmbedMessage,!1),l.addEventListener(\"DOMContentLoaded\",function(){for(var e,t,s=l.querySelectorAll(\"iframe.wp-embedded-content\"),r=0;r<s.length;r++)(t=(e=s[r]).getAttribute(\"data-secret\"))||(t=Math.random().toString(36).substring(2,12),e.src+=\"#?secret=\"+t,e.setAttribute(\"data-secret\",t)),e.contentWindow.postMessage({message:\"ready\",secret:t},\"*\")},!1)))}(window,document);\n\/\/# sourceURL=https:\/\/denizcankizil.tr\/wp-includes\/js\/wp-embed.min.js\n<\/script>","thumbnail_url":"https:\/\/denizcankizil.tr\/wp-content\/uploads\/2025\/02\/5037-01-4G8g2c.jpeg","thumbnail_width":1280,"thumbnail_height":720,"description":"31 Ocak\u2019ta Cumhurba\u015fkan\u0131 Recep Tayyip Erdo\u011fan\u2019\u0131n kat\u0131l\u0131m\u0131 ile AK Parti Antalya 8. Ola\u011fan b\u00fcy\u00fck \u0130l Kongresi ger\u00e7ekle\u015fti. Kongrede mevcut Ba\u015fkan Ali \u00c7etin yeninden AK Parti Antalya \u0130l Ba\u015fkan\u0131 se\u00e7ilirken, \u0130l Y\u00f6netim Kurulu da belirlendi. Ge\u00e7en 4 \u015eubat&#8217;ta mazbatas\u0131n\u0131 olarak ikinci d\u00f6nemine ba\u015flayan Ali \u00c7etin\u2019in ba\u015fkanl\u0131\u011f\u0131nda d\u00fczenlenen y\u00f6netim kurulu toplant\u0131s\u0131nda g\u00f6rev da\u011f\u0131l\u0131m\u0131 da belli olurken, kamu temsilcileri de netle\u015fti. AK Parti Antalya \u0130l Ba\u015fkan\u0131 Ali \u00c7etin, Antalya Valili\u011fi ve Akdeniz \u00dcniversitesi Rekt\u00f6rl\u00fc\u011f\u00fc temsilcili\u011fini \u00fcstlendi. Kamu ile ili\u015fkileri y\u00f6netecek di\u011fer temsilciler ise \u015f\u00f6yle; &#8220;Antalya \u0130l Emniyet M\u00fcd\u00fcrl\u00fc\u011f\u00fc ve Jandarma Komutanl\u0131\u011f\u0131 Sorumlu Y\u00f6netici: Muammer Ak. \u0130l Sa\u011fl\u0131ktan sorumlu y\u00f6netici: Haydar Pala. \u0130l Milli E\u011fitimden sorumlu y\u00f6netici: Yusuf Ali Atik. \u0130l Tar\u0131mdan sorumlu y\u00f6netici: C\u00fcneyt Do\u011fan. \u0130l Ormandan sorumlu y\u00f6netici: Necip \u00c7etinkaya. \u0130l Aile ve Sosyal Politikalardan sorumlu y\u00f6netici: Atilla Demirez. Antalya Havaliman\u0131ndan sorumlu y\u00f6netici: Orhan Talip S\u00fct\u00e7\u00fc. Diyanette sorumlu y\u00f6netici: Melik\u015fah Tu\u011f. Adliye ve VDK\u2019dan sorumlu y\u00f6netici: Berkant Yavuz. \u0130l \u00c7evre ve \u015eehircilikten sorumlu y\u00f6netici: Ahmet Onaran.&#8221; Kaynak: www.kanalv.com.tr Haber Sitesinden Al\u0131nm\u0131\u015ft\u0131r."}