{"version":"1.0","provider_name":"Av. Deniz Can K\u0131z\u0131l","provider_url":"https:\/\/denizcankizil.tr\/uk","author_name":"Av. Deniz Can K\u0131z\u0131l","author_url":"https:\/\/denizcankizil.tr\/uk\/author\/denizcankizil\/","title":"AESOB Ba\u015fkan\u0131 Dere'den kasap uyar\u0131s\u0131","type":"rich","width":600,"height":338,"html":"<blockquote class=\"wp-embedded-content\" data-secret=\"QklBWeusOY\"><a href=\"https:\/\/denizcankizil.tr\/uk\/haberler\/antalya\/aesob-baskani-dereden-kasap-uyarisi\/\">AESOB Ba\u015fkan\u0131 Dere&#8217;den kasap uyar\u0131s\u0131<\/a><\/blockquote><iframe sandbox=\"allow-scripts\" security=\"restricted\" src=\"https:\/\/denizcankizil.tr\/uk\/haberler\/antalya\/aesob-baskani-dereden-kasap-uyarisi\/embed\/#?secret=QklBWeusOY\" width=\"600\" height=\"338\" title=\"&#8220;AESOB Ba\u015fkan\u0131 Dere&#8217;den kasap uyar\u0131s\u0131&#8221; &#8212; Av. Deniz Can K\u0131z\u0131l\" data-secret=\"QklBWeusOY\" frameborder=\"0\" marginwidth=\"0\" marginheight=\"0\" scrolling=\"no\" class=\"wp-embedded-content\"><\/iframe><script>\n\/*! This file is auto-generated *\/\n!function(d,l){\"use strict\";l.querySelector&&d.addEventListener&&\"undefined\"!=typeof URL&&(d.wp=d.wp||{},d.wp.receiveEmbedMessage||(d.wp.receiveEmbedMessage=function(e){var t=e.data;if((t||t.secret||t.message||t.value)&&!\/[^a-zA-Z0-9]\/.test(t.secret)){for(var s,r,n,a=l.querySelectorAll('iframe[data-secret=\"'+t.secret+'\"]'),o=l.querySelectorAll('blockquote[data-secret=\"'+t.secret+'\"]'),c=new RegExp(\"^https?:$\",\"i\"),i=0;i<o.length;i++)o[i].style.display=\"none\";for(i=0;i<a.length;i++)s=a[i],e.source===s.contentWindow&&(s.removeAttribute(\"style\"),\"height\"===t.message?(1e3<(r=parseInt(t.value,10))?r=1e3:~~r<200&&(r=200),s.height=r):\"link\"===t.message&&(r=new URL(s.getAttribute(\"src\")),n=new URL(t.value),c.test(n.protocol))&&n.host===r.host&&l.activeElement===s&&(d.top.location.href=t.value))}},d.addEventListener(\"message\",d.wp.receiveEmbedMessage,!1),l.addEventListener(\"DOMContentLoaded\",function(){for(var e,t,s=l.querySelectorAll(\"iframe.wp-embedded-content\"),r=0;r<s.length;r++)(t=(e=s[r]).getAttribute(\"data-secret\"))||(t=Math.random().toString(36).substring(2,12),e.src+=\"#?secret=\"+t,e.setAttribute(\"data-secret\",t)),e.contentWindow.postMessage({message:\"ready\",secret:t},\"*\")},!1)))}(window,document);\n\/\/# sourceURL=https:\/\/denizcankizil.tr\/wp-includes\/js\/wp-embed.min.js\n<\/script>","thumbnail_url":"https:\/\/denizcankizil.tr\/wp-content\/uploads\/2025\/06\/6670-01-0sDZab.jpg","thumbnail_width":1280,"thumbnail_height":720,"description":"Kurban Bayram\u0131 \u00f6ncesi al\u0131\u015fveri\u015f hareketlili\u011finin artaca\u011f\u0131na dikkat \u00e7eken Antalya Esnaf ve Sanatkarlar Odalar\u0131 Birli\u011fi (AESOB) Ba\u015fkan\u0131 Adl\u0131han Dere, vatanda\u015flara \u00f6nemli uyar\u0131larda bulundu. Ba\u015fkan Dere, hem ekonomik hem de dini a\u00e7\u0131dan dikkat edilmesi gereken konular\u0131 g\u00fcndeme getirerek, vatanda\u015flara pasta, \u015fekerleme, \u00e7ikolata, tatl\u0131, kuruyemi\u015f gibi yiyeceklerde merdiven alt\u0131 \u00fcretimlerden uzak durmalar\u0131 ve g\u00fcvenilir mahalle esnaf\u0131n\u0131 tercih etmeleri \u00e7a\u011fr\u0131s\u0131nda bulundu. &#8220;Bayram tatilinin k\u0131sa olmas\u0131 \u015fehir i\u00e7i hareketlili\u011fi art\u0131racak&#8221; Ba\u015fkan Dere bayram tatilinin uzat\u0131lmamas\u0131 hakk\u0131nda, &#8220;Bu y\u0131l bildi\u011finiz \u00fczere bayram tatili uzat\u0131lmad\u0131. \u00c7\u00fcnk\u00fc imalat ve sanayi sekt\u00f6r\u00fc a\u00e7\u0131s\u0131ndan uzun tatiller ciddi kay\u0131plara neden oluyordu. \u015eimdi yine memleketlerine ya da tatil beldelerine gitmek isteyenler vatanda\u015flar\u0131m\u0131z olacakt\u0131r. Ancak b\u00fcy\u00fck \u00e7o\u011funluk, bu k\u0131sa s\u00fcreyi yollarda ge\u00e7irmek istemedi\u011fi i\u00e7in bayram\u0131 ya\u015fad\u0131\u011f\u0131 \u015fehirde ge\u00e7irmeyi tercih edecek. Bu da \u015fehir i\u00e7indeki al\u0131\u015fveri\u015f hareketlili\u011fini art\u0131racak. \u00d6zellikle \u00e7ar\u015f\u0131 ve pazarlarda; tatl\u0131c\u0131, b\u00fcfeci, kuruyemi\u015f\u00e7i, berber, ayakkab\u0131c\u0131 gibi esnaf gruplar\u0131nda yo\u011funluk ya\u015fanmas\u0131n\u0131 bekliyoruz. Vatanda\u015flar\u0131m\u0131z bulunduklar\u0131 \u015fehirlerde bayram al\u0131\u015fveri\u015flerini yaparak hem bayram\u0131 en g\u00fczel \u015fekilde kar\u015f\u0131layacak hem de \u015fehir ekonomisine can suyu olacak&#8221; dedi. &#8220;Sa\u011fl\u0131ks\u0131z ve merdiven alt\u0131 \u00fcr\u00fcnlere dikkat edin&#8221; Bayram \u00f6ncesinde vatanda\u015flar\u0131 \u00f6zellikle merdiven alt\u0131 \u00fcr\u00fcnlere kar\u015f\u0131 uyaran Ba\u015fkan Dere, &#8220;Vatanda\u015flar\u0131m\u0131zdan sa\u011fl\u0131ks\u0131z, kalitesiz, merdiven alt\u0131 \u00fcr\u00fcnlerden uzak durmalar\u0131n\u0131 rica ediyorum. Maalesef son d\u00f6nemde artan fiyatlarla birlikte bu tarz \u00fcretimlerin say\u0131s\u0131 da art\u0131\u015f g\u00f6sterdi. &hellip;"}