{"version":"1.0","provider_name":"Av. Deniz Can K\u0131z\u0131l","provider_url":"https:\/\/denizcankizil.tr\/uk","author_name":"Av. Deniz Can K\u0131z\u0131l","author_url":"https:\/\/denizcankizil.tr\/uk\/author\/denizcankizil\/","title":"60. Cumhurba\u015fkanl\u0131\u011f\u0131 T\u00fcrkiye Bisiklet Turu ba\u015fl\u0131yor","type":"rich","width":600,"height":338,"html":"<blockquote class=\"wp-embedded-content\" data-secret=\"YqIHReD97Z\"><a href=\"https:\/\/denizcankizil.tr\/uk\/haberler\/antalya\/60-cumhurbaskanligi-turkiye-bisiklet-turu-basliyor\/\">60. Cumhurba\u015fkanl\u0131\u011f\u0131 T\u00fcrkiye Bisiklet Turu ba\u015fl\u0131yor<\/a><\/blockquote><iframe sandbox=\"allow-scripts\" security=\"restricted\" src=\"https:\/\/denizcankizil.tr\/uk\/haberler\/antalya\/60-cumhurbaskanligi-turkiye-bisiklet-turu-basliyor\/embed\/#?secret=YqIHReD97Z\" width=\"600\" height=\"338\" title=\"&#8220;60. Cumhurba\u015fkanl\u0131\u011f\u0131 T\u00fcrkiye Bisiklet Turu ba\u015fl\u0131yor&#8221; &#8212; Av. Deniz Can K\u0131z\u0131l\" data-secret=\"YqIHReD97Z\" frameborder=\"0\" marginwidth=\"0\" marginheight=\"0\" scrolling=\"no\" class=\"wp-embedded-content\"><\/iframe><script>\n\/*! This file is auto-generated *\/\n!function(d,l){\"use strict\";l.querySelector&&d.addEventListener&&\"undefined\"!=typeof URL&&(d.wp=d.wp||{},d.wp.receiveEmbedMessage||(d.wp.receiveEmbedMessage=function(e){var t=e.data;if((t||t.secret||t.message||t.value)&&!\/[^a-zA-Z0-9]\/.test(t.secret)){for(var s,r,n,a=l.querySelectorAll('iframe[data-secret=\"'+t.secret+'\"]'),o=l.querySelectorAll('blockquote[data-secret=\"'+t.secret+'\"]'),c=new RegExp(\"^https?:$\",\"i\"),i=0;i<o.length;i++)o[i].style.display=\"none\";for(i=0;i<a.length;i++)s=a[i],e.source===s.contentWindow&&(s.removeAttribute(\"style\"),\"height\"===t.message?(1e3<(r=parseInt(t.value,10))?r=1e3:~~r<200&&(r=200),s.height=r):\"link\"===t.message&&(r=new URL(s.getAttribute(\"src\")),n=new URL(t.value),c.test(n.protocol))&&n.host===r.host&&l.activeElement===s&&(d.top.location.href=t.value))}},d.addEventListener(\"message\",d.wp.receiveEmbedMessage,!1),l.addEventListener(\"DOMContentLoaded\",function(){for(var e,t,s=l.querySelectorAll(\"iframe.wp-embedded-content\"),r=0;r<s.length;r++)(t=(e=s[r]).getAttribute(\"data-secret\"))||(t=Math.random().toString(36).substring(2,12),e.src+=\"#?secret=\"+t,e.setAttribute(\"data-secret\",t)),e.contentWindow.postMessage({message:\"ready\",secret:t},\"*\")},!1)))}(window,document);\n\/\/# sourceURL=https:\/\/denizcankizil.tr\/wp-includes\/js\/wp-embed.min.js\n<\/script>","description":"Cumhurba\u015fkanl\u0131\u011f\u0131 himayelerinde, Gen\u00e7lik ve Spor Bakanl\u0131\u011f\u0131&#8217;n\u0131n destekleriyle d\u00fczenlenen ve T\u00fcrkiye Bisiklet Federasyonu taraf\u0131ndan organize edilen 60. Cumhurba\u015fkanl\u0131\u011f\u0131 T\u00fcrkiye Bisiklet Turu&#8217;nun bas\u0131n toplant\u0131s\u0131 yap\u0131ld\u0131. Antalya&#8217;n\u0131n ev sahipli\u011finde d\u00fczenlenen toplant\u0131ya Antalya Valisi Hulusi \u015eahin, T\u00fcrkiye Bisiklet Federasyonu Ba\u015fkan\u0131 Emin M\u00fcft\u00fco\u011flu, Antalya Gen\u00e7lik ve Spor \u0130l M\u00fcd\u00fcr\u00fc Yavuz G\u00fcrhan, T\u00fcrkiye Bisiklet Federasyonu Asba\u015fkan\u0131 Metin Cengiz, T\u00fcrkiye Bisiklet Federasyonu Ba\u015fkan Vekili Fikret Hayali, T\u00fcrkiye Bisiklet Federasyonu Y\u00f6netim Kurulu \u00dcyesi Mehmet Okan Kaya, T\u00fcrkiye Bisiklet Federasyonu Y\u00f6netim Kurulu \u00dcyesi Onur \u015eahin, Antalya Protokol\u00fc, Tour of T\u00fcrkiye Yar\u0131\u015f Direkt\u00f6rleri Mutlu Er\u00e7evik ve Vladimiros Petsas kat\u0131ld\u0131. Bu y\u0131lki organizasyon; 3 k\u0131tadan 13 \u00fclkeden 23 tak\u0131m ve 161 sporcunun kat\u0131l\u0131m\u0131yla 8 etapta 1.153 kilometrelik parkurda ger\u00e7ekle\u015ftirilecek. Start yar\u0131n Antalya&#8217;dan verilecek; etaplar s\u0131ras\u0131yla Kemer, Kalkan, Fethiye, Marmaris, Akyaka, Ayd\u0131n, Sel\u00e7uk ve \u00c7e\u015fme&#8217;den ge\u00e7erek 4 May\u0131s&#8217;ta \u0130zmir&#8217;de sona erecek. Tur, ayn\u0131 zamanda T\u00fcrkiye&#8217;nin spor turizmi alan\u0131ndaki uluslararas\u0131 marka olma \u00f6zelli\u011fini s\u00fcrd\u00fcr\u00fcrken 60. y\u0131l\u0131na \u00f6zel haz\u0131rl\u0131klar, teknik ekipmanlar, g\u00fcvenlik ve sa\u011fl\u0131k protokolleriyle yar\u0131\u015f boyunca toplamda binin \u00fczerinde g\u00f6revli ve g\u00f6n\u00fcll\u00fc sahada olacak. Emin M\u00fcft\u00fco\u011flu: &#8220;Bir turun \u00f6tesidir bu yar\u0131\u015f&#8221; T\u00fcrkiye Bisiklet Federasyonu Ba\u015fkan\u0131 Emin M\u00fcft\u00fco\u011flu, yar\u0131\u015f i\u00e7in hala ayn\u0131 heyecan\u0131 ya\u015fad\u0131klar\u0131n\u0131 belirterek, &#8220;Bug\u00fcn \u00e7ok heyecanl\u0131y\u0131m. Turun 50. y\u0131l\u0131n\u0131 yapt\u0131\u011f\u0131m\u0131z d\u00f6nemi hat\u0131rl\u0131yorum. 50. y\u0131l organizasyonunda bir\u00e7ok yenilik ve farkl\u0131 bir heyecan vard\u0131. &hellip;"}