{"version":"1.0","provider_name":"Av. Deniz Can K\u0131z\u0131l","provider_url":"https:\/\/denizcankizil.tr\/uk","author_name":"Av. Deniz Can K\u0131z\u0131l","author_url":"https:\/\/denizcankizil.tr\/uk","title":"30 y\u0131ld\u0131r denizin \u00e7\u00f6p\u00fcn\u00fc topluyor","type":"rich","width":600,"height":338,"html":"<blockquote class=\"wp-embedded-content\" data-secret=\"XMlAGGgngO\"><a href=\"https:\/\/denizcankizil.tr\/uk\/haberler\/antalya\/30-yildir-denizin-copunu-topluyor\/\">30 y\u0131ld\u0131r denizin \u00e7\u00f6p\u00fcn\u00fc topluyor<\/a><\/blockquote><iframe sandbox=\"allow-scripts\" security=\"restricted\" src=\"https:\/\/denizcankizil.tr\/uk\/haberler\/antalya\/30-yildir-denizin-copunu-topluyor\/embed\/#?secret=XMlAGGgngO\" width=\"600\" height=\"338\" title=\"&#8220;30 y\u0131ld\u0131r denizin \u00e7\u00f6p\u00fcn\u00fc topluyor&#8221; &#8212; Av. Deniz Can K\u0131z\u0131l\" data-secret=\"XMlAGGgngO\" frameborder=\"0\" marginwidth=\"0\" marginheight=\"0\" scrolling=\"no\" class=\"wp-embedded-content\"><\/iframe><script>\n\/*! This file is auto-generated *\/\n!function(d,l){\"use strict\";l.querySelector&&d.addEventListener&&\"undefined\"!=typeof URL&&(d.wp=d.wp||{},d.wp.receiveEmbedMessage||(d.wp.receiveEmbedMessage=function(e){var t=e.data;if((t||t.secret||t.message||t.value)&&!\/[^a-zA-Z0-9]\/.test(t.secret)){for(var s,r,n,a=l.querySelectorAll('iframe[data-secret=\"'+t.secret+'\"]'),o=l.querySelectorAll('blockquote[data-secret=\"'+t.secret+'\"]'),c=new RegExp(\"^https?:$\",\"i\"),i=0;i<o.length;i++)o[i].style.display=\"none\";for(i=0;i<a.length;i++)s=a[i],e.source===s.contentWindow&&(s.removeAttribute(\"style\"),\"height\"===t.message?(1e3<(r=parseInt(t.value,10))?r=1e3:~~r<200&&(r=200),s.height=r):\"link\"===t.message&&(r=new URL(s.getAttribute(\"src\")),n=new URL(t.value),c.test(n.protocol))&&n.host===r.host&&l.activeElement===s&&(d.top.location.href=t.value))}},d.addEventListener(\"message\",d.wp.receiveEmbedMessage,!1),l.addEventListener(\"DOMContentLoaded\",function(){for(var e,t,s=l.querySelectorAll(\"iframe.wp-embedded-content\"),r=0;r<s.length;r++)(t=(e=s[r]).getAttribute(\"data-secret\"))||(t=Math.random().toString(36).substring(2,12),e.src+=\"#?secret=\"+t,e.setAttribute(\"data-secret\",t)),e.contentWindow.postMessage({message:\"ready\",secret:t},\"*\")},!1)))}(window,document);\n\/\/# sourceURL=https:\/\/denizcankizil.tr\/wp-includes\/js\/wp-embed.min.js\n<\/script>","thumbnail_url":"https:\/\/denizcankizil.tr\/wp-content\/uploads\/2024\/12\/3412-01-YOJFNO.jpeg","thumbnail_width":1280,"thumbnail_height":720,"description":"Demre&#8217;nin d\u00fcnyaca \u00fcnl\u00fc tarihi ve turistik merkezi Kekova b\u00f6lgesinde Kalek\u00f6y, G\u00f6kkaya Koyu, Korsan Ma\u011faras\u0131, Akvaryum Koyu, Simena Antik Bat\u0131k\u015fehir, Tersane, \u00dc\u00e7a\u011f\u0131z, Hamidiye, Salyangoz, Bur\u00e7 ve Buza\u011f\u0131l\u0131k koyu gibi \u00e7ok say\u0131da koy ve sahiline \u00f6zellikle yaz aylar\u0131nda hem yurt i\u00e7i hem yurt d\u0131\u015f\u0131ndan on binlerce turist geliyor. Demre ve Ka\u015f il\u00e7elerinden tekne turlar\u0131yla bu koylar\u0131 gezen ve denize girenlerin ard\u0131nda b\u0131rakt\u0131\u011f\u0131 \u00e7\u00f6pleri ise 30 y\u0131ld\u0131r Cevdet Eren topluyor. &#8216;Kader-2&#8217; isimli pancar motoru tak\u0131l\u0131 k\u00fc\u00e7\u00fck teknesiyle her sabah g\u00fcn do\u011fmadan koylar\u0131 tek tek dola\u015f\u0131p \u00e7\u00f6pleri temizleyen Eren, belediyeden 2 y\u0131l \u00f6nce emekli olduktan sonra da \u00e7\u00f6pleri toplamaya devam ediyor. 30 YILDIR KEKOVA&#8217;YI TEM\u0130ZLEYEN ADAM Kekova Adas\u0131, Bat\u0131k\u015fehir, Tersane ve Akvaryum gibi \u00e7evre koylar\u0131n temizli\u011fini yapt\u0131\u011f\u0131n\u0131, turistlerin b\u0131rakt\u0131\u011f\u0131 \u00e7\u00f6pleri toplad\u0131\u011f\u0131n\u0131 belirten Cevdet Eren, &#8220;Tekne kendimin, tekne i\u00e7in \u00fccret alm\u0131yorum, sadece ayl\u0131k al\u0131yorum. Kalek\u00f6y&#8217;\u00fcn \u00e7\u00f6plerini her g\u00fcn al\u0131yorum, koylar\u0131 aral\u0131kl\u0131 g\u00fcnlerde topluyorum. 30 y\u0131ld\u0131r bu i\u015fi yap\u0131yorum. Yaz g\u00fcnleri \u00e7ok \u00e7\u00f6p \u00e7\u0131k\u0131yor, k\u0131\u015f d\u00f6nemi az oluyor. Her g\u00fcn saat 04.00&#8217;te burada oluyorum, Kalek\u00f6y&#8217;deki herkes \u00e7\u00f6p\u00fcn\u00fc getiriyor. Koylarda denize b\u0131rak\u0131lm\u0131\u015f ve sahile vuran \u00e7\u00f6pleri topluyorum&#8221; dedi. YAZIN G\u00dcNDE 3 B\u0130N K\u0130LO \u00c7\u00d6P \u00c7IKIYOR Demre Belediyesi Temizlik \u0130\u015fleri M\u00fcd\u00fcr\u00fc H\u00fcseyin Kart\u0131n, Cevdet Eren&#8217;in her sabah 04.00 gibi Kalek\u00f6y&#8217;de ya\u015fad\u0131\u011f\u0131 evinden \u00e7\u0131k\u0131p restoranlar, i\u015fletmeler ve k\u00f6y sakinlerinin &hellip;"}