{"version":"1.0","provider_name":"Av. Deniz Can K\u0131z\u0131l","provider_url":"https:\/\/denizcankizil.tr\/uk","author_name":"Av. Deniz Can K\u0131z\u0131l","author_url":"https:\/\/denizcankizil.tr\/uk\/author\/denizcankizil\/","title":"17 ya\u015f\u0131ndaki gencin cinayet san\u0131\u011f\u0131na m\u00fcebbet talebi","type":"rich","width":600,"height":338,"html":"<blockquote class=\"wp-embedded-content\" data-secret=\"j6BYCejac9\"><a href=\"https:\/\/denizcankizil.tr\/uk\/haberler\/antalya\/17-yasindaki-gencin-cinayet-sanigina-muebbet-talebi\/\">17 ya\u015f\u0131ndaki gencin cinayet san\u0131\u011f\u0131na m\u00fcebbet talebi<\/a><\/blockquote><iframe sandbox=\"allow-scripts\" security=\"restricted\" src=\"https:\/\/denizcankizil.tr\/uk\/haberler\/antalya\/17-yasindaki-gencin-cinayet-sanigina-muebbet-talebi\/embed\/#?secret=j6BYCejac9\" width=\"600\" height=\"338\" title=\"&#8220;17 ya\u015f\u0131ndaki gencin cinayet san\u0131\u011f\u0131na m\u00fcebbet talebi&#8221; &#8212; Av. Deniz Can K\u0131z\u0131l\" data-secret=\"j6BYCejac9\" frameborder=\"0\" marginwidth=\"0\" marginheight=\"0\" scrolling=\"no\" class=\"wp-embedded-content\"><\/iframe><script>\n\/*! This file is auto-generated *\/\n!function(d,l){\"use strict\";l.querySelector&&d.addEventListener&&\"undefined\"!=typeof URL&&(d.wp=d.wp||{},d.wp.receiveEmbedMessage||(d.wp.receiveEmbedMessage=function(e){var t=e.data;if((t||t.secret||t.message||t.value)&&!\/[^a-zA-Z0-9]\/.test(t.secret)){for(var s,r,n,a=l.querySelectorAll('iframe[data-secret=\"'+t.secret+'\"]'),o=l.querySelectorAll('blockquote[data-secret=\"'+t.secret+'\"]'),c=new RegExp(\"^https?:$\",\"i\"),i=0;i<o.length;i++)o[i].style.display=\"none\";for(i=0;i<a.length;i++)s=a[i],e.source===s.contentWindow&&(s.removeAttribute(\"style\"),\"height\"===t.message?(1e3<(r=parseInt(t.value,10))?r=1e3:~~r<200&&(r=200),s.height=r):\"link\"===t.message&&(r=new URL(s.getAttribute(\"src\")),n=new URL(t.value),c.test(n.protocol))&&n.host===r.host&&l.activeElement===s&&(d.top.location.href=t.value))}},d.addEventListener(\"message\",d.wp.receiveEmbedMessage,!1),l.addEventListener(\"DOMContentLoaded\",function(){for(var e,t,s=l.querySelectorAll(\"iframe.wp-embedded-content\"),r=0;r<s.length;r++)(t=(e=s[r]).getAttribute(\"data-secret\"))||(t=Math.random().toString(36).substring(2,12),e.src+=\"#?secret=\"+t,e.setAttribute(\"data-secret\",t)),e.contentWindow.postMessage({message:\"ready\",secret:t},\"*\")},!1)))}(window,document);\n\/\/# sourceURL=https:\/\/denizcankizil.tr\/wp-includes\/js\/wp-embed.min.js\n<\/script>","thumbnail_url":"https:\/\/denizcankizil.tr\/wp-content\/uploads\/2025\/03\/5314-01-O3AVw4.jpeg","thumbnail_width":1280,"thumbnail_height":720,"description":"Olay, 17 Mart 2024&#8217;te saat 21.30 s\u0131ralar\u0131nda D\u00f6\u015femealt\u0131 il\u00e7esi Ye\u015filbay\u0131r Mahallesi\u2019ndeki oto y\u0131kamac\u0131da meydana geldi. Oto y\u0131kamac\u0131da i\u015fe ba\u015flayan Arda Ba\u011fu\u00e7, Sercan Baki Davran ve Enes Emre K., kald\u0131klar\u0131 konteynerde birlikte i\u00e7ki i\u00e7meye ba\u015flad\u0131. Telefonda k\u0131z arkada\u015f\u0131yla konu\u015fan Sercan Baki Davran&#8217;\u0131n elindeki tabanca iddiaya g\u00f6re Arda Ba\u011fu\u00e7&#8217;un ba\u015f\u0131na do\u011fru tuttu\u011fu s\u0131rada ate\u015f ald\u0131. \u0130hbar \u00fczerine adrese gelen sa\u011fl\u0131k ekibi, Arda Ba\u011fu\u00e7&#8217;un hayat\u0131n\u0131 kaybetti\u011fini belirledi. Savc\u0131l\u0131k ve olay yeri inceleme ekiplerinin \u00e7al\u0131\u015fmas\u0131n\u0131n ard\u0131ndan Ba\u011fu\u00e7&#8217;un cans\u0131z bedeni, Adli T\u0131p Kurumu morguna kald\u0131r\u0131ld\u0131. ARKADA\u015eI, C\u0130NAYET\u0130 \u0130T\u0130RAF ETT\u0130 Arkada\u015flar\u0131, ifadelerinde, Ba\u011fu\u00e7&#8217;un intihar etti\u011fini ileri s\u00fcrd\u00fc. Cinayet B\u00fcro Amirli\u011fi ekipleri, tabancan\u0131n bulundu\u011fu konum ile ate\u015f edilen noktan\u0131n farkl\u0131l\u0131k g\u00f6sterdi\u011fini belirledi. G\u00f6zalt\u0131na al\u0131narak Cinayet B\u00fcro Amirli\u011fi&#8217;ne g\u00f6t\u00fcr\u00fclen Enes Emre K.&#8217;nin ifadesinde; Sercan Baki Davran&#8217;\u0131n, Ba\u011fu\u00e7&#8217;a tabancayla ate\u015f etti\u011fini s\u00f6yledi\u011fi \u00f6\u011frenildi. Davran&#8217;\u0131n cinayeti i\u015fledi\u011fini itiraf eden Enes Emre K., i\u015flemleri sonras\u0131 adli kontrol \u015fart\u0131yla serbest b\u0131rak\u0131ld\u0131. Arda Ba\u011fu\u00e7&#8217;u tabanca ile ba\u015f\u0131ndan vurduktan sonra polise &#8216;intihar etti&#8217; diyen ve su\u00e7lamalar\u0131 kabul etmeyen Sercan Baki Davran ise &#8216;Kasten \u00f6ld\u00fcrme&#8217; su\u00e7undan tutukland\u0131. &#8216;O\u011eLUM \u0130NT\u0130HAR EDECEK B\u0130R \u00c7OCUK DE\u011e\u0130L&#8217; Antalya 5. A\u011f\u0131r Ceza Mahkemesi&#8217;nde san\u0131klar\u0131n yarg\u0131lamas\u0131na devam edildi. Sercan Baki Davran salonda yer al\u0131rken, farkl\u0131 bir su\u00e7tan cezaevinde olan ve &#8216;Delilleri yok etme, gizleme ve de\u011fi\u015ftirme&#8217; su\u00e7undan yarg\u0131lanan Enes Emre K., &hellip;"}