{"version":"1.0","provider_name":"Av. Deniz Can K\u0131z\u0131l","provider_url":"https:\/\/denizcankizil.tr\/uk","author_name":"Av. Deniz Can K\u0131z\u0131l","author_url":"https:\/\/denizcankizil.tr\/uk\/author\/denizcankizil\/","title":"15 ya\u015f\u0131ndaki k\u0131z\u0131n\u0131n 112 kayd\u0131 aileyi a\u011flatt\u0131","type":"rich","width":600,"height":338,"html":"<blockquote class=\"wp-embedded-content\" data-secret=\"BjIh2YWtFh\"><a href=\"https:\/\/denizcankizil.tr\/uk\/haberler\/antalya\/15-yasindaki-kizinin-112-kaydi-aileyi-aglatti\/\">15 ya\u015f\u0131ndaki k\u0131z\u0131n\u0131n 112 kayd\u0131 aileyi a\u011flatt\u0131<\/a><\/blockquote><iframe sandbox=\"allow-scripts\" security=\"restricted\" src=\"https:\/\/denizcankizil.tr\/uk\/haberler\/antalya\/15-yasindaki-kizinin-112-kaydi-aileyi-aglatti\/embed\/#?secret=BjIh2YWtFh\" width=\"600\" height=\"338\" title=\"&#8220;15 ya\u015f\u0131ndaki k\u0131z\u0131n\u0131n 112 kayd\u0131 aileyi a\u011flatt\u0131&#8221; &#8212; Av. Deniz Can K\u0131z\u0131l\" data-secret=\"BjIh2YWtFh\" frameborder=\"0\" marginwidth=\"0\" marginheight=\"0\" scrolling=\"no\" class=\"wp-embedded-content\"><\/iframe><script>\n\/*! This file is auto-generated *\/\n!function(d,l){\"use strict\";l.querySelector&&d.addEventListener&&\"undefined\"!=typeof URL&&(d.wp=d.wp||{},d.wp.receiveEmbedMessage||(d.wp.receiveEmbedMessage=function(e){var t=e.data;if((t||t.secret||t.message||t.value)&&!\/[^a-zA-Z0-9]\/.test(t.secret)){for(var s,r,n,a=l.querySelectorAll('iframe[data-secret=\"'+t.secret+'\"]'),o=l.querySelectorAll('blockquote[data-secret=\"'+t.secret+'\"]'),c=new RegExp(\"^https?:$\",\"i\"),i=0;i<o.length;i++)o[i].style.display=\"none\";for(i=0;i<a.length;i++)s=a[i],e.source===s.contentWindow&&(s.removeAttribute(\"style\"),\"height\"===t.message?(1e3<(r=parseInt(t.value,10))?r=1e3:~~r<200&&(r=200),s.height=r):\"link\"===t.message&&(r=new URL(s.getAttribute(\"src\")),n=new URL(t.value),c.test(n.protocol))&&n.host===r.host&&l.activeElement===s&&(d.top.location.href=t.value))}},d.addEventListener(\"message\",d.wp.receiveEmbedMessage,!1),l.addEventListener(\"DOMContentLoaded\",function(){for(var e,t,s=l.querySelectorAll(\"iframe.wp-embedded-content\"),r=0;r<s.length;r++)(t=(e=s[r]).getAttribute(\"data-secret\"))||(t=Math.random().toString(36).substring(2,12),e.src+=\"#?secret=\"+t,e.setAttribute(\"data-secret\",t)),e.contentWindow.postMessage({message:\"ready\",secret:t},\"*\")},!1)))}(window,document);\n\/\/# sourceURL=https:\/\/denizcankizil.tr\/wp-includes\/js\/wp-embed.min.js\n<\/script>","thumbnail_url":"https:\/\/denizcankizil.tr\/wp-content\/uploads\/2025\/03\/5468-01-Tw5Qys.jpeg","thumbnail_width":1280,"thumbnail_height":720,"description":"15 ya\u015f\u0131ndaki k\u0131z\u0131n ses kay\u0131tlar\u0131ndaki, &#8220;Gece \u00e7\u0131\u011fl\u0131k sesleri duydum ama r\u00fcya sanm\u0131\u015ft\u0131m, annem gece yaralanm\u0131\u015f b\u0131\u00e7aklanm\u0131\u015f, di\u015flerini k\u0131rm\u0131\u015flar, \u00e7ok az nefes al\u0131yor, evde tek ba\u015f\u0131may\u0131m, halam\u0131 \u00e7a\u011f\u0131rd\u0131m. Duvarda kur\u015fun izleri var&#8221; ifadelerini dinleyen makt\u00fcl yak\u0131nlar\u0131 g\u00f6zya\u015flar\u0131na bo\u011fuldu. Bo\u015fanma a\u015famas\u0131nda oldu\u011fu e\u015fi Fadim Temirhano\u011fullar\u0131&#8217;n\u0131 (52) tabancayla \u00f6ld\u00fcren Sava\u015f Temirhano\u011fullar\u0131&#8217;n\u0131n (48) yarg\u0131land\u0131\u011f\u0131 davan\u0131n ikinci duru\u015fmas\u0131 Antalya 1. A\u011f\u0131r Ceza Mahkemesi&#8217;nde g\u00f6r\u00fcld\u00fc. Duru\u015fmada maktul\u00fcn yak\u0131nlar\u0131 m\u00fc\u015ftekiler ve san\u0131\u011f\u0131n \u00e7ocukluk arkada\u015f\u0131 tan\u0131k olarak dinlenirken, annesi ve yak\u0131nlar\u0131 Fadim Temirhano\u011fullar\u0131&#8217;n\u0131n foto\u011fraf\u0131n\u0131n yer ald\u0131\u011f\u0131 ti\u015f\u00f6rtle davaya kat\u0131ld\u0131. San\u0131k Sava\u015f Temirhano\u011fullar\u0131 ve Fikret \u0130nal&#8217;\u0131n da duru\u015fma salonunda yer ald\u0131\u011f\u0131 davada, san\u0131klar\u0131n savunmas\u0131 s\u0131ras\u0131nda zaman zaman sesler y\u00fckseldi. Tan\u0131klar ve m\u00fc\u015ftekiler dinlendi Duru\u015fmada ilk olarak san\u0131\u011f\u0131n \u00e7ocukluk arkada\u015f\u0131 tan\u0131k olarak dinlendi. Tan\u0131k, &#8220;Olay an\u0131nda ya da \u00f6ncesine ait bir bilgim yok. Sava\u015f&#8217;\u0131 10 ya\u015f\u0131ndan beri tan\u0131yorum, mahalleden arkada\u015f\u0131m. Evlendi\u011finden beri maktul\u00fc tan\u0131yorum. \u0130lk bo\u015fanma karar\u0131ndan \u00f6nce beni arad\u0131. Sava\u015f ile konu\u015fmadan bir araya gelemeyece\u011fimizi s\u00f6yledim. Sava\u015f&#8217;\u0131n ablas\u0131yla evine gittik. Bo\u015fanmak istedi\u011fini s\u00f6yledi. Sava\u015f&#8217;la konu\u015ftum, &#8216;Ne isterse yap&#8217; dedi. Daha sonra dava a\u00e7\u0131ld\u0131. Dava s\u0131ras\u0131nda kendi aralar\u0131nda konu\u015ftular, bar\u0131\u015ft\u0131klar\u0131n\u0131 s\u00f6ylediler. Ben de i\u00e7eriye girip davadan feragat ettiklerini s\u00f6yledim. Daha sonra ikinci davan\u0131n a\u00e7\u0131ld\u0131\u011f\u0131n\u0131 duydum. Dosyada daha \u00f6nce sanki hi\u00e7 dava a\u00e7\u0131lmam\u0131\u015f, hi\u00e7 bu olaylar ya\u015fanmam\u0131\u015f gibi bir dosya olu\u015fturulmu\u015ftu. &hellip;"}