{"version":"1.0","provider_name":"Av. Deniz Can K\u0131z\u0131l","provider_url":"https:\/\/denizcankizil.tr\/uk","author_name":"Av. Deniz Can K\u0131z\u0131l","author_url":"https:\/\/denizcankizil.tr\/uk\/author\/denizcankizil\/","title":"15 ya\u015f\u0131ndaki gen\u00e7 k\u0131z falezlerden d\u00fc\u015ft\u00fc","type":"rich","width":600,"height":338,"html":"<blockquote class=\"wp-embedded-content\" data-secret=\"PMXK0YXzAD\"><a href=\"https:\/\/denizcankizil.tr\/uk\/haberler\/antalya\/15-yasindaki-genc-kiz-falezlerden-dustu\/\">15 ya\u015f\u0131ndaki gen\u00e7 k\u0131z falezlerden d\u00fc\u015ft\u00fc<\/a><\/blockquote><iframe sandbox=\"allow-scripts\" security=\"restricted\" src=\"https:\/\/denizcankizil.tr\/uk\/haberler\/antalya\/15-yasindaki-genc-kiz-falezlerden-dustu\/embed\/#?secret=PMXK0YXzAD\" width=\"600\" height=\"338\" title=\"&#8220;15 ya\u015f\u0131ndaki gen\u00e7 k\u0131z falezlerden d\u00fc\u015ft\u00fc&#8221; &#8212; Av. Deniz Can K\u0131z\u0131l\" data-secret=\"PMXK0YXzAD\" frameborder=\"0\" marginwidth=\"0\" marginheight=\"0\" scrolling=\"no\" class=\"wp-embedded-content\"><\/iframe><script>\n\/*! This file is auto-generated *\/\n!function(d,l){\"use strict\";l.querySelector&&d.addEventListener&&\"undefined\"!=typeof URL&&(d.wp=d.wp||{},d.wp.receiveEmbedMessage||(d.wp.receiveEmbedMessage=function(e){var t=e.data;if((t||t.secret||t.message||t.value)&&!\/[^a-zA-Z0-9]\/.test(t.secret)){for(var s,r,n,a=l.querySelectorAll('iframe[data-secret=\"'+t.secret+'\"]'),o=l.querySelectorAll('blockquote[data-secret=\"'+t.secret+'\"]'),c=new RegExp(\"^https?:$\",\"i\"),i=0;i<o.length;i++)o[i].style.display=\"none\";for(i=0;i<a.length;i++)s=a[i],e.source===s.contentWindow&&(s.removeAttribute(\"style\"),\"height\"===t.message?(1e3<(r=parseInt(t.value,10))?r=1e3:~~r<200&&(r=200),s.height=r):\"link\"===t.message&&(r=new URL(s.getAttribute(\"src\")),n=new URL(t.value),c.test(n.protocol))&&n.host===r.host&&l.activeElement===s&&(d.top.location.href=t.value))}},d.addEventListener(\"message\",d.wp.receiveEmbedMessage,!1),l.addEventListener(\"DOMContentLoaded\",function(){for(var e,t,s=l.querySelectorAll(\"iframe.wp-embedded-content\"),r=0;r<s.length;r++)(t=(e=s[r]).getAttribute(\"data-secret\"))||(t=Math.random().toString(36).substring(2,12),e.src+=\"#?secret=\"+t,e.setAttribute(\"data-secret\",t)),e.contentWindow.postMessage({message:\"ready\",secret:t},\"*\")},!1)))}(window,document);\n\/\/# sourceURL=https:\/\/denizcankizil.tr\/wp-includes\/js\/wp-embed.min.js\n<\/script>","thumbnail_url":"https:\/\/denizcankizil.tr\/wp-content\/uploads\/2025\/01\/4399-01-zXszRS.jpeg","thumbnail_width":1280,"thumbnail_height":720,"description":"Olay, d\u00fcn ak\u015fam saat 20.45 s\u0131ralar\u0131nda Muratpa\u015fa il\u00e7esi Gen\u00e7lik Mahallesi&#8217;nde bulunan falez band\u0131nda meydana geldi. Edinilen bilgiye g\u00f6re, bir ki\u015finin yard\u0131m \u00e7\u0131\u011fl\u0131\u011f\u0131n\u0131 duyan vatanda\u015flar sesin geldi\u011fi y\u00f6ne ilerledi. \u201cYard\u0131m edin, dayanam\u0131yorum\u201d diyerek yard\u0131m isteyen k\u0131z sesinin, yakla\u015f\u0131k 20 metrelik y\u00fckseklikten deniz seviyesindeki kayal\u0131k alanda oldu\u011funu fark eden vatanda\u015flar durumu 112 Acil \u00c7a\u011fr\u0131 Merkezi&#8217;ne bildirdi. \u0130hbarla olay yerine itfaiye, polis ve sa\u011fl\u0131k ekipleri sevk edildi. Karadan ula\u015f\u0131lamay\u0131nca deniz polisi devreye girdi B\u00f6lgeye gelen polis ve itfaiye ekipleri karadan ula\u015f\u0131m\u0131n imkans\u0131z oldu\u011fu k\u0131z\u0131n bulundu\u011fu alan i\u00e7in Antalya Emniyet M\u00fcd\u00fcrl\u00fc\u011f\u00fc Deniz Liman \u015eube M\u00fcd\u00fcrl\u00fc\u011f\u00fc&#8217;ne ba\u011fl\u0131 ekipten destek istendi. B\u00f6lgeye gelen deniz polisi b\u00f6lgede arama yaparken gen\u00e7 k\u0131z ekiplere \u201cBuraday\u0131m\u201d diyerek yerini belli etmeye \u00e7al\u0131\u015ft\u0131. S\u0131\u011f ve kayal\u0131k alana girmekte zorlanan deniz polisi k\u0131sa s\u00fcreli u\u011fra\u015f\u0131n ard\u0131ndan gen\u00e7 k\u0131za ula\u015ft\u0131. Deniz polisinin kuca\u011f\u0131na alarak kayal\u0131k alandan \u00e7\u0131kard\u0131\u011f\u0131 gen\u00e7 bota al\u0131n\u0131rken yaralar\u0131 nedeniyle ac\u0131 i\u00e7inde \u00e7\u0131\u011fl\u0131k att\u0131\u011f\u0131 g\u00f6r\u00fcld\u00fc. Yaral\u0131 olarak hastaneye kald\u0131r\u0131ld\u0131 \u0130sminin Ya\u011fmur Z. (15) oldu\u011fu \u00f6\u011frenilen k\u0131z \u00e7ocu\u011fu, deniz polisi taraf\u0131ndan botla Kalei\u00e7i Yat Liman\u0131&#8217;na g\u00f6t\u00fcr\u00fcld\u00fc. Deniz Liman \u015eube M\u00fcd\u00fcrl\u00fc\u011f\u00fc&#8217;nde haz\u0131r bekleyen 112 Acil Sa\u011fl\u0131k ekipleri taraf\u0131ndan ilk m\u00fcdahalesi polis botunda yap\u0131lan Ya\u011fmur Z., ambulansla Antalya E\u011fitim ve Ara\u015ft\u0131rma Hastanesi&#8217;ne g\u00f6t\u00fcr\u00fcld\u00fc. Ya\u011fmur Z.&#8217;nin d\u00fc\u015fme neticesinde v\u00fccudunda k\u0131r\u0131klar oldu\u011fu \u00f6\u011frenilirken, sa\u011fl\u0131k g\u00f6revlileri s\u0131k s\u0131k &hellip;"}