{"version":"1.0","provider_name":"Av. Deniz Can K\u0131z\u0131l","provider_url":"https:\/\/denizcankizil.tr\/uk","author_name":"admin","author_url":"https:\/\/denizcankizil.tr\/uk\/author\/admin\/","title":"Fikri ve S\u0131nai Haklar Hukuku","type":"rich","width":600,"height":338,"html":"<blockquote class=\"wp-embedded-content\" data-secret=\"MsItgcr3S7\"><a href=\"https:\/\/denizcankizil.tr\/uk\/alanlar\/fikri-ve-sinai-haklar-hukuku\/\">\u0417\u0430\u043a\u043e\u043d \u043f\u0440\u043e \u0456\u043d\u0442\u0435\u043b\u0435\u043a\u0442\u0443\u0430\u043b\u044c\u043d\u0438\u0445 \u0456 \u043f\u0440\u043e\u043c\u0438\u0441\u043b\u043e\u0432\u0438\u0445 \u043f\u0440\u0430\u0432\u0430<\/a><\/blockquote><iframe sandbox=\"allow-scripts\" security=\"restricted\" src=\"https:\/\/denizcankizil.tr\/uk\/alanlar\/fikri-ve-sinai-haklar-hukuku\/embed\/#?secret=MsItgcr3S7\" width=\"600\" height=\"338\" title=\"&#8220;Fikri ve S\u0131nai Haklar Hukuku&#8221; &#8212; Av. Deniz Can K\u0131z\u0131l\" data-secret=\"MsItgcr3S7\" frameborder=\"0\" marginwidth=\"0\" marginheight=\"0\" scrolling=\"no\" class=\"wp-embedded-content\"><\/iframe><script>\n\/*! This file is auto-generated *\/\n!function(d,l){\"use strict\";l.querySelector&&d.addEventListener&&\"undefined\"!=typeof URL&&(d.wp=d.wp||{},d.wp.receiveEmbedMessage||(d.wp.receiveEmbedMessage=function(e){var t=e.data;if((t||t.secret||t.message||t.value)&&!\/[^a-zA-Z0-9]\/.test(t.secret)){for(var s,r,n,a=l.querySelectorAll('iframe[data-secret=\"'+t.secret+'\"]'),o=l.querySelectorAll('blockquote[data-secret=\"'+t.secret+'\"]'),c=new RegExp(\"^https?:$\",\"i\"),i=0;i<o.length;i++)o[i].style.display=\"none\";for(i=0;i<a.length;i++)s=a[i],e.source===s.contentWindow&&(s.removeAttribute(\"style\"),\"height\"===t.message?(1e3<(r=parseInt(t.value,10))?r=1e3:~~r<200&&(r=200),s.height=r):\"link\"===t.message&&(r=new URL(s.getAttribute(\"src\")),n=new URL(t.value),c.test(n.protocol))&&n.host===r.host&&l.activeElement===s&&(d.top.location.href=t.value))}},d.addEventListener(\"message\",d.wp.receiveEmbedMessage,!1),l.addEventListener(\"DOMContentLoaded\",function(){for(var e,t,s=l.querySelectorAll(\"iframe.wp-embedded-content\"),r=0;r<s.length;r++)(t=(e=s[r]).getAttribute(\"data-secret\"))||(t=Math.random().toString(36).substring(2,12),e.src+=\"#?secret=\"+t,e.setAttribute(\"data-secret\",t)),e.contentWindow.postMessage({message:\"ready\",secret:t},\"*\")},!1)))}(window,document);\n\/\/# sourceURL=https:\/\/denizcankizil.tr\/wp-includes\/js\/wp-embed.min.js\n<\/script>","thumbnail_url":"https:\/\/denizcankizil.tr\/wp-content\/uploads\/2024\/10\/fikri-2.jpg","thumbnail_width":413,"thumbnail_height":330,"description":"Fikri ve\u200b S\u0131nai Haklar Hukuku: Tan\u0131m\u0131,\u2064 Davalar ve Haklar Fikri \u2064ve s\u0131nai haklar\u200d hukuku, modern ekonomik ve sosyal\u2062 yap\u0131n\u0131n temel \u2063ta\u015flar\u0131ndan birini te\u015fkil eden,\u200c bireylerin \u2064ve kurulu\u015flar\u0131n yarat\u0131c\u0131l\u0131\u011f\u0131n\u0131, inovasyonunu ve yat\u0131r\u0131m\u0131n\u0131 koruma amac\u0131n\u0131 g\u00fcden \u200bbir hukuk dal\u0131d\u0131r. Bilgi \u2062toplumuna ge\u00e7i\u015fle\u2063 birlikte, fikri m\u00fclkiyet haklar\u0131, yaln\u0131zca ekonomik de\u011fer ta\u015f\u0131makla kalmay\u0131p, ayn\u0131 zamanda \u2064toplumsal geli\u015fim ve \u2062k\u00fclt\u00fcrel d\u00f6n\u00fc\u015f\u00fcm a\u00e7\u0131s\u0131ndan da hayati bir\u2062 rol \u2062oynamaktad\u0131r.\u200d Bu \u2062ba\u011flamda, fikri ve s\u0131nai haklar hukuku;\u2062 patentler, \u2062telif haklar\u0131,\u2063 markalar ve tasar\u0131mlar \u2064gibi kavramlar\u0131 b\u00fcnyesinde bar\u0131nd\u0131rmakta ve bu haklar\u0131n \u2062ihlali durumunda \u2062ortaya \u200d\u00e7\u0131kan hukuki\u2064 sorunlar\u0131 ele almaktad\u0131r.\u2062 Bu makalede, fikri ve s\u0131nai haklar\u0131n tan\u0131m\u0131,\u200b bu haklara ili\u015fkin \u2064ortaya \u00e7\u0131kan \u2062davalar ve hukuki koruma yollar\u0131 derinlemesine incelenecek; ayr\u0131ca,\u200d ulusal ve uluslararas\u0131 d\u00fczlemdeki geli\u015fmeler \u0131\u015f\u0131\u011f\u0131nda,\u2063 fikri m\u00fclkiyet haklar\u0131n\u0131n korunmas\u0131na y\u00f6nelik\u200b mevzuat\u2064 ve \u2064uygulama \u00f6rnekleri de\u011ferlendirilecektir. B\u00f6ylece,\u200d fikri ve s\u0131nai haklar hukukunun\u2064 dinamik yap\u0131s\u0131, mevcut sorunlar\u0131 ve gelecekteki geli\u015fim potansiyeli konusunda kapsaml\u0131 bir anlay\u0131\u015f sa\u011flanmas\u0131 ama\u00e7lanmaktad\u0131r. Fikri ve\u2062 S\u0131nai \u2064Haklar\u2062 Hukukunun Temel Kavramlar\u0131 ve \u200b\u00d6nemi Fikri ve s\u0131nai haklar hukuku,\u200d yarat\u0131c\u0131l\u0131\u011f\u0131n\u200c ve yenilik\u00e7ili\u011fin korundu\u011fu \u2064bir alan olarak, modern ekonomik sistemlerde b\u00fcy\u00fck \u2062bir \u00f6neme sahiptir. Bu\u200d hukuk dal\u0131,\u200d bireylerin veya kurumlar\u0131n \u2063d\u00fc\u015f\u00fcnsel \u200demekle olu\u015fturdu\u011fu eserlerin, bulu\u015flar\u0131n\u2063 ve\u2063 markalar\u0131n korunmas\u0131na y\u00f6nelik d\u00fczenlemeleri i\u00e7erir. \u200bKorunan varl\u0131klar a\u015fa\u011f\u0131daki gibi \u200ds\u0131ralanabilir: Fikri ve s\u0131nai\u2064 haklar &hellip;"}